{"id":55,"date":"2024-09-10T22:39:00","date_gmt":"2024-09-10T20:39:00","guid":{"rendered":"https:\/\/www.cardenaldonmarcelo.es\/?page_id=55"},"modified":"2024-10-30T19:57:01","modified_gmt":"2024-10-30T18:57:01","slug":"arzobispo-de-toledo-y-primado-de-espana","status":"publish","type":"page","link":"https:\/\/www.cardenaldonmarcelo.es\/index.php\/arzobispo-de-toledo-y-primado-de-espana\/","title":{"rendered":"Arzobispo de Toledo y primado de Espa\u00f1a"},"content":{"rendered":"<div class=\"wp-block-image\">\n<figure class=\"aligncenter size-full\"><img fetchpriority=\"high\" decoding=\"async\" width=\"800\" height=\"521\" src=\"https:\/\/www.cardenaldonmarcelo.es\/wp-content\/uploads\/2024\/09\/023.jpg\" alt=\"\" class=\"wp-image-56\" srcset=\"https:\/\/www.cardenaldonmarcelo.es\/wp-content\/uploads\/2024\/09\/023.jpg 800w, https:\/\/www.cardenaldonmarcelo.es\/wp-content\/uploads\/2024\/09\/023-300x195.jpg 300w, https:\/\/www.cardenaldonmarcelo.es\/wp-content\/uploads\/2024\/09\/023-768x500.jpg 768w\" sizes=\"(max-width: 800px) 100vw, 800px\" \/><\/figure>\n<\/div>\n\n\n<p>El 3 de diciembre de 1971 fue promovido a la <strong>archidi\u00f3cesis <\/strong>de Toledo, en la que sucedi\u00f3 al Cardenal Taranc\u00f3n, que hab\u00eda pasado a ser arzobispo de Madrid .<\/p>\n\n\n\n<p>Estuvo al frente de la Archidi\u00f3cesis durante 23 a\u00f1os. Asisti\u00f3 a la III Asamblea Ordinaria del S\u00ednodo de los Obispos, en la Ciudad del Vaticano, del 27 de septiembre al 26 de octubre de 1974 ya como Primado de Espa\u00f1a.<\/p>\n\n\n\n<h4 class=\"wp-block-heading\">FORMACI\u00d3N DEL CLERO Y DE LOS FIELES<\/h4>\n\n\n\n<p>Don Marcelo se encontr\u00f3 con una archidi\u00f3cesis que no pasaba por buenos momentos: el abandono del campo durante los a\u00f1os 60 hab\u00eda vaciado sus parroquias, y disperso en un territorio de m\u00e1s de 20.000 kil\u00f3metros cuadrados, se encontr\u00f3 con un clero mal atendido y que carec\u00eda de medios de formaci\u00f3n y de subsistencia b\u00e1sica. Durante sus a\u00f1os de pontificado en Toledo realiz\u00f3 visitas pastorales a todas las parroquias, incluso a las m\u00e1s peque\u00f1as y apartadas y el trato con sacerdotes, religiosos, catequistas y miembros de grupos apost\u00f3licos fue constante.<\/p>\n\n\n\n<p>Por otra parte fij\u00f3 uno de sus objetivos en mejorar y acondicionar a las normas del Vaticano II los medios de formaci\u00f3n de la di\u00f3cesis, tanto para el clero como para seglares. Para estos \u00faltimos creo una importante red de escuelas de catequistas y dos escuelas de Teolog\u00eda para seglares, una en Toledo y otra en Talavera de la Reina.<\/p>\n\n\n\n<p>En cuanto a la formaci\u00f3n de los candidatos al sacerdocio, realiz\u00f3 intensas reformas desde su misma llegada a la ciudad: pocos meses despu\u00e9s de tomar posesi\u00f3n como arzobispo de Toledo, public\u00f3 la pastoral \u00ab<em>Un Seminario nuevo y libre<\/em>\u00bb, en la que establec\u00eda las normas por las que habr\u00eda de regirse el Seminario Mayor de San Ildefonso de Toledo y, adem\u00e1s, cre\u00f3 el Seminario de Santa Leocadia, para la formaci\u00f3n sacerdotal de adultos, y un Seminario menor en la localidad de Mora de Toledo.<\/p>\n\n\n\n<p>El Cardenal Gonz\u00e1lez Mart\u00edn regul\u00f3 la ense\u00f1anza acad\u00e9mica y vincul\u00f3 el Seminario como Estudio Teol\u00f3gico a la Facultad de Teolog\u00eda del Norte \u2014con sede de Burgos\u2014, y cre\u00f3 el Instituto de Estudios Visig\u00f3ticos Moz\u00e1rabes de San Eugenio, como fruto del I Congreso Internacional de estudios moz\u00e1rabes.<\/p>\n\n\n\n<p>Siguiendo estrictamente los consejos del Concilio, el Seminario y la Faculta de Teolog\u00eda de Toledo <strong>pronto se convirtieron en referente para toda la Iglesia<\/strong>, admitiendo alumnos de otras di\u00f3cesis, tanto espa\u00f1oles como extranjeros, sobre todo americanos, europeos del Este y africanos, Durante su pontificado, el n\u00famero de alumnos de estas instituciones experiment\u00f3 un continuo aumento, en contraste con la crisis de vocaciones sacerdotales en el resto de las di\u00f3cesis espa\u00f1olas.<\/p>\n\n\n\n<p>Adem\u00e1s, con el fin de promover la formaci\u00f3n permanente de los sacerdotes, cre\u00f3 la Casa San Jos\u00e9, para la organizaci\u00f3n de cursos de Teolog\u00eda, Pastoral y Sociolog\u00eda.<\/p>\n\n\n\n<h4 class=\"wp-block-heading\">ACCI\u00d3N PASTORAL<\/h4>\n\n\n\n<p>Su labor pastoral se bas\u00f3 en una gran cercan\u00eda a sus fieles, a quienes atendi\u00f3 en sus continuos viajes pastorales y para quienes celebraba numerosas sesiones de ejercicios espirituales. Tambi\u00e9n promovi\u00f3 y cre\u00f3 nuevas parroquias, especialmente en Toledo y Talavera de la Reina. En 1984 inaugur\u00f3 la Casa Diocesana de Ejercicios \u00abEl Buen Pastor\u00bb y la Casa Sacerdotal \u00abCardenal Marcelo\u00bb.<\/p>\n\n\n\n<p>Convoc\u00f3 el XXV S\u00ednodo Diocesano, en cuya fase inicial intervinieron m\u00e1s de 12.000 participantes: sacerdotes, religiosos, religiosas y seglares. Las Constituciones Sinodales fueron promulgadas el 23 de noviembre de 1991, y conforman la normativa y las directrices evangelizadoras y pastorales de la Iglesia de Toledo.<\/p>\n\n\n\n<p>Puso especial hincapi\u00e9 en el uso de los medios de comunicaci\u00f3n social como herramientas educativas y para la evangelizaci\u00f3n. Para favorecer el di\u00e1logo con la cultura y con los medios y t\u00e9cnicas que \u00e9sta exige, cre\u00f3 la publicaci\u00f3n semanal \u00ab<strong><em>Padre Nuestro<\/em><\/strong>\u00bb y la emisora diocesana \u00ab<strong><em>Radio Santa Mar\u00eda de<\/em> <em>Toledo<\/em>\u00bb,<\/strong> primera experiencia radiof\u00f3nica de programaci\u00f3n religiosa especializada en Espa\u00f1a.<\/p>\n\n\n\n<p>Su preocupaci\u00f3n por la promoci\u00f3n social de los marginados y de los m\u00e1s desfavorecidos de la sociedad le llev\u00f3 a impulsar la construcci\u00f3n de siete albergues para transe\u00fantes, y el Centro Diocesano de Reinserci\u00f3n Social.<\/p>\n\n\n\n<p>En lo relativo a la participaci\u00f3n de los seglares, cre\u00f3 el Foro Diocesano de Laicos en 1993.<\/p>\n\n\n\n<p>Tambi\u00e9n estableci\u00f3 nuevas normas para la celebraci\u00f3n de la famosa Procesi\u00f3n del Corpus Christi, favoreci\u00f3 la creaci\u00f3n de nuevas cofrad\u00edas y vincul\u00f3 la participaci\u00f3n de las autoridades civiles al respeto religioso.<\/p>\n\n\n\n<h4 class=\"wp-block-heading\">REFORMA DEL RITO HISPANO-MOZ\u00c1RABE<\/h4>\n\n\n\n<p>A su llegada a Toledo, Gonz\u00e1lez Mart\u00edn se encontr\u00f3 con una a\u00fan numerosa comunidad de rito moz\u00e1rabe, pero que pasaba malos momentos por el abandono de los ritos y la dispersi\u00f3n de sus miembros.<\/p>\n\n\n\n<p>El 9 de junio de 1977 procedi\u00f3 a la erecci\u00f3n can\u00f3nica del <strong>Instituto de Estudios Visig\u00f3tico-Moz\u00e1rabes<\/strong>. Reorganiz\u00f3 las parroquias moz\u00e1rabes y, con la excusa de adaptar el Rito hisp\u00e1nico a los planteamientos del Concilio Vaticano II en su Constituci\u00f3n Apost\u00f3lica sobre la Sagrada Liturgia, aborda una nueva revisi\u00f3n del Misal moz\u00e1rabe, que ya no solo pretend\u00eda mantener al d\u00eda la celebraci\u00f3n en Toledo, sino restaurar la pureza primitiva de los textos y del orden de celebraci\u00f3n. La revisi\u00f3n fue promovida por el cardenal de Toledo en su doble calidad de Arzobispo de Toledo-Superior responsable del Rito y de Presidente de la Comisi\u00f3n de Liturgia de la Conferencia Episcopal. Se nombr\u00f3 una Comisi\u00f3n de expertos sacerdotes toledanos y de otras di\u00f3cesis, as\u00ed como de congregaciones religiosas, que en un trabajo de nueve a\u00f1os, consultando archivos y bibliotecas, manuscritos y c\u00f3dices publicados, lograron restituir el Misal Hisp\u00e1nico a su aut\u00e9ntica y genuina pureza, eliminando las adherencias que se hab\u00edan agregado a trav\u00e9s de los siglos e incorporando lo que se hab\u00eda perdido en Leccionarios, fiestas de algunos santos, etc.<\/p>\n\n\n\n<p>En 1992 fue presentado el primer volumen del Nuevo Misal Hispano-Moz\u00e1rabe al papa Juan Pablo II, quien celebr\u00f3 la Santa Misa en este Rito, el 28 de mayo de 1992, solemnidad de la Ascensi\u00f3n del Se\u00f1or, convirti\u00e9ndose en el primer papa que lo utilizaba en Roma.<\/p>\n\n\n\n<p>Por petici\u00f3n de don Marcelo, el papa Juan Pablo II ampli\u00f3 los permisos para el uso de esta liturgia a cualquier lugar de Espa\u00f1a, donde la devoci\u00f3n o el inter\u00e9s hist\u00f3rico-lit\u00fargico lo requirieran.<\/p>\n\n\n\n<p>En este sentido, tambi\u00e9n se favoreci\u00f3 la formaci\u00f3n lit\u00fargica del clero moz\u00e1rabe y se remodel\u00f3 la capilla del Corpus Christi, en la que se celebra diariamente con este rito en la Catedral.<\/p>\n\n\n\n<h4 class=\"wp-block-heading\">EL PATRIMONIO DE LA ARCHIDI\u00d3CESIS.<\/h4>\n\n\n\n<p>Otro de sus intereses fue la conservaci\u00f3n del patrimonio hist\u00f3rico-art\u00edstico de la Archidi\u00f3cesis, por lo que tom\u00f3 iniciativas para la restauraci\u00f3n y rehabilitaci\u00f3n de iglesias, conventos y recuperaci\u00f3n de obras de arte, en especial la Catedral primada (que fue restaurada y limpiada completamente) y el Museo Diocesano de Toledo , as\u00ed como la cesi\u00f3n del convento de Santa Ursula en Toledo a la Orden Militar y Hospitalaria de San L\u00e1zaro de Jerusal\u00e9n para realizar sus investiduras de nuevos Caballeros.<\/p>\n\n\n\n<p>Tambi\u00e9n estableci\u00f3 unas normas de decoro para la visita a los templos, que se hab\u00edan perdido por la presi\u00f3n tur\u00edstica que sufre la Ciudad Imperial.<\/p>\n\n\n\n<p>En el \u00faltimo a\u00f1o de su pontificado, 1995, se reconfigur\u00f3 la Provincia Eclesi\u00e1stica de Toledo, con la segregaci\u00f3n de las di\u00f3cesis de Coria-C\u00e1ceres y de Plasencia a la nueva Archidi\u00f3cesis de M\u00e9rida-Badajoz, creada por Juan Pablo II en 1994, y la incorporaci\u00f3n de la di\u00f3cesis de Albacete, y manteniendo las di\u00f3cesis sufrag\u00e1neas de Cuenca, Ciudad Real y Sig\u00fcenza-Guadalajara.<\/p>\n\n\n\n<h4 class=\"wp-block-heading\">LOS PROCESOS DE LOS M\u00c1RTIRES<\/h4>\n\n\n\n<p>Durante su pontificado se reabrieron las causas de beatificaci\u00f3n y canonizaci\u00f3n de los \u201cm\u00e1rtires\u201d de la persecuci\u00f3n religiosa sufrida en Espa\u00f1a y en Toledo en los a\u00f1os 30. Cuando tuvo lugar la apertura del proceso en la catedral de Toledo afirm\u00f3:<\/p>\n\n\n\n<blockquote class=\"wp-block-quote is-layout-flow wp-block-quote-is-layout-flow\">\n<p><em>\u00abCon estas causas de beatificaci\u00f3n no introducimos ning\u00fan factor de discordia en la vida espa\u00f1ola. Obramos con absoluta fidelidad a algo que est\u00e1 por encima de los hombres, en primer lugar, <strong>porque debemos conservar y vivir la memoria de nuestros m\u00e1rtires<\/strong> y con eso no hay implicaci\u00f3n ninguna de amparo y protecci\u00f3n de ideolog\u00edas enfrentadas unas con otras. (\u2026) <strong>Conservar y vivir la memoria de los m\u00e1rtires es un deber de cristiano<\/strong>. Queremos encontrar m\u00e1s motivos para amar a la Iglesia, porque cuando se logran estas beatificaciones el coraz\u00f3n se ensancha al contemplar a esta Iglesia, madre fecunda, que en cualquier momento de la historia engendra estos hijos. (\u2026) Deseo sinceramente que en Espa\u00f1a se reconozca la grandeza de los ideales donde esta grandeza se d\u00e9. (\u2026) Si hay grandeza en otros ideales, que se reconozca tambi\u00e9n y de hecho ya se encargan otros de hacerlo, exista realmente o no esa grandeza\u00bb.<\/em><\/p>\n<\/blockquote>\n\n\n\n<h4 class=\"wp-block-heading\">TRABAJO EN LA CONFERENCIA EPISCOPAL ESPA\u00d1OLA<\/h4>\n\n\n\n<p>Ocup\u00f3 importantes puestos en la Conferencia Episcopal Espa\u00f1ola, aunque nunca opt\u00f3 por presidirla: fue miembro del Comit\u00e9 Ejecutivo y de la Comisi\u00f3n Permanente y presidi\u00f3 las Comisiones de Caridad y Apostolado Social, de Medios de Comunicaci\u00f3n, del Clero y de Liturgia.<\/p>\n\n\n\n<h4 class=\"wp-block-heading\"><strong>CARDENALATO<\/strong><\/h4>\n\n\n\n<p>Fue creado Cardenal Presb\u00edtero del t\u00edtulo de San Agust\u00edn por Pablo VI y su nombramiento fue hecho p\u00fablico en el Consistorio de 5 de marzo de 1973. Como tal particip\u00f3 en el c\u00f3nclave del 25 al 26 de agosto de 1978, en el que sali\u00f3 elegido el Patriarca de Venecia, Albino Luciani \u2014Juan Pablo I\u2014, de quien era \u00edntimo amigo. Pasado poco m\u00e1s de un mes, y tras el inesperado fallecimiento del nuevo Papa, particip\u00f3 en el nuevo c\u00f3nclave \u2014del 14 al 16 de octubre de 1978\u2014, del que saldr\u00eda elegido el Arzobispo de Cracovia, Karol Wojtyla, quien tom\u00f3 el nombre de su predecesor inmediato.<\/p>\n\n\n\n<p>Mantuvo buenas y cordiales relaciones con S.S. Juan Pablo II, quien, en no pocas veces, puso la labor pastoral de Gonz\u00e1lez Mart\u00edn como ejemplo de aplicaci\u00f3n de las directrices de Concilio. Fue enviado especial del Papa en numerosas ocasiones, la \u00faltima de ellas, ya anciano, a la celebraci\u00f3n del V Centenario del Tratado de Tordesillas, en Valladolid, el 7 de junio de 1994.<\/p>\n\n\n\n<h4 class=\"wp-block-heading\">RENUNCIA AL ARZOBISPADO<\/h4>\n\n\n\n<p>En 1993 present\u00f3 su renuncia al Papa como arzobispo de Toledo y primado de Espa\u00f1a, al cumplir 75 a\u00f1os, renuncia que le fue aceptada dos a\u00f1os m\u00e1s tarde, el 23 de junio de 1995. Dos d\u00edas despu\u00e9s presidi\u00f3 su \u00faltima ordenaci\u00f3n de sacerdotes y di\u00e1conos en \u201csu amada\u201d Catedral de Toledo. Durante su pontificado orden\u00f3 a 411 sacerdotes.<\/p>\n\n\n\n<p>Como cardenal, perdi\u00f3 el derecho a participar en un c\u00f3nclave cuando cumpli\u00f3 80 a\u00f1os de edad, el 16 de enero de 1998.<\/p>\n\n\n\nngg_shortcode_0_placeholder\n","protected":false},"excerpt":{"rendered":"<p>El 3 de diciembre de 1971 fue promovido a la archidi\u00f3cesis de Toledo, en la que sucedi\u00f3 al Cardenal Taranc\u00f3n, que hab\u00eda pasado a ser arzobispo de Madrid . Estuvo al frente de la Archidi\u00f3cesis durante 23 a\u00f1os. Asisti\u00f3 a la III Asamblea Ordinaria del S\u00ednodo de los Obispos, en la Ciudad del Vaticano, del [&hellip;]<\/p>\n","protected":false},"author":1,"featured_media":0,"parent":0,"menu_order":0,"comment_status":"closed","ping_status":"closed","template":"single-product","meta":{"saved_in_kubio":false,"_eb_attr":"","ngg_post_thumbnail":0,"footnotes":""},"class_list":["post-55","page","type-page","status-publish","hentry"],"kubio_ai_page_context":{"short_desc":"","purpose":"general"},"rttpg_featured_image_url":null,"rttpg_author":{"display_name":"P. Webmaster","author_link":"https:\/\/www.cardenaldonmarcelo.es\/index.php\/author\/currante\/"},"rttpg_comment":0,"rttpg_category":null,"rttpg_excerpt":"El 3 de diciembre de 1971 fue promovido a la archidi\u00f3cesis de Toledo, en la que sucedi\u00f3 al Cardenal Taranc\u00f3n, que hab\u00eda pasado a ser arzobispo de Madrid . Estuvo al frente de la Archidi\u00f3cesis durante 23 a\u00f1os. Asisti\u00f3 a la III Asamblea Ordinaria del S\u00ednodo de los Obispos, en la Ciudad del Vaticano, del&hellip;","_links":{"self":[{"href":"https:\/\/www.cardenaldonmarcelo.es\/index.php\/wp-json\/wp\/v2\/pages\/55","targetHints":{"allow":["GET"]}}],"collection":[{"href":"https:\/\/www.cardenaldonmarcelo.es\/index.php\/wp-json\/wp\/v2\/pages"}],"about":[{"href":"https:\/\/www.cardenaldonmarcelo.es\/index.php\/wp-json\/wp\/v2\/types\/page"}],"author":[{"embeddable":true,"href":"https:\/\/www.cardenaldonmarcelo.es\/index.php\/wp-json\/wp\/v2\/users\/1"}],"replies":[{"embeddable":true,"href":"https:\/\/www.cardenaldonmarcelo.es\/index.php\/wp-json\/wp\/v2\/comments?post=55"}],"version-history":[{"count":4,"href":"https:\/\/www.cardenaldonmarcelo.es\/index.php\/wp-json\/wp\/v2\/pages\/55\/revisions"}],"predecessor-version":[{"id":3207,"href":"https:\/\/www.cardenaldonmarcelo.es\/index.php\/wp-json\/wp\/v2\/pages\/55\/revisions\/3207"}],"wp:attachment":[{"href":"https:\/\/www.cardenaldonmarcelo.es\/index.php\/wp-json\/wp\/v2\/media?parent=55"}],"curies":[{"name":"wp","href":"https:\/\/api.w.org\/{rel}","templated":true}]}}