{"id":52,"date":"2024-09-10T22:32:25","date_gmt":"2024-09-10T20:32:25","guid":{"rendered":"https:\/\/www.cardenaldonmarcelo.es\/?page_id=52"},"modified":"2024-10-30T19:55:18","modified_gmt":"2024-10-30T18:55:18","slug":"arzobispo-de-barcelona","status":"publish","type":"page","link":"https:\/\/www.cardenaldonmarcelo.es\/index.php\/arzobispo-de-barcelona\/","title":{"rendered":"Arzobispo de Barcelona"},"content":{"rendered":"<div class=\"wp-block-image\">\n<figure class=\"aligncenter size-full\"><img fetchpriority=\"high\" decoding=\"async\" width=\"563\" height=\"357\" src=\"https:\/\/www.cardenaldonmarcelo.es\/wp-content\/uploads\/2024\/09\/foto.RL_.jpg\" alt=\"\" class=\"wp-image-53\" srcset=\"https:\/\/www.cardenaldonmarcelo.es\/wp-content\/uploads\/2024\/09\/foto.RL_.jpg 563w, https:\/\/www.cardenaldonmarcelo.es\/wp-content\/uploads\/2024\/09\/foto.RL_-300x190.jpg 300w\" sizes=\"(max-width: 563px) 100vw, 563px\" \/><\/figure>\n<\/div>\n\n\n<p>El 21 de febrero de 1966 Pablo VI lo nombra arzobispo titular de Case Mediane y <strong>coadjutor del arzobispo de Barcelona<\/strong>, Gregorio Modrego y Casaus, <strong>con derecho a sucesi\u00f3n<\/strong>, y que se produjo el 7 de enero de 1967. Su nombramiento definitivo no gust\u00f3 a ciertos sectores catalanistas cat\u00f3licos, los cuales, ampar\u00e1ndose en las resoluciones del entonces reci\u00e9n concluido concilio Vaticano II, organizaron la campa\u00f1a contra el Arzobispo. El 29 de octubre de 1967 asisti\u00f3 a la I Asamblea Ordinaria de S\u00ednodo de los Obispos, en la Ciudad del Vaticano, instituci\u00f3n nacida en el Concilio.<\/p>\n\n\n\n<p>En los cinco a\u00f1os de su estancia en Barcelona su actividad se orient\u00f3 especialmente a la reorganizaci\u00f3n de la di\u00f3cesis y a la intensificaci\u00f3n de acci\u00f3n pastoral y de servicio, seg\u00fan los par\u00e1metros del Concilio Vaticano II, por lo que los recelos iniciales contra su persona, pronto cesaron. Promovi\u00f3 el uso del catal\u00e1n en la liturgia, para lo que cont\u00f3 con la inestimable ayuda de los monjes de Montserrat, y nombr\u00f3 siete vicarios episcopales y un pro-vicario para la mejor atenci\u00f3n de los fieles. Reform\u00f3 el Seminario mayor y el menor, y promovi\u00f3 la creaci\u00f3n de la Facultad de Teolog\u00eda de Barcelona. Erigi\u00f3 nuevas parroquias, especialmente en \u00e1reas obreras, cre\u00f3 la Comisi\u00f3n de Pastoral Diocesana, la Comisi\u00f3n Diocesana de Medios de Comunicaci\u00f3n Social y el Consejo Presbiteral. Desde el punto de vista eclesial, desarroll\u00f3 un importante trabajo de reordenaci\u00f3n diocesana, con la colaboraci\u00f3n de expertos, que promovi\u00f3 la divisi\u00f3n de la Archidi\u00f3cesis de Barcelona en cuatro territorios diocesanos nuevos.<\/p>\n\n\n\n<p>Su intensa actividad magisterial en Barcelona consta de m\u00e1s de 100 documentos pastorales sobre diversas cuestiones y unos 800 sermones, tanto en la Catedral como en diversas parroquias, que fueron publicados posteriormente en cuatro vol\u00famenes (<em>Fuertes en<\/em> <em>la Fe<\/em>, Editorial Balmes, Barcelona, 1968-1971).<\/p>\n\n\n\n<div class=\"wp-block-columns is-layout-flex wp-container-core-columns-is-layout-9d6595d7 wp-block-columns-is-layout-flex\">\n<div class=\"wp-block-column is-layout-flow wp-block-column-is-layout-flow\">\n<figure class=\"wp-block-embed aligncenter is-type-video is-provider-youtube wp-block-embed-youtube wp-embed-aspect-4-3 wp-has-aspect-ratio\"><div class=\"wp-block-embed__wrapper\">\n<iframe title=\"Don Marcelo NODO\" width=\"500\" height=\"375\" src=\"https:\/\/www.youtube.com\/embed\/ynXPznSeoWQ?feature=oembed\" frameborder=\"0\" allow=\"accelerometer; autoplay; clipboard-write; encrypted-media; gyroscope; picture-in-picture; web-share\" referrerpolicy=\"strict-origin-when-cross-origin\" allowfullscreen><\/iframe>\n<\/div><\/figure>\n<\/div>\n<\/div>\n\n\n<div id=\"sonaar_music_36\"><div class=\"sonaar_audioplayer_block_cover\"><article id=\"arbitrary-instance-69f33616ae680\" class=\"iron_widget_radio playlist_enabled\"><div class=\"iron-audioplayer  show-playlist playlist_has_no_ctas\" id=\"arbitrary-instance-69f33616ae680-526e29ace9\" data-id=\"arbitrary-instance-69f33616ae680\" data-track-sw-cursor=\"\" data-lazyload=\"\" data-albums=\"2747\" data-category=\"\" data-url-playlist=\"https:\/\/www.cardenaldonmarcelo.es\/?load=playlist.json&#038;title=&#038;albums=2747&#038;category=&#038;posts_not_in=&#038;category_not_in=&#038;author=&#038;feed_title=&#038;feed=&#038;feed_img=&#038;el_widget_id=&#038;artwork=&#038;posts_per_pages=-1&#038;all_category=&#038;single_playlist=&#038;reverse_tracklist=&#038;audio_meta_field=&#038;repeater_meta_field=&#038;import_file=&#038;rss_items=-1&#038;rss_item_title=&#038;is_favorite=&#038;is_recentlyplayed=&#038;srp_order=date_DESC\" data-sticky-player=\"\" data-shuffle=\"false\" data-playlist_title=\"\" data-scrollbar=\"\" data-wave-color=\"\" data-wave-progress-color=\"\" data-spectro=\"\" data-no-wave=\"\" data-hide-progressbar=\"\" data-progress-bar-style=\"\"data-feedurl=\"0\" data-notrackskip=\"\" data-no-loop-tracklist=\"\" data-playertemplate =\"skin_boxed_tracklist\" data-hide-artwork =\"\" data-speedrate=\"1\"  data-tracks-per-page=\"\" data-pagination_scroll_offset=\"\" data-adaptive-colors=\"\" data-adaptive-colors-freeze=\"\" style=\"opacity:0;\"><div class=\"srp_player_boxed srp_player_grid\"><div class=\"sonaar-Artwort-box \">\n                <div class=\"control\">\n                    \n                <\/div>\n                <div class=\"album\">\n                    <div class=\"album-art\">\n                        <img alt=\"album-art\">\n                    <\/div>\n                <\/div>\n                <\/div><div class=\"album-player sr_waveform_simplebar\"><div class=\"srp_miniplayer_metas\"><div class=\" srp_meta srp_meta_0 album-title\" data-prefix=\"\" aria-label=\"Title\"><\/div><\/div><div class=\"srp_subtitle\"><\/div><div class=\"srp_player_meta\"><\/div><div class=\"srp_control_box\">\n            <div role=\"button\" tabindex=\"0\" class=\"srp-play-button play\" href=\"#\" aria-label=\"Play\">\n                <i class=\"sricon-play\"><\/i>\n                <div class=\"srp-play-circle\"><\/div>\n            <\/div><div class=\"srp_wave_box\"> <div class=\"player \" ><div class=\"sr_progressbar\">\n                \n            <div class=\"currentTime\">00:00<\/div>\n         \n                <div id=\"arbitrary-instance-69f33616ae680-24be8911f4-wave\" class=\"wave\" >\n                 \n        <div class=\"sonaar_fake_wave\" > \n            <audio src=\"\" class=\"sonaar_media_element\"><\/audio> \n            <div class=\"sonaar_wave_base\"> \n                <canvas id=\"sonaar_wave_base_canvas\" class=\"\" height=\"70\" width=\"2540\"><\/canvas> \n                <svg><\/svg> \n            <\/div> \n            <div class=\"sonaar_wave_cut\"> \n                <canvas id=\"sonaar_wave_cut_canvas\" class=\"\" height=\"70\" width=\"2540\"><\/canvas> \n                <svg><\/svg> \n            <\/div> \n        <\/div> \n                <\/div>\n                \n            <div class=\"totalTime\"><\/div>\n         \n             <\/div><\/div><div class=\"control\"><div role=\"button\" tabindex=\"0\" class=\"previous sricon-back\" style=\"opacity:0;\" aria-label=\"Previous Track\" title=\"Previous\"><\/div><div role=\"button\" tabindex=\"0\" class=\"play\" style=\"opacity:0;\" aria-label=\"Play\" title=\"Play\/Pause\">\n                <i class=\"sricon-play\"><\/i>\n            <\/div><div role=\"button\" tabindex=\"0\" class=\"next sricon-forward\" style=\"opacity:0;\" aria-label=\"Next Track\" title=\"Next\"><\/div><\/div><\/div><\/div><\/div><\/div><div class=\"playlist sr_waveform_simplebar\"  id=\"playlist_arbitrary-instance-69f33616ae680\"><div class=\"srp_tracklist\"><ul class=\"srp_list\"><li \n            class=\"sr-playlist-item\" \n            data-audiopath=\"https:\/\/www.cardenaldonmarcelo.es\/wp-content\/uploads\/audios_don_marcelo\/audios_d_Marcelo\/Charlas_y_conferencias_y_entrevistas\/En_Barcelona\/078_entrada_barcelona_66.mp3\"\n            data-showloading=\"1\"\n            data-albumTitle=\"En Barcelona\"\n            data-albumArt=\"https:\/\/www.cardenaldonmarcelo.es\/wp-content\/uploads\/2024\/10\/Catedra.barnal.jpg\"\n            data-releasedate=\"\"\n            data-date=\"2024\/10\/23\"\n            data-date-formated=\"23 de octubre de 2024\"\n            data-show-date=\"\"\n            data-trackTitle=\"1966. Saludo al entrar en Barcelona\"\n            data-artist=\"\"\n            data-trackID=\"2746\"\n            data-trackTime=\"22:51\"\n            data-relatedTrack=\"\"\n            data-post-url=\"\"\n            data-post-id=\"2747\"\n            data-track-pos=\"0\"\n            data-peakFile=\"https:\/\/www.cardenaldonmarcelo.es\/wp-content\/uploads\/audio_peaks\/2746.peak\"\n            data-peakFile-allow=\"1\"\n            data-is-preview=\"\"\n            data-track-lyric=\"\" data-icecast_json=\"\" data-icecast_mount=\"\"><div class=\"sr-playlist-item-flex\"><span class=\"store-list\"><\/span><\/div><div class=\"srp_track_description\"><\/div><\/li><li \n            class=\"sr-playlist-item\" \n            data-audiopath=\"https:\/\/www.cardenaldonmarcelo.es\/wp-content\/uploads\/audios_don_marcelo\/audios_d_Marcelo\/Charlas_y_conferencias_y_entrevistas\/En_Barcelona\/076_arte_seda_68_Barna_posconcilio.mp3\"\n            data-showloading=\"1\"\n            data-albumTitle=\"En Barcelona\"\n            data-albumArt=\"https:\/\/www.cardenaldonmarcelo.es\/wp-content\/uploads\/2024\/10\/Catedra.barnal.jpg\"\n            data-releasedate=\"\"\n            data-date=\"2024\/10\/23\"\n            data-date-formated=\"23 de octubre de 2024\"\n            data-show-date=\"\"\n            data-trackTitle=\"Conferencia en Barcelona en la Casa de la seda sobre el posconcilio\"\n            data-artist=\"\"\n            data-trackID=\"2745\"\n            data-trackTime=\"16:01\"\n            data-relatedTrack=\"\"\n            data-post-url=\"\"\n            data-post-id=\"2747\"\n            data-track-pos=\"1\"\n            data-peakFile=\"https:\/\/www.cardenaldonmarcelo.es\/wp-content\/uploads\/audio_peaks\/2745.peak\"\n            data-peakFile-allow=\"1\"\n            data-is-preview=\"\"\n            data-track-lyric=\"\" data-icecast_json=\"\" data-icecast_mount=\"\"><div class=\"sr-playlist-item-flex\"><span class=\"store-list\"><\/span><\/div><div class=\"srp_track_description\"><\/div><\/li><li \n            class=\"sr-playlist-item\" \n            data-audiopath=\"https:\/\/www.cardenaldonmarcelo.es\/wp-content\/uploads\/audios_don_marcelo\/audios_d_Marcelo\/Charlas_y_conferencias_y_entrevistas\/En_Barcelona\/071_acto_despedida_clero_barcelones_72.mp3\"\n            data-showloading=\"1\"\n            data-albumTitle=\"En Barcelona\"\n            data-albumArt=\"https:\/\/www.cardenaldonmarcelo.es\/wp-content\/uploads\/2024\/10\/Catedra.barnal.jpg\"\n            data-releasedate=\"\"\n            data-date=\"2024\/10\/23\"\n            data-date-formated=\"23 de octubre de 2024\"\n            data-show-date=\"\"\n            data-trackTitle=\"1972 Despedida del clero barcelon\u00e9s\"\n            data-artist=\"\"\n            data-trackID=\"2744\"\n            data-trackTime=\"29:27\"\n            data-relatedTrack=\"\"\n            data-post-url=\"\"\n            data-post-id=\"2747\"\n            data-track-pos=\"2\"\n            data-peakFile=\"https:\/\/www.cardenaldonmarcelo.es\/wp-content\/uploads\/audio_peaks\/2744.peak\"\n            data-peakFile-allow=\"1\"\n            data-is-preview=\"\"\n            data-track-lyric=\"\" data-icecast_json=\"\" data-icecast_mount=\"\"><div class=\"sr-playlist-item-flex\"><span class=\"store-list\"><\/span><\/div><div class=\"srp_track_description\"><\/div><\/li><\/ul><\/div><\/div><div class=\"album-store\"><\/div><\/div><script id=\"srp_js_params_69f33616ae680\">\n        var srp_player_params_69f33616ae680 = {\"title\":\"\",\"store_title_text\":\"\",\"albums\":\"2747\",\"hide_artwork\":\"\",\"sticky_player\":\"\",\"show_album_market\":\"1\",\"show_track_market\":\"1\",\"hide_timeline\":\"\",\"titletag_soundwave\":\"div\",\"titletag_playlist\":\"h3\",\"show_playlist\":\"1\",\"wave_color\":\"\",\"wave_progress_color\":\"\",\"shuffle\":\"\",\"reverse_tracklist\":\"\",\"searchbar\":\"false\",\"track_desc_lenght\":\"55\",\"strip_html_track_desc\":\"true\",\"player_layout\":\"skin_boxed_tracklist\",\"hide_progressbar\":\"false\",\"use_play_label\":\"false\",\"use_play_label_with_icon\":\"false\",\"orderby\":\"date\",\"order\":\"DESC\",\"main_settings\":\"||\"} \n        var srp_player_params_args_69f33616ae680 = {\"before_widget\":\"<article id=\\\"arbitrary-instance-69f33616ae680\\\" class=\\\"iron_widget_radio playlist_enabled\\\">\",\"after_widget\":\"<\\\/article>\",\"before_title\":\"<span class='heading-t3'><\\\/span><h3 class=\\\"widgettitle\\\">\",\"after_title\":\"<\\\/h3>\",\"widget_id\":\"arbitrary-instance-69f33616ae680\"}  \n        <\/script><script>if(typeof setIronAudioplayers !== \"undefined\"){ setIronAudioplayers(\"arbitrary-instance-69f33616ae680\"); }<\/script><\/article><\/div><\/div>\n\n\nngg_shortcode_0_placeholder\n","protected":false},"excerpt":{"rendered":"<p>El 21 de febrero de 1966 Pablo VI lo nombra arzobispo titular de Case Mediane y coadjutor del arzobispo de Barcelona, Gregorio Modrego y Casaus, con derecho a sucesi\u00f3n, y que se produjo el 7 de enero de 1967. Su nombramiento definitivo no gust\u00f3 a ciertos sectores catalanistas cat\u00f3licos, los cuales, ampar\u00e1ndose en las resoluciones [&hellip;]<\/p>\n","protected":false},"author":1,"featured_media":0,"parent":0,"menu_order":0,"comment_status":"closed","ping_status":"closed","template":"single-product","meta":{"saved_in_kubio":false,"_eb_attr":"","ngg_post_thumbnail":0,"footnotes":""},"class_list":["post-52","page","type-page","status-publish","hentry"],"kubio_ai_page_context":{"short_desc":"","purpose":"general"},"rttpg_featured_image_url":null,"rttpg_author":{"display_name":"P. Webmaster","author_link":"https:\/\/www.cardenaldonmarcelo.es\/index.php\/author\/currante\/"},"rttpg_comment":0,"rttpg_category":null,"rttpg_excerpt":"El 21 de febrero de 1966 Pablo VI lo nombra arzobispo titular de Case Mediane y coadjutor del arzobispo de Barcelona, Gregorio Modrego y Casaus, con derecho a sucesi\u00f3n, y que se produjo el 7 de enero de 1967. Su nombramiento definitivo no gust\u00f3 a ciertos sectores catalanistas cat\u00f3licos, los cuales, ampar\u00e1ndose en las resoluciones&hellip;","_links":{"self":[{"href":"https:\/\/www.cardenaldonmarcelo.es\/index.php\/wp-json\/wp\/v2\/pages\/52","targetHints":{"allow":["GET"]}}],"collection":[{"href":"https:\/\/www.cardenaldonmarcelo.es\/index.php\/wp-json\/wp\/v2\/pages"}],"about":[{"href":"https:\/\/www.cardenaldonmarcelo.es\/index.php\/wp-json\/wp\/v2\/types\/page"}],"author":[{"embeddable":true,"href":"https:\/\/www.cardenaldonmarcelo.es\/index.php\/wp-json\/wp\/v2\/users\/1"}],"replies":[{"embeddable":true,"href":"https:\/\/www.cardenaldonmarcelo.es\/index.php\/wp-json\/wp\/v2\/comments?post=52"}],"version-history":[{"count":9,"href":"https:\/\/www.cardenaldonmarcelo.es\/index.php\/wp-json\/wp\/v2\/pages\/52\/revisions"}],"predecessor-version":[{"id":3205,"href":"https:\/\/www.cardenaldonmarcelo.es\/index.php\/wp-json\/wp\/v2\/pages\/52\/revisions\/3205"}],"wp:attachment":[{"href":"https:\/\/www.cardenaldonmarcelo.es\/index.php\/wp-json\/wp\/v2\/media?parent=52"}],"curies":[{"name":"wp","href":"https:\/\/api.w.org\/{rel}","templated":true}]}}