{"id":45,"date":"2024-09-10T22:20:54","date_gmt":"2024-09-10T20:20:54","guid":{"rendered":"https:\/\/www.cardenaldonmarcelo.es\/?page_id=45"},"modified":"2024-10-25T19:37:37","modified_gmt":"2024-10-25T17:37:37","slug":"valladolid","status":"publish","type":"page","link":"https:\/\/www.cardenaldonmarcelo.es\/index.php\/valladolid\/","title":{"rendered":"Valladolid"},"content":{"rendered":"\n<h3 class=\"wp-block-heading\"><strong>PRIMEROS A\u00d1OS<\/strong><\/h3>\n\n\n<div class=\"wp-block-image\">\n<figure class=\"aligncenter size-full\"><img decoding=\"async\" src=\"https:\/\/www.cardenaldonmarcelo.es\/wp-content\/uploads\/2024\/09\/001.jpg\" alt=\"\" class=\"wp-image-336\"\/><\/figure>\n<\/div>\n\n\n<p>Marcelo Gonz\u00e1lez Mart\u00edn naci\u00f3 en Villanubla (Valladolid) el 16 de enero de 1918. Era hijo de un peque\u00f1o comerciante de Valladolid. Curs\u00f3 sus estudios de filosof\u00eda y teolog\u00eda en el Seminario de Valladolid, y complet\u00f3 su formaci\u00f3n en la Universidad Pontificia de Comillas, en la que obtuvo el grado de Doctor en Teolog\u00eda. Fue ordenado sacerdote en Valladolid, el 29 de junio de 1941. Su primer destino como sacerdote fue la docencia en el Seminario Diocesano de Valladolid y en las Facultades de Derecho y Medicina de la Universidad de Valladolid, en las que tambi\u00e9n ejerc\u00eda como capell\u00e1n.<\/p>\n\n\n\n<p>Hombre de gran energ\u00eda y fuerte temperamento, en este periodo tambi\u00e9n asume los trabajos de asesor diocesano de Acci\u00f3n Cat\u00f3lica, de C\u00e1ritas Diocesana y de la obra ben\u00e9fica y de los trabajos de construcci\u00f3n del Patronato de San Pedro Regalado. Con esta instituci\u00f3n fue promotor de muchas iniciativas pastorales y sociales, entre las que destaca la construcci\u00f3n de viviendas populares, de escuelas primarias y, m\u00e1s tarde, dos institutos de Formaci\u00f3n Profesional y un colegio diocesano para m\u00e1s de mil estudiantes. Al mismo tiempo viaj\u00f3 por toda Espa\u00f1a para dirigir ejercicios espirituales y realizar un ciclo de conferencias sobre asuntos de fe y espiritualidad.<\/p>\n","protected":false},"excerpt":{"rendered":"<p>PRIMEROS A\u00d1OS Marcelo Gonz\u00e1lez Mart\u00edn naci\u00f3 en Villanubla (Valladolid) el 16 de enero de 1918. Era hijo de un peque\u00f1o comerciante de Valladolid. Curs\u00f3 sus estudios de filosof\u00eda y teolog\u00eda en el Seminario de Valladolid, y complet\u00f3 su formaci\u00f3n en la Universidad Pontificia de Comillas, en la que obtuvo el grado de Doctor en Teolog\u00eda. [&hellip;]<\/p>\n","protected":false},"author":1,"featured_media":0,"parent":0,"menu_order":0,"comment_status":"closed","ping_status":"closed","template":"single-product","meta":{"saved_in_kubio":false,"_eb_attr":"","ngg_post_thumbnail":0,"footnotes":""},"class_list":["post-45","page","type-page","status-publish","hentry"],"kubio_ai_page_context":{"short_desc":"","purpose":"general"},"rttpg_featured_image_url":null,"rttpg_author":{"display_name":"P. Webmaster","author_link":"https:\/\/www.cardenaldonmarcelo.es\/index.php\/author\/currante\/"},"rttpg_comment":0,"rttpg_category":null,"rttpg_excerpt":"PRIMEROS A\u00d1OS Marcelo Gonz\u00e1lez Mart\u00edn naci\u00f3 en Villanubla (Valladolid) el 16 de enero de 1918. Era hijo de un peque\u00f1o comerciante de Valladolid. Curs\u00f3 sus estudios de filosof\u00eda y teolog\u00eda en el Seminario de Valladolid, y complet\u00f3 su formaci\u00f3n en la Universidad Pontificia de Comillas, en la que obtuvo el grado de Doctor en Teolog\u00eda.&hellip;","_links":{"self":[{"href":"https:\/\/www.cardenaldonmarcelo.es\/index.php\/wp-json\/wp\/v2\/pages\/45","targetHints":{"allow":["GET"]}}],"collection":[{"href":"https:\/\/www.cardenaldonmarcelo.es\/index.php\/wp-json\/wp\/v2\/pages"}],"about":[{"href":"https:\/\/www.cardenaldonmarcelo.es\/index.php\/wp-json\/wp\/v2\/types\/page"}],"author":[{"embeddable":true,"href":"https:\/\/www.cardenaldonmarcelo.es\/index.php\/wp-json\/wp\/v2\/users\/1"}],"replies":[{"embeddable":true,"href":"https:\/\/www.cardenaldonmarcelo.es\/index.php\/wp-json\/wp\/v2\/comments?post=45"}],"version-history":[{"count":2,"href":"https:\/\/www.cardenaldonmarcelo.es\/index.php\/wp-json\/wp\/v2\/pages\/45\/revisions"}],"predecessor-version":[{"id":337,"href":"https:\/\/www.cardenaldonmarcelo.es\/index.php\/wp-json\/wp\/v2\/pages\/45\/revisions\/337"}],"wp:attachment":[{"href":"https:\/\/www.cardenaldonmarcelo.es\/index.php\/wp-json\/wp\/v2\/media?parent=45"}],"curies":[{"name":"wp","href":"https:\/\/api.w.org\/{rel}","templated":true}]}}