{"id":853,"date":"2024-09-23T22:46:34","date_gmt":"2024-09-23T20:46:34","guid":{"rendered":"https:\/\/www.cardenaldonmarcelo.es\/?post_type=docs&#038;p=853"},"modified":"2024-09-23T22:46:34","modified_gmt":"2024-09-23T20:46:34","password":"","slug":"la-visita-del-papa-a-espana-y-su-aplicacion-a-la-diocesis-de-toledo","status":"publish","type":"docs","link":"https:\/\/www.cardenaldonmarcelo.es\/index.php\/docs\/la-visita-del-papa-a-espana-y-su-aplicacion-a-la-diocesis-de-toledo\/","title":{"rendered":"La visita del Papa a Espa\u00f1a y su aplicaci\u00f3n a la di\u00f3cesis de Toledo"},"content":{"rendered":"\n<p class=\"has-text-align-center has-small-font-size\">Instrucci\u00f3n pastoral, del 12 de septiembre de 1983, dirigida a toda la di\u00f3cesis de Toledo. Texto publicado en el <em>Bolet\u00edn Oficial del Arzobispado de Toledo,<\/em> octubre 1983, 494-500. No se reproducen aqu\u00ed los cuestionarios que se adjuntaban al documento.<\/p>\n\n\n\n<p>Pronto har\u00e1 un a\u00f1o de la visita del Papa Juan Pablo II a nuestra patria espa\u00f1ola. Durante el tiempo transcurrido desde que vino a estar con nosotros para confirmarnos en la fe y ayudarnos a vivirla del mejor modo posible, hemos recordado mil veces esa visita, y todos nos hemos beneficiado de su predicaci\u00f3n y del testimonio de abnegaci\u00f3n y de amor que nos dio.<\/p>\n\n\n\n<p>Fue mi intenci\u00f3n ofreceros enseguida un plan de estudio y reflexi\u00f3n de la doctrina y orientaciones pastorales que el Papa nos dej\u00f3, pero pens\u00e9 despu\u00e9s que era preferible esperar a que la Conferencia Episcopal promulgase el fruto de sus deliberaciones, tras los estudios que hab\u00edan de hacer \u2013y han ido haciendo\u2013 las comisiones episcopales y las provincias eclesi\u00e1sticas, todo lo cual exig\u00eda tiempo.<\/p>\n\n\n\n<p>Como quiera que la Conferencia estaba empe\u00f1ada en proponer y desarrollar el tema del \u201cServicio a la fe\u201d como objetivo preferente de su acci\u00f3n en esta etapa que estamos viviendo, pronto se vio que exist\u00eda una estrecha relaci\u00f3n entre lo que los obispos de Espa\u00f1a consider\u00e1bamos preocupaci\u00f3n fundamental de la hora que vivimos y lo que el Papa nos hab\u00eda predicado. Y que, por lo mismo, era conveniente y hasta obligado estudiar las ense\u00f1anzas del Papa, atentos, no s\u00f3lo al valor que tienen por s\u00ed mismas en cualquier momento, sino a la aplicaci\u00f3n que de ellas pod\u00edamos y deb\u00edamos hacer a los planes concretos de acci\u00f3n que ese servicio a la fe nos reclamaba.<\/p>\n\n\n\n<p>A ello obedecen los dos documentos que os env\u00edo. El primero, <strong>\u201cLa visita del Papa y la fe de nuestro pueblo\u201d<\/strong>, pretende exponer la situaci\u00f3n en que se encuentra la sociedad y la Iglesia espa\u00f1ola en el momento actual, y se\u00f1ala los objetivos m\u00e1s urgentes que debemos proponernos. Merece ser meditado atentamente.<\/p>\n\n\n\n<p>El segundo, <strong>\u201cEl servicio a la fe de nuestro pueblo\u201d<\/strong>, se\u00f1ala las directrices pastorales que deben guiarnos, los criterios o l\u00edneas de acci\u00f3n fundamentales que han de ser tenidas en cuenta y los cauces operativos por donde han de discurrir esas acciones para no quedarnos en puros deseos y reflexiones abstractas.<\/p>\n\n\n\n<p>Han de ser la propia Conferencia Episcopal, las comisiones, las provincias eclesi\u00e1sticas y las di\u00f3cesis las que ahora se pongan en movimiento. Estudiad bien esos dos documentos. Os env\u00edo tambi\u00e9n, como ilustraci\u00f3n de lo que una determinada comisi\u00f3n episcopal, la de liturgia en este caso, propone como inmediato servicio a la fe y reflexi\u00f3n pr\u00e1ctica sobre las ense\u00f1anzas del Papa en este campo, el folleto titulado <em>La liturgia papal en Espa\u00f1a.<\/em><\/p>\n\n\n\n<p>Espero que otras comisiones episcopales hagan algo parecido para atender el encargo recibido.<\/p>\n\n\n\n<p>Se trata, pues, de que en toda la Iglesia espa\u00f1ola se realice un trabajo ordenado y amplio, profundo y continuado, de reflexi\u00f3n y orientaci\u00f3n pastoral pr\u00e1ctica, que nos mueva a poner de nuestra parte todo cuanto est\u00e9 en nuestra mano para aplicar lo que el Papa nos pidi\u00f3, y as\u00ed servir mejor a la fe de nuestro pueblo. Y, como es natural, si no queremos quedarnos en meras programaciones, mejor o peor planteadas, en simples documentos que se leen hoy y se olvidan ma\u00f1ana, tendremos que ocuparnos de hacer esa labor de reflexi\u00f3n y de aplicaci\u00f3n, ante todo y sobre todo en las di\u00f3cesis, en cada di\u00f3cesis, porque es donde convergen los esfuerzos de todas las dem\u00e1s instancias y donde pueden producirse los resultados provechosos que deseamos alcanzar.<\/p>\n\n\n\n<h2 class=\"wp-block-heading\">En nuestra di\u00f3cesis de Toledo<\/h2>\n\n\n\n<p>Lo primero que hemos de hacer ahora es estudiar de nuevo las ense\u00f1anzas doctrinales que el Papa nos dej\u00f3 y los ejemplos de vida que nos dio a todos.<\/p>\n\n\n\n<p>Hemos le\u00eddo y comentado todo su mensaje, por supuesto. Por nuestras manos han pasado libros y escritos diversos que nos han ofrecido toda su predicaci\u00f3n y magisterio. Los tenemos en nuestra biblioteca. Frecuentemente acudimos a ellos. Pero no es suficiente. Necesitamos algo m\u00e1s. Necesitamos estudiarlos ahora con muy atenta reflexi\u00f3n, individual y conjuntamente en la di\u00f3cesis. Vamos a hacerlo.<\/p>\n\n\n\n<h2 class=\"wp-block-heading\">Peligros que hay que evitar<\/h2>\n\n\n\n<h3 class=\"wp-block-heading\">El intelectualismo<\/h3>\n\n\n\n<p>No se trata de hacer estudios profundos ni de presentar ponencias muy acabadas sobre los diversos temas. El Papa ha hablado de un modo sencillo y directo, con la densidad doctrinal que corresponde al eterno mensaje de la verdad revelada, y con lenguaje pastoral inteligible al Pueblo de Dios, del que debe cuidar, como el Pastor cuida de la grey confiada a su solicitud.<\/p>\n\n\n\n<h3 class=\"wp-block-heading\">Falta de atenci\u00f3n a lo fundamental<\/h3>\n\n\n\n<p>Todo cuanto ha dicho el Papa en Espa\u00f1a debe ser conocido y meditado por nosotros, sacerdotes y personas consagradas, y, en la medida de lo posible, por todos los fieles. De hecho, todos escucharon con gozo y con provecho todas sus predicaciones y discursos. Pero a los efectos de lo que ahora nos proponemos, lo mejor ser\u00e1 se\u00f1alar las grandes ideas que el Papa nos ha ofrecido sobre los aspectos fundamentales de nuestra vida cristiana y nuestra acci\u00f3n pastoral: por ejemplo, sobre Dios Padre, Cristo, la Iglesia, la Virgen Mar\u00eda, el hombre, el mundo de hoy, la cultura, el trabajo, la concordia social, la econom\u00eda; y despu\u00e9s, lo que de modo particular corresponde a cada uno de los sectores del Pueblo de Dios, sacerdotes y religiosos, laicos, parroquias y di\u00f3cesis; a las fuentes de la vida cristiana, como la liturgia y los sacramentos; a sus cauces y exigencias, como la disciplina eclesi\u00e1stica, la moralidad p\u00fablica y privada, etc., fijando la atenci\u00f3n de modo particular en lo que de modo particular nos afecta.<\/p>\n\n\n\n<h3 class=\"wp-block-heading\">El naturalismo<\/h3>\n\n\n\n<p>Ser\u00eda lamentable menospreciar el Magisterio del Papa, olvidarlo, considerarlo como una ense\u00f1anza m\u00e1s de las que podemos recibir en esta hora en que abundan tanto los maestros de todo y para todos. Y, m\u00e1s que lamentable, ser\u00e1 insensato sustituirlo por adoctrinamientos y acciones pastorales que est\u00e9n en contradicci\u00f3n, de una manera o de otra, con lo que \u00e9l ha querido expresamente decirnos. Llamo a esta actitud \u201cnaturalismo\u201d, porque equivaldr\u00eda a un olvido total de la misi\u00f3n que el Papa tiene en la Iglesia y a un rechazo o preterici\u00f3n culpable de la actitud de fe y de humilde y religiosa obediencia \u2013valores sobrenaturales\u2013 con que hay que recibir su predicaci\u00f3n cuando, como ocurre en este caso, ha querido positiva y expresamente hacerla de un modo determinado, en un momento concreto, y para una Iglesia propia. Daos cuenta de que no se trata de una homil\u00eda o un discurso aislado \u2013que siempre merecer\u00edan nuestra adhesi\u00f3n\u2013, sino de una visita minuciosamente preparada, con informaciones muy abundantes que ha recibido y solicitado. Visita de larga duraci\u00f3n, con muchas predicaciones, con prop\u00f3sitos muy definidos, con deseo, por su parte, de aclarar, confirmar, y, en lo que sea preciso, corregir. En la visita a Espa\u00f1a, como en las que ha hecho a otros pa\u00edses, est\u00e1 ejerciendo su potestad inmediata, ordinaria, plena, directa y universal, la que tiene en la Iglesia.<\/p>\n\n\n\n<h3 class=\"wp-block-heading\"><a><\/a>Parcialidad y reducci\u00f3n<\/h3>\n\n\n\n<p>Este es otro peligro en que podemos caer, el de recibir con inter\u00e9s una parte de su predicaci\u00f3n y prescindir de lo dem\u00e1s. A ello puede llevarnos nuestra propia obstinaci\u00f3n, la falta de humildad para reconocer nuestras faltas, el talante psicol\u00f3gico propio que nos hace estimar \u00fanicamente lo que ayuda a nuestras concepciones y a nuestro modo de ser, o quiz\u00e1 a lo que es ya rutina y habito interesado en nuestros comportamientos y modos de trabajar, todo lo cual nos incapacita para esa labor de conversi\u00f3n permanente que deber\u00eda ser normal en nosotros. El reduccionismo equivale as\u00ed al m\u00e1s torpe ego\u00edsmo, torpe y da\u00f1oso, porque se traduce forzosamente, dada nuestra funci\u00f3n de rectores del Pueblo de Dios, en una manipulaci\u00f3n del mensaje recibido que priva a los destinatarios del mismo, del alimento y la luz que por medio de nosotros deben recibir. Somos nosotros los que hemos de comentarlo y explicarlo, con fidelidad absoluta a quien tiene la autoridad necesaria para guiarnos a todos, y para exigirnos a nosotros no decir ni hacer nada que vaya contra lo que nos ha dicho o al margen de lo que ha dicho.<\/p>\n\n\n\n<h3 class=\"wp-block-heading\"><a><\/a>El divisionismo<\/h3>\n\n\n\n<p>Se\u00f1alo, por \u00faltimo, como peligro evidente a que estamos expuestos, el de fomentar una vez m\u00e1s las divisiones que existen en el seno de la Iglesia, si dejamos de prestar atenci\u00f3n a cuanto nos ha dicho el Papa. Es necesario integrar actitudes, asimilar ense\u00f1anzas y coordinar comportamientos pastorales. Necesitamos unir esfuerzos y vivir la aut\u00e9ntica comuni\u00f3n eclesial que, cuando se rompe, da lugar tambi\u00e9n a distanciamientos y separaciones aun de orden humano, como lo hemos visto estos a\u00f1os. Las divisiones ideol\u00f3gicas y los criterios pastorales subjetivistas, alejados de lo que los Papas han venido dici\u00e9ndonos, han terminado por originar divisiones y rechazos en la convivencia de los que trabajamos en el mismo cuerpo. Esto no era pluralismo bueno y leg\u00edtimo, sino perniciosa y nociva divisi\u00f3n entre hermanos.<\/p>\n\n\n\n<p>Pero debo advertir algo. La necesidad de comuni\u00f3n entre nosotros no significa que no tengamos que corregirnos en muchas cosas. Y como el Papa ha hablado con toda claridad y concreci\u00f3n sobre cuestiones que ven\u00edan siendo objeto de discusi\u00f3n, de ahora en adelante los que rompan la comuni\u00f3n ser\u00e1n los que quieran dejar a un lado, o rechazar t\u00e1cita o expresamente, las ense\u00f1anzas y recomendaciones que \u00e9l nos ha hecho, puesto que no puede haber comuni\u00f3n eclesial propiamente dicha, si no es de sacerdotes con sus obispos y de \u00e9stos y aqu\u00e9llos con el Papa. Y no se trata de una comuni\u00f3n que se limite a la com\u00fan recitaci\u00f3n del Credo, para salvar lo sustancial, sino de afirmar, con el coraz\u00f3n y la cabeza, todo cuanto \u00e9l ha afirmado y pedido al dirigirse a la Iglesia de Espa\u00f1a en el conjunto de sus predicaciones y en cada uno de los temas que ha tocado en cada di\u00f3cesis, y que eran, seg\u00fan lo dijo expresamente, intencionalmente dirigidos a todas las di\u00f3cesis de Espa\u00f1a.<\/p>\n\n\n\n<p>Pensar que no tenemos nada de qu\u00e9 corregirnos ser\u00eda un error, m\u00e1s a\u00fan, una hipocres\u00eda.<\/p>\n\n\n\n<p>Juzgo necesario afirmar igualmente que no se trata de partir de cero, ni es l\u00edcito desconocer lo que de positivo se ha hecho estos a\u00f1os en la Iglesia espa\u00f1ola, que es mucho. El Papa tambi\u00e9n lo ha reconocido y alabado, como no pod\u00eda menos de ser, y lo que se nos pide ahora es un trabajo de discernimiento, que todos debemos realizar para avanzar en lo que es conforme a lo que la Iglesia se\u00f1ala y evitar lo que ella reprueba como defectuoso, carente de vigor pastoral, o no apto para las aut\u00e9nticas renovaciones que se pod\u00edan esperar de la aplicaci\u00f3n del Concilio Vaticano II.<\/p>\n\n\n\n<p>Entiendo que aqu\u00ed radica el valor fundamental que para nosotros tiene la visita a Espa\u00f1a del Papa Juan Pablo II en el discernimiento que estamos obligados a hacer, pero bajo la gu\u00eda de su Magisterio. No hacerlo ser\u00eda un pecado de pereza eclesial absolutamente reprobable; hacerlo, sin querer tomar como norma directiva suprema lo que nos ha dicho, ser\u00eda anticat\u00f3lico, y nos incapacitar\u00eda radicalmente para entendernos en lo sucesivo; utilizarlo para atacarnos o desentendernos unos de otros, ser\u00eda lo m\u00e1s opuesto a la caridad fraterna, con lo que nos har\u00edamos indignos de la bendici\u00f3n de Dios; no intentar corregir sinceramente nuestros fallos nos convertir\u00eda en pastores mercenarios que buscan su provecho, es decir, la complacencia en sus personalismos, que, pastoralmente, es tan reprobable como vivir esclavos de otras pasiones.<\/p>\n\n\n\n<h2 class=\"wp-block-heading\">Procedimiento<\/h2>\n\n\n\n<p>Debemos proceder ordenadamente y por etapas, porque si queremos abarcar todo a la vez, no haremos nada efectivo. Lo que importa es que reflexionemos sobre lo que nos ha dicho el Papa a todos: obispos, sacerdotes, comunidades religiosas y fieles.<\/p>\n\n\n\n<p>Los obispos ya lo hemos hecho en las provincias eclesi\u00e1sticas, en las comisiones episcopales, en la Comisi\u00f3n permanente y en la asamblea plenaria celebrada en junio.<\/p>\n\n\n\n<p>Por lo que se refiere ahora a nuestra di\u00f3cesis, deben reunirse los siguientes grupos:<\/p>\n\n\n\n<ul class=\"wp-block-list\">\n<li>1\u00ba Curia y delegaciones o secretariados diocesanos.<\/li>\n\n\n\n<li>2\u00ba Clero de la catedral.<\/li>\n\n\n\n<li>3\u00ba Seminarios.<\/li>\n\n\n\n<li>4\u00ba Comunidades religiosas, no de clausura.<\/li>\n\n\n\n<li>5\u00ba Sacerdotes de los diversos arciprestazgos con cargo parroquial.<\/li>\n<\/ul>\n\n\n\n<p>Las reuniones han de hacerse con toda sencillez, con toda caridad, en un clima de oraci\u00f3n que favorezca la conversi\u00f3n personal y la adopci\u00f3n de los mejores prop\u00f3sitos, y con un m\u00e9todo de trabajo adecuado que ayude a la deliberaci\u00f3n y examen.<\/p>\n\n\n\n<p>Realizadas estas reuniones y recogidas las propuestas que se hagan, ser\u00e1n estudiadas por el Consejo Presbiteral, con \u00e1nimo de que sirvan para redacci\u00f3n de un directorio de acci\u00f3n pastoral v\u00e1lido para toda la di\u00f3cesis.<\/p>\n\n\n\n<p>M\u00e1s tarde, la reflexi\u00f3n debe seguir por parte de las comunidades parroquiales y de las asociaciones laicales existentes, para que toda la di\u00f3cesis colabore en los prop\u00f3sitos que han de movernos.<\/p>\n\n\n\n<h2 class=\"wp-block-heading\">M\u00e9todo<\/h2>\n\n\n\n<p>Para lograr todo cuanto digo, del mejor modo posible, seguiremos el siguiente \u00edter:<\/p>\n\n\n\n<ul class=\"wp-block-list\">\n<li>1\u00ba Que cada uno estudie ahora los documentos que se env\u00edan, y los cuestionarios, previa una nueva lectura de la predicaci\u00f3n del Papa.<\/li>\n\n\n\n<li>2\u00ba Que ponga por escrito sus respuestas a los cuestionarios y a\u00f1ada lo que deba a\u00f1adir seg\u00fan su juicio, sin salirse del tema.<\/li>\n\n\n\n<li>3\u00ba Que env\u00eden sus respuestas y observaciones los del primer grupo (curia&#8230;) al se\u00f1or Vicario General; los del segundo (catedral) al representante del clero catedralicio en el Consejo Presbiteral; los del tercero (seminarios) al se\u00f1or Rector del Seminario Mayor; los del cuarto (religiosos) al padre presidente de la CONFER diocesana; los del quinto (arciprestazgos), cada sacerdote a su arcipreste.<\/li>\n\n\n\n<li>4\u00ba Los que hayan recibido las respuestas de cada grupo redactar\u00e1n una s\u00edntesis ordenada y fiel de las mismas, con la ayuda de los que ellos mismos deseen, la cual me ser\u00e1 enviada a m\u00ed directamente.<\/li>\n\n\n\n<li>5\u00ba Recibidas estas relaciones, celebrar\u00e9 reuniones con todos los grupos y arciprestazgos para exponer lo que todos han enviado.<\/li>\n\n\n\n<li>6\u00ba Por \u00faltimo, se ofrecer\u00e1 al Consejo Presbiteral el conjunto de las reflexiones y propuestas para que delibere sobre lo que convenga hacer a partir de ese momento, y poder llegar m\u00e1s tarde a la elaboraci\u00f3n del Directorio Pastoral Diocesano.<\/li>\n<\/ul>\n\n\n\n<h2 class=\"wp-block-heading\">Ruego encarecido<\/h2>\n\n\n\n<p>Os pido a todos con el mayor inter\u00e9s, que os esforc\u00e9is por realizar estos trabajos y participar en ellos en la forma ordenada y comunitaria que os he ense\u00f1ado. As\u00ed cumpliremos la obligaci\u00f3n moral que tenemos de aplicar las ense\u00f1anzas del Papa y renovarnos en el servicio de la fe en que estamos empe\u00f1ados, y que es la raz\u00f3n de nuestra vida y ministerio. Esto es lo que la Conferencia Episcopal de Espa\u00f1a un\u00e1nimemente pide que hagamos, de un modo o de otro, en todas las di\u00f3cesis.<\/p>\n\n\n\n<p>Esto es tambi\u00e9n lo que el pueblo cat\u00f3lico de Espa\u00f1a est\u00e1 esperando. Ese pueblo \u2013que no lo olvidemos\u2013 recibi\u00f3 y sigui\u00f3 al Papa con tanto fervor y entusiasmo, espera de nosotros vernos tambi\u00e9n entusiasmados en el prop\u00f3sito de que no queden en el vac\u00edo las ense\u00f1anzas del Vicario de Cristo que supo penetrar, como pocos lo han hecho, en la historia y en el alma de la naci\u00f3n espa\u00f1ola para animarnos y fortalecerlos a todos en nuestra condici\u00f3n de hijos de la Iglesia, y a nosotros en la de ministros del Se\u00f1or y de su Evangelio.<\/p>\n\n\n\n<p>Por otra parte, hemos de ser conscientes de que a la tarea de descristianizar Espa\u00f1a cooperan hoy muchos factores. El da\u00f1o que se est\u00e1 haciendo cada d\u00eda a la vida cristiana es inmenso.<\/p>\n\n\n\n<p>Todo est\u00e1 reclamando de nosotros que nos entreguemos a una vida apost\u00f3lica, renovada conforme a lo que las circunstancias de nuestro tiempo exigen.<\/p>\n\n\n\n<p>El Se\u00f1or nos ayude con su gracia.<\/p>\n","protected":false},"excerpt":{"rendered":"<p>Instrucci\u00f3n pastoral, del 12 de septiembre de 1983, dirigida a toda la di\u00f3cesis de Toledo. Texto publicado en el Bolet\u00edn Oficial del Arzobispado de Toledo, octubre 1983, 494-500. No se reproducen aqu\u00ed los cuestionarios que se adjuntaban al documento. Pronto har\u00e1 un a\u00f1o de la visita del Papa Juan Pablo II a nuestra patria espa\u00f1ola. [&hellip;]<\/p>\n","protected":false},"author":1,"featured_media":0,"comment_status":"closed","ping_status":"closed","template":"","meta":{"saved_in_kubio":false,"_eb_attr":"","ngg_post_thumbnail":0,"footnotes":""},"doc_category":[28,36,50],"doc_tag":[],"class_list":["post-853","docs","type-docs","status-publish","hentry","doc_category-el-papa","doc_category-la-iglesia-en-espana","doc_category-temas-toledanos"],"year_month":"2026-05","word_count":2789,"total_views":0,"reactions":{"happy":0,"normal":0,"sad":0},"author_info":{"name":"P. Webmaster","author_nicename":"currante","author_url":"https:\/\/www.cardenaldonmarcelo.es\/index.php\/author\/currante\/"},"doc_category_info":[{"term_name":"El Papa","term_url":"https:\/\/www.cardenaldonmarcelo.es\/index.php\/docs-category\/el-papa\/"},{"term_name":"La Iglesia en Espa\u00f1a","term_url":"https:\/\/www.cardenaldonmarcelo.es\/index.php\/docs-category\/la-iglesia-en-espana\/"},{"term_name":"Temas toledanos","term_url":"https:\/\/www.cardenaldonmarcelo.es\/index.php\/docs-category\/temas-toledanos\/"}],"doc_tag_info":[],"_links":{"self":[{"href":"https:\/\/www.cardenaldonmarcelo.es\/index.php\/wp-json\/wp\/v2\/docs\/853","targetHints":{"allow":["GET"]}}],"collection":[{"href":"https:\/\/www.cardenaldonmarcelo.es\/index.php\/wp-json\/wp\/v2\/docs"}],"about":[{"href":"https:\/\/www.cardenaldonmarcelo.es\/index.php\/wp-json\/wp\/v2\/types\/docs"}],"author":[{"embeddable":true,"href":"https:\/\/www.cardenaldonmarcelo.es\/index.php\/wp-json\/wp\/v2\/users\/1"}],"replies":[{"embeddable":true,"href":"https:\/\/www.cardenaldonmarcelo.es\/index.php\/wp-json\/wp\/v2\/comments?post=853"}],"version-history":[{"count":1,"href":"https:\/\/www.cardenaldonmarcelo.es\/index.php\/wp-json\/wp\/v2\/docs\/853\/revisions"}],"predecessor-version":[{"id":854,"href":"https:\/\/www.cardenaldonmarcelo.es\/index.php\/wp-json\/wp\/v2\/docs\/853\/revisions\/854"}],"wp:attachment":[{"href":"https:\/\/www.cardenaldonmarcelo.es\/index.php\/wp-json\/wp\/v2\/media?parent=853"}],"wp:term":[{"taxonomy":"doc_category","embeddable":true,"href":"https:\/\/www.cardenaldonmarcelo.es\/index.php\/wp-json\/wp\/v2\/doc_category?post=853"},{"taxonomy":"doc_tag","embeddable":true,"href":"https:\/\/www.cardenaldonmarcelo.es\/index.php\/wp-json\/wp\/v2\/doc_tag?post=853"}],"curies":[{"name":"wp","href":"https:\/\/api.w.org\/{rel}","templated":true}]}}