{"id":815,"date":"2024-09-23T19:15:25","date_gmt":"2024-09-23T17:15:25","guid":{"rendered":"https:\/\/www.cardenaldonmarcelo.es\/?post_type=docs&#038;p=815"},"modified":"2024-09-23T19:16:37","modified_gmt":"2024-09-23T17:16:37","password":"","slug":"cristo-es-la-misericordia","status":"publish","type":"docs","link":"https:\/\/www.cardenaldonmarcelo.es\/index.php\/docs\/cristo-es-la-misericordia\/","title":{"rendered":"Cristo es la misericordia"},"content":{"rendered":"\n<p class=\"has-text-align-center has-small-font-size\">Homil\u00eda en la solemne bendici\u00f3n del monumento al Sagrado Coraz\u00f3n de Jes\u00fas, en Pe\u00f1alsordo (Badajoz), el 1 de Junio de 2001.<\/p>\n\n\n\n<h2 class=\"wp-block-heading\">Hablemos del Coraz\u00f3n de Jes\u00fas.<\/h2>\n\n\n\n<p>Queridos hermanos , \u00bfqu\u00e9 es lo que m\u00e1s brilla en Jesucristo cuando uno lee el Evangelio? Para m\u00ed no hay duda ninguna: lo que m\u00e1s vivo aparece es su misericordia. Cristo es la misericordia. Su Coraz\u00f3n est\u00e1 abierto para recibir a todos. \u00c9l no se cansa de nadie, su yugo es suave y su carga ligera. Venid a mi Coraz\u00f3n que desea recibiros. Es la misericordia, s\u00ed. Cuando llam\u00f3 a los ap\u00f3stoles para que le siguieran -Pedro, Andr\u00e9s, Juan, etc.- no averigu\u00f3 c\u00f3mo hab\u00eda sido hasta entonces el comportamiento de unos y de otros, no se ocup\u00f3 de eso, no quiso se\u00f1alar las faltas que podr\u00edan tener algunos.<\/p>\n\n\n\n<p>Y entre ellos consinti\u00f3 que viniera a ser disc\u00edpulo suyo uno llamado Judas, el cual estuvo despu\u00e9s tres a\u00f1os con \u00c9l, recibiendo de Cristo ese oc\u00e9ano de misericordia y de amor que envolvi\u00f3 a todos.<\/p>\n\n\n\n<p>Luego m\u00e1s adelante, cuando ya ha formado el grupo apost\u00f3lico, van con \u00c9l todos por peque\u00f1as aldeas, por pueblos mayores, por ciudades m\u00e1s populosas. Tampoco analiza ni ri\u00f1e a nadie; simplemente, en alguna ocasi\u00f3n, a la madre de los hijos de Zebedeo la reconviene y le hace pensar en que no es bueno el pensar en sus hijos para que uno est\u00e9 a la derecha y otro a la izquierda; lo que tiene que hacer es dejar que sus hijos sigan el camino, el camino que Dios marcar\u00e1 a todos, tambi\u00e9n a ellos.<\/p>\n\n\n\n<p>Misericordia. Y m\u00e1s tarde, por fin, cuando llega el momento cumbre de su vida, esa ocasi\u00f3n impresionante que conmueve al mundo hoy como lo conmovi\u00f3 ayer: es la ocasi\u00f3n en que Cristo va a dar su vida. \u00a1Oh Padre, perd\u00f3nalos porque no saben lo que hacen! Cristo en la cruz, la misericordia infinita pidiendo perd\u00f3n al Padre para todos cuantos est\u00e1n all\u00ed. Muchos de ellos deseando que desaparezca, porque les humilla su manera de hablar y de expresar los sentimientos que corresponden al cielo, de donde viene, para la tierra, a donde ha venido.<\/p>\n\n\n\n<p>Si me dicen qu\u00e9 es lo que Cristo tiene m\u00e1s sobresaliente en su vida, seguir\u00e9 respondiendo: la misericordia, el perd\u00f3n. Y es porque lo que m\u00e1s sale en nosotros, lo que m\u00e1s aparece y m\u00e1s vibrante, es lo contrario. Y es lo que \u00c9l ha venido a combatir en nosotros: el ego\u00edsmo, el deseo de triunfar sea como sea, el salir con lo que podamos aprovecharnos en las diversas ocasiones de la vida. Eso es lo que buscamos. Por eso, frente al ego\u00edsmo nuestro, la misericordia suya; por eso, frente al coraz\u00f3n cerrado tiene que aparecer el coraz\u00f3n abierto.<\/p>\n\n\n\n<p>Las im\u00e1genes del Coraz\u00f3n de Jes\u00fas empezaron a difundirse en el siglo XVII; por consiguiente, no hace mucho. Tiempo atr\u00e1s, personas como San Bernardo, antes San Agust\u00edn, San Pablo&#8230; nos hablaron del Coraz\u00f3n de Jes\u00fas, nos hicieron entender lo que significaba esa misericordia. Pero fue en el siglo XVII cuando una religiosa en Paray-le Monial (Francia) -yo he estado all\u00ed en una ocasi\u00f3n en que fuimos un grupo no peque\u00f1o de obispos y sacerdotes; Santa Margarita y el Padre La Colombi\u00e8re son un recuerdo constante para nosotros y un deseo de seguir el camino que ellos marcaron- es cuando empieza la devoci\u00f3n al Coraz\u00f3n de Jes\u00fas, la devoci\u00f3n organizada, la devoci\u00f3n de los nueve primeros viernes, la devoci\u00f3n con fiesta lit\u00fargica marcada y se\u00f1alada por la Iglesia. Es cuando por todas partes van surgiendo las cofrad\u00edas; y en ciudades grandes y peque\u00f1as vimos a hombres y mujeres con aquella cinta roja que llevaban sobre su pecho; la cinta y la medalla, celebrando con todo fervor la fiesta del Coraz\u00f3n de Jes\u00fas.<\/p>\n\n\n\n<p>Desde entonces, con las excepciones que se han producido a veces en momentos de poco fervor, pero a\u00fan as\u00ed, se ha celebrado y se ha vivido y se ha expresado este amor al Coraz\u00f3n de Cristo como lo m\u00e1s natural del mundo.<\/p>\n\n\n\n<p>Si \u00c9l nos da su Coraz\u00f3n, hay que amarle, hay que recibirle, hay que abrazarle. Y esto no es cosa para las mujeres o para los hombres, para los ni\u00f1os o para los j\u00f3venes; es cosa de todos los que tengan sentido com\u00fan, raz\u00f3n vigilante y decisi\u00f3n voluntaria que nos ayude a caminar siguiendo sus pasos e imit\u00e1ndole a \u00c9l en su misericordia y su amor.<\/p>\n\n\n\n<p>El Coraz\u00f3n de Jes\u00fas es un ejemplo precioso en virtud, del cual nos encontramos con una decisi\u00f3n tan viva que por todas partes en Europa, en Asia, en \u00c1frica, se encuentran im\u00e1genes del Coraz\u00f3n de Jes\u00fas, m\u00e1s o menos rodeadas del calor fervoroso de los que la veneran, pero siempre llenos de atenci\u00f3n espiritual, como Santa Margarita de Alacoque lo marc\u00f3 en virtud de las revelaciones que ella tuvo.<\/p>\n\n\n\n<p>S\u00ed, hay que vivir ese Coraz\u00f3n. Quiero deciros algo que sucedi\u00f3 no hace mucho tiempo, porque el que fue protagonista de este episodio fue sencillamente el Papa Pablo VI. Me lo cont\u00f3 un d\u00eda Paloma G\u00f3mez Borrero, esa periodista que viene con tanta frecuencia a Espa\u00f1a y que tantas cr\u00f3nicas ha escrito en los peri\u00f3dicos y en la televisi\u00f3n para hablar de los hechos de la Iglesia. Ella ha acompa\u00f1ado al Papa en sus viajes diversos en muchas ocasiones, como otros periodistas, y dice que en una ocasi\u00f3n el Papa Pablo VI -era el viaje a \u00c1frica, con un calor espantoso-, al llegar a lo que hac\u00eda de obispado, busc\u00f3 o le buscaron un lugar sombr\u00edo en que poder cobijarse y all\u00ed se acomod\u00f3. Pasado un poco de tiempo, se present\u00f3 el cardenal Casaroli, Secretario de Estado, ya muerto tambi\u00e9n; abri\u00f3 delicadamente la puerta y vio que el Papa Pablo VI estaba con la cabeza ca\u00edda, como si buscara un descanso que no ten\u00eda. Entonces el Cardenal prendi\u00f3 a correr, temiendo que le hab\u00eda sucedido algo al Papa. \u201cSantidad, Santidad, \u00bfqu\u00e9 le ocurre, por favor?\u201d. Y se acerc\u00f3 hasta cogerle en sus brazos. Y el Papa entonces le dijo: \u201cCalma, calma, no me pasa nada, pero usted sabe c\u00f3mo padezco yo de artrosis, que hay d\u00edas y noches que no puedo descansar nada. Esta noche me ha ocurrido eso. No he podido descansar y ahora con el calor que tengo, tampoco puedo; por eso lo \u00fanico que me tranquiliza un poco es doblar la cabeza, inclinarla, respirar con calma y as\u00ed durante alg\u00fan rato voy teniendo dentro de m\u00ed una tranquilidad que no ten\u00eda y hasta que oigo el latido de ese coraz\u00f3n que me est\u00e1 diciendo: \u2018Adelante, sigue adelante. Hay que seguir trabajando para rendir las almas ante este Coraz\u00f3n de Jes\u00fas que yo siento al inclinar mi rostro sobre \u00e9l\u2019\u201d. Hermoso pasaje.<\/p>\n\n\n\n<p>Esa decisi\u00f3n, ese inclinar la cabeza y ofrecerla al Coraz\u00f3n de Jes\u00fas como podr\u00edamos hacer si nos encontr\u00e1ramos en una situaci\u00f3n parecida, es lo que tenemos que hacer en todo momento. Recibir el amor del Coraz\u00f3n de Jes\u00fas, cogerlo en la mano, llevarlo a donde tengamos que ir, que nos acompa\u00f1e y que le acompa\u00f1emos. Que se nos pregunte cu\u00e1l es el mandamiento primero que Cristo ha establecido y podamos contestar: el mandamiento nuevo es el mandamiento de Jes\u00fas; dici\u00e9ndolo subi\u00f3 al Calvario, dici\u00e9ndolo pronunci\u00f3 sus \u00faltimas palabras, dici\u00e9ndolo nos dej\u00f3 a Mar\u00eda Sant\u00edsima como Madre nuestra, dici\u00e9ndolo dej\u00f3 a la Iglesia que se extiende por todo el mundo ofreciendo a los hombres esta doctrina incomparable, en la cual nos encontramos todos sus hijos buscando ese tesoro indescriptible del amor que \u00c9l nos dej\u00f3.<\/p>\n\n\n\n<p>Esta imagen del Coraz\u00f3n de Jes\u00fas en Pe\u00f1alsordo tiene una misi\u00f3n que cumplir. Aqu\u00ed est\u00e1, se levanta hacia lo alto, brilla con la misericordia que le envuelve, predica la doctrina del amor, habla a las familias: las familias que tienen que vivir el amor entre s\u00ed, las familias cat\u00f3licas que no deben dejar que se pierda esa atm\u00f3sfera religiosa que en cada hogar cat\u00f3lico debe respirarse.<\/p>\n\n\n\n<p>Pe\u00f1alsordo va a encontrarse de ahora en adelante con esta preciosa imagen aqu\u00ed. Labradores, hombres que trabaj\u00e1is estos campos, de cuando en cuando se volver\u00e1 vuestra mirada hacia el lugar en que se levanta la imagen. Decidle algo, habladle a Cristo, decid simplemente: \u00a1Oh Jes\u00fas, ruega por m\u00ed, vela por mis hijos, cuida de mi familia! Y seguid adelante. Vuestra misi\u00f3n es cumplir d\u00eda tras d\u00eda el mensaje que la Iglesia entrega a sus hijos.<\/p>\n\n\n\n<p>Antes he hablado de Pablo VI, pero ahora pod\u00eda hablaros del Papa actual, este hombre que nos vino de Polonia. He llegado de Roma yo hace cuatro d\u00edas, de esa reuni\u00f3n de los cardenales del mundo en la cual hemos visto el ejemplo que nos daba el Papa asistiendo a todos los actos y escuchando todas las intervenciones, como si tuviera que aprenderlo todo. Pero \u00e9l no ten\u00eda que aprender nada, \u00e9l ten\u00eda tambi\u00e9n que abrir su coraz\u00f3n y dejar que entrase lo que le dec\u00edamos unos y otros llevados por el esp\u00edritu evangelizador que tenemos que vivificar en este tiempo.<\/p>\n\n\n\n<p>Esp\u00edritu evangelizador; no perezosos, no apart\u00e1ndonos de lo que la Iglesia nos dice; al contrario, cumpliendo con nuestro deber, haciendo que vayan sacerdotes a todos los sitios en donde se necesita. Toledo hasta ahora ha enviado sacerdotes a muchos lugares de Espa\u00f1a, pero es porque han salido del Seminario gracias al celo sacerdotal de muchos p\u00e1rrocos y de muchos otros profesores que han ido dando en esos muchachos una entrega y una dedicaci\u00f3n especial\u00edsima. Hoy casi en ninguna di\u00f3cesis de Espa\u00f1a deja de haber alg\u00fan sacerdote de Toledo.<\/p>\n\n\n\n<p>Ayudadnos con vuestra oraci\u00f3n.<br>Que el Se\u00f1or nos proteja y nos d\u00e9 su bendici\u00f3n en todo momento.<\/p>\n\n\n\n<p><a href=\"https:\/\/www.cardenaldonmarcelo.es\/index.html\"><\/a><\/p>\n","protected":false},"excerpt":{"rendered":"<p>Homil\u00eda en la solemne bendici\u00f3n del monumento al Sagrado Coraz\u00f3n de Jes\u00fas, en Pe\u00f1alsordo (Badajoz), el 1 de Junio de 2001. Hablemos del Coraz\u00f3n de Jes\u00fas. Queridos hermanos , \u00bfqu\u00e9 es lo que m\u00e1s brilla en Jesucristo cuando uno lee el Evangelio? Para m\u00ed no hay duda ninguna: lo que m\u00e1s vivo aparece es su [&hellip;]<\/p>\n","protected":false},"author":1,"featured_media":0,"comment_status":"closed","ping_status":"closed","template":"","meta":{"saved_in_kubio":false,"_eb_attr":"","ngg_post_thumbnail":0,"footnotes":""},"doc_category":[38],"doc_tag":[],"class_list":["post-815","docs","type-docs","status-publish","hentry","doc_category-el-corazon-de-cristo"],"year_month":"2026-04","word_count":1753,"total_views":0,"reactions":{"happy":0,"normal":0,"sad":0},"author_info":{"name":"P. Webmaster","author_nicename":"currante","author_url":"https:\/\/www.cardenaldonmarcelo.es\/index.php\/author\/currante\/"},"doc_category_info":[{"term_name":"El Coraz\u00f3n de Cristo","term_url":"https:\/\/www.cardenaldonmarcelo.es\/index.php\/docs-category\/el-corazon-de-cristo\/"}],"doc_tag_info":[],"_links":{"self":[{"href":"https:\/\/www.cardenaldonmarcelo.es\/index.php\/wp-json\/wp\/v2\/docs\/815","targetHints":{"allow":["GET"]}}],"collection":[{"href":"https:\/\/www.cardenaldonmarcelo.es\/index.php\/wp-json\/wp\/v2\/docs"}],"about":[{"href":"https:\/\/www.cardenaldonmarcelo.es\/index.php\/wp-json\/wp\/v2\/types\/docs"}],"author":[{"embeddable":true,"href":"https:\/\/www.cardenaldonmarcelo.es\/index.php\/wp-json\/wp\/v2\/users\/1"}],"replies":[{"embeddable":true,"href":"https:\/\/www.cardenaldonmarcelo.es\/index.php\/wp-json\/wp\/v2\/comments?post=815"}],"version-history":[{"count":2,"href":"https:\/\/www.cardenaldonmarcelo.es\/index.php\/wp-json\/wp\/v2\/docs\/815\/revisions"}],"predecessor-version":[{"id":817,"href":"https:\/\/www.cardenaldonmarcelo.es\/index.php\/wp-json\/wp\/v2\/docs\/815\/revisions\/817"}],"wp:attachment":[{"href":"https:\/\/www.cardenaldonmarcelo.es\/index.php\/wp-json\/wp\/v2\/media?parent=815"}],"wp:term":[{"taxonomy":"doc_category","embeddable":true,"href":"https:\/\/www.cardenaldonmarcelo.es\/index.php\/wp-json\/wp\/v2\/doc_category?post=815"},{"taxonomy":"doc_tag","embeddable":true,"href":"https:\/\/www.cardenaldonmarcelo.es\/index.php\/wp-json\/wp\/v2\/doc_tag?post=815"}],"curies":[{"name":"wp","href":"https:\/\/api.w.org\/{rel}","templated":true}]}}