{"id":512,"date":"2024-09-18T19:22:37","date_gmt":"2024-09-18T17:22:37","guid":{"rendered":"https:\/\/www.cardenaldonmarcelo.es\/?p=478"},"modified":"2024-09-22T17:39:01","modified_gmt":"2024-09-22T15:39:01","password":"","slug":"toledo-esencia-y-significacion","status":"publish","type":"docs","link":"https:\/\/www.cardenaldonmarcelo.es\/index.php\/docs\/toledo-esencia-y-significacion\/","title":{"rendered":"Toledo: esencia y significaci\u00f3n"},"content":{"rendered":"\n<p class=\"has-text-align-center has-small-font-size\">Discurso de ingreso en la Real Academia de Bellas Artes y Ciencias Hist\u00f3ricas, Toledo, le\u00eddo el 12 de noviembre de 1978. Texto publicado en <em>Toletum<\/em>, n\u00fam. 12.<\/p>\n\n\n\n<p>Me honr\u00e1is con una distinci\u00f3n muy notable al entregarme este t\u00edtulo, en el que me nombr\u00e1is acad\u00e9mico honorario de esta docta Corporaci\u00f3n, con el cual hab\u00e9is querido manifestar no s\u00e9 si una actuaci\u00f3n de justicia \u2013eso os corresponde juzgarlo a vosotros\u2013, pero s\u00ed un gesto de gran generosidad, que \u00e9se s\u00ed me corresponde a m\u00ed valorarlo.<\/p>\n\n\n\n<p>Os lo agradezco much\u00edsimo: a la Academia, por este honor que me hac\u00e9is; y a todos vosotros que me honr\u00e1is tambi\u00e9n con vuestra presencia, con vuestra autoridad, con vuestra significaci\u00f3n cultural o pol\u00edtica, con vuestra amistad.<\/p>\n\n\n\n<h2 class=\"wp-block-heading\">Toledo, conocida y admirada en el mundo entero<\/h2>\n\n\n\n<p>En el primero de los recientes C\u00f3nclaves hablaba yo un d\u00eda con el cardenal K\u00f6nig, de Austria, y despu\u00e9s de comentar los asuntos normales del momento que viv\u00edamos, la conversaci\u00f3n tom\u00f3 otro rumbo, y en un momento dado, yo le dije: \u00abDe todas las ciudades de Europa que he visitado, ninguna me ha impresionado tanto como Viena, y en ninguna he captado como all\u00ed eso que llamamos el alma de la civilizaci\u00f3n europea\u00bb. Y \u00e9l me respondi\u00f3 con manifiesta sinceridad: \u00abEs verdad; tiene monumentos muy evocadores, y es una ciudad en la que se respira la historia de esa Europa. Pero usted vive en Toledo. En Viena hay monumentos, mas Toledo es toda ella un monumento. Yo he visitado Toledo varias veces, y puedo decirle que me ha impresionado profundamente por su belleza hist\u00f3rica y art\u00edstica, por todo el poder de evocaci\u00f3n que tiene\u00bb.<\/p>\n\n\n\n<p>Elegido el Papa Juan Pablo II, en uno de los momentos en que hemos tenido ocasi\u00f3n los cardenales de acercarnos a \u00e9l, en conversaciones rapid\u00edsimas propias de la instantaneidad del encuentro, me dijo: \u00ab\u00a1Toledo! \u00a1S\u00e9 lo que es Toledo, esa <em>bellisima citt\u00e0 primaciale<\/em>&#8230;!\u00bb. Entonces me dijo tambi\u00e9n: \u00bb \u00a1Ahora ser\u00e1 posible que alg\u00fan Papa polaco visite Espa\u00f1a&#8230;!\u00bb.<\/p>\n\n\n\n<p>Vine del primer c\u00f3nclave, y ten\u00eda compromiso de acercamos a Las Canarias para predicar en la fiesta del Sant\u00edsimo Cristo de La Laguna. De all\u00ed pas\u00e9 a Las Palmas, y visit\u00e9 el templo ecum\u00e9nico que se ha construido recientemente. El que nos hac\u00eda de gu\u00eda era un jud\u00edo alem\u00e1n, luterano. Coment\u00e1bamos la impresi\u00f3n que nos causaba todo aquello; y, sin que viniera a cuento, se dirige a los que me acompa\u00f1aban y a m\u00ed: \u00abBueno, se\u00f1or cardenal, yo lo que quiero decirle es que he recorrido el mundo entero, y en ning\u00fan sitio me he encontrado tan a gusto y he sentido tanta admiraci\u00f3n como en Toledo\u00bb.<\/p>\n\n\n\n<p>Una de las noches del citado primer c\u00f3nclave, cuando ya hab\u00eda sido elegido Papa Juan Pablo I, baj\u00e9 a pasear al patio de San D\u00e1maso. Vi que un cardenal paseaba solo y me acerqu\u00e9 para acompa\u00f1arle. Era el de Se\u00fal. \u00ab\u00a1Oh, s\u00ed, encantado, vamos a charlar un poco! Usted, de Toledo. Yo he estado en Espa\u00f1a, uno de los a\u00f1os del Concilio, porque quer\u00eda visitar dos ciudades: \u00c1vila y Toledo. \u00c1vila por Santa Teresa. Toledo por lo que tiene de significaci\u00f3n en la historia de la Iglesia; por ser representativa de lo que Espa\u00f1a ha hecho en la evangelizaci\u00f3n; por ser la ciudad primacial, y por su arte y su historia\u00bb. Y se extendi\u00f3 en consideraciones a las que me he referido ya en ocasiones diversas, porque son conmovedoras. \u00abVosotros, los espa\u00f1oles, ten\u00e9is una espiritualidad \u00fanica. Pienso que Espa\u00f1a es la naci\u00f3n que m\u00e1s ha hecho en el mundo para difundir la espiritualidad con sentido evangelizador. \u00bfLa conserv\u00e1is? \u00a1Oh, Teresa de Jes\u00fas, Ignacio, Javier! \u00a1Como \u00e9stos nada, nada! Venid a Corea. Quisiera tener all\u00ed sacerdotes y monjas espa\u00f1oles, motores de espiritualidad\u00bb&#8230; Y as\u00ed se prolong\u00f3 la conversaci\u00f3n, con detalles enormemente significativos y consoladores para quien piensa en Espa\u00f1a y se da cuenta de c\u00f3mo, con frecuencia, en la Iglesia, fuera de nuestras fronteras, hay quien sabe apreciar mejor que nosotros todo lo que la Iglesia espa\u00f1ola ha hecho a trav\u00e9s de los siglos.<\/p>\n\n\n\n<p>Y gran parte de esa historia de la Iglesia ha nacido y se ha forjado aqu\u00ed, en Toledo. He aqu\u00ed por qu\u00e9, aunque carezca de otros t\u00edtulos, simplemente por el hecho de ser obispo de esta di\u00f3cesis, he agradecido mucho la distinci\u00f3n con que me honr\u00e1is. Y dejando a un lado los elogios excesivos que me ha hecho don Clemente Palencia \u2013este archivo viviente que se pasea por las calles de Toledo y que incluso lleva en su rostro recio y bondadoso casi las arrugas de un pergamino\u2013 simplemente me quedo con la designaci\u00f3n, con el diploma y con todo lo que hay en vosotros demostrativo de amistad y de afecto.<\/p>\n\n\n\n<h2 class=\"wp-block-heading\">C\u00f3mo vivo la historia de Toledo<\/h2>\n\n\n\n<p>Lo que siento es no poder corresponder con trabajos de investigaci\u00f3n sobre esa historia tan rica de Toledo. Eso no me es posible, porque vivo oprimido bajo el peso de mis obligaciones. <em>M\u00e1s que tratar de investigar o escribir, lo que quiero es vivir la historia de Toledo.<\/em> Y la vivo. Os dir\u00e9 algo de c\u00f3mo la vivo.<\/p>\n\n\n\n<p>Todas las ma\u00f1anas, cuando entro en mi despacho, y varias veces a lo largo del d\u00eda, me asomo al balc\u00f3n, el que da a esa plaza insuperable. Y veo a mi izquierda la catedral; enfrente el Palacio de Justicia; a la derecha el Ayuntamiento. Entonces pienso: la catedral, la religi\u00f3n; la Audiencia, la justicia; el Ayuntamiento, los intereses ciudadanos: tres administraciones, tres lugares donde se rinde culto a los valores m\u00e1s insignes que pueden ser reconocidos y estimados por los hombres. Y me pongo a evocar las ra\u00edces de todo esto, los siglos que han pasado por aqu\u00ed, los valores que aqu\u00ed subyacen, las lecciones que aqu\u00ed se contienen para el futuro. Y son tantas y tantas que, s\u00f3lo con contemplar los edificios que se presentan ante mis ojos admirados, yo recibo un est\u00edmulo para seguir trabajando en mi despacho, como obispo, atento a lo que la catedral me pide, como expresi\u00f3n de la Iglesia; lo que la justicia me ense\u00f1a, como expresi\u00f3n y cauce del derecho; lo que el Ayuntamiento me sugiere, como atenci\u00f3n a los humanos intereses, a los cuales no puedo ser indiferente.<\/p>\n\n\n\n<p>Algunos d\u00edas salgo de mi despacho y recorro la ciudad. Visito, por ejemplo, los conventos de clausura. \u00a1Cu\u00e1ntos hay en Toledo, representativos y testimoniales de esa historia particularmente vinculada a la Iglesia de Cristo! Y veo en ellos otras tantas p\u00e1ginas abiertas de la historia de Toledo, tan gloriosas que est\u00e1n pidiendo la mano de un autor competente que nos narre el pasado de cada uno de esos conventos de clausura.<\/p>\n\n\n\n<p>Y est\u00e1n pidiendo otra cosa, se\u00f1ores acad\u00e9micos, autoridades, queridos amigos: los conventos y religiosas de clausura de Toledo merecen un homenaje de la ciudad entera. Esas pobres monjas son acreedoras al reconocimiento de todos, porque gracias a su trabajo, a su sacrificio, a su perseverancia, se han salvado monumentos que acaso hoy, de no haber estado ellas all\u00ed, se habr\u00edan convertido en ruinas. A veces nos lamentamos de que alg\u00fan objeto de valor art\u00edstico haya podido desaparecer en a\u00f1os anteriores; atribuy\u00e1moslo, o a una explicable ignorancia, tan explicable que casi merece respeto, aunque cause pena; o bien a las necesidades en que las religiosas se han visto apremiadas para poder sobrevivir. Pero esas peque\u00f1as comunidades ahora muy reducidas, han estado ahorrando incesantemente, hasta que en algunas ocasiones han podido recibir ayudas m\u00e1s cuantiosas, ahorrando, con enormes sacrificios, para reparar este muro, arreglar aquel claustro, lograr que aquella capilla vuelva a tener su belleza primitiva. Y lo \u00faltimo, sus celdas, en algunas de las cuales he entrado, y he salido enormemente impresionado al ver la rigurosa pobreza con que viven sus moradoras. Conventos, gloriosas fundaciones, almas consagradas a Dios, velando, orando y sacrific\u00e1ndose por todos los hombres. No solamente merecedoras de frases de cari\u00f1o, que podr\u00eda ofrecerlas incluso un don Benito P\u00e9rez Gald\u00f3s, sino de mayor estimaci\u00f3n espiritual por parte de todos los hombres que piensen en el sentido de la vida.<\/p>\n\n\n\n<p>Y sigo avanzando en mi recorrido; sigo viviendo la historia de Toledo, y llego al Seminario, con la frecuencia que puedo, y all\u00ed me encuentro con esas instituciones docentes caracter\u00edsticas de la Iglesia: el Seminario Mayor y el Seminario Menor, para los que yo desear\u00eda tanto y tanto logrado, que muchos a\u00f1os de vida que Dios me diera ser\u00edan insuficientes para lo que tanto anhelo. Porque de all\u00ed tienen que salir los sacerdotes que cuiden la vida religiosa de la comunidad cristiana de toda esta di\u00f3cesis de Toledo, sacerdotes nuevos, cuya vida se enlace con las sacerdotales anteriores, tan ricas y tan ilustres, que han pasado por nuestra di\u00f3cesis; con sacerdotes que han ido dejando huellas de su saber y de sus virtudes por toda Espa\u00f1a y por Am\u00e9rica particularmente, puesto que por todas partes han aparecido nombres insignes de sacerdotes toledanos. Vivo esa historia, y trato de extraer de ella todo lo que pueda significar un perfeccionamiento del presente, para no rendirnos cobardes, ni cerrar los ojos confundidos, en relaci\u00f3n con la vida espiritual de la Espa\u00f1a de hoy, a la que tenemos que seguir prestando, como exigencia noble de nuestra fe, el servicio que esa misma fe brinda a todos, en nombre de Cristo.<\/p>\n\n\n\n<p>Otras veces salgo de la ciudad. He recorrido ya casi todas las parroquias de la di\u00f3cesis; he celebrado, he predicado, he administrado el Sacramento de la Confirmaci\u00f3n en ellas. Y en las direcciones de los cuatro puntos cardinales me encuentro con nombres de pueblos y aldeas de profunda significaci\u00f3n en la historia de la Iglesia y de Espa\u00f1a: Illescas, por un lado, Talavera, por otro; San Pablo de los Montes, Villafranca de los Caballeros&#8230; Por donde quiera que voy me encuentro con esos grupos humanos llenos de altos valores; con esos templos magn\u00edficos y esos monumentos art\u00edsticos; con ese aprecio espiritual, quiz\u00e1 manifestado un poco rudamente, pero suficientemente significativo de la calidad espiritual de quienes los conservan y est\u00e1n orgullosos de tenerlos.<\/p>\n\n\n\n<p>Es vivir otra vez la historia. Pero yo pienso enseguida en el presente, y me pregunto: \u00bfQu\u00e9 hacer para que estas comunidades cristianas se conserven y sigan caminando con ese sentido de la vida que vino a traernos la revelaci\u00f3n cristiana y que en Toledo se ha vivido a trav\u00e9s de los siglos, con los defectos, fallos y pecados que se dan y que se dar\u00e1n siempre&#8230;? A m\u00ed esto no me impresiona excesivamente. Cuando aparece en los hombres el pecado tiene que dolernos, porque el pecado es un desviarse de Dios; pero no me impresiona, como digo, pues reconozco que, aunque se d\u00e9 el pecado, se da tambi\u00e9n la fe, que es un gran valor; porque precisamente por eso la redenci\u00f3n contin\u00faa, porque el pecado est\u00e1 continuando siempre; Dios cuenta con ello, y por eso el Cristo de la redenci\u00f3n no es s\u00f3lo el del Calvario, es el de todos los tiempos, en todas las iglesias y en todos los corazones creyentes. Hay pecado siempre, y siempre hay fe, siempre hay redenci\u00f3n. Lo importante es que la fe se mantenga y siga sirviendo de orientaci\u00f3n y norma de vida para los momentos trascendentales en que el hombre ha de ser plenamente due\u00f1o de sus destinos, sobre todo en relaci\u00f3n con Dios.<\/p>\n\n\n\n<p>Historia, pues, de Toledo, que si yo la centro particularmente en la Iglesia, vosotros, con todo derecho, la extend\u00e9is a campos m\u00e1s amplios, puesto que no ha sido solamente en lo religioso y en lo eclesial en lo que Toledo ha tenido tanta y tanta significaci\u00f3n. Por eso yo, aun cuando no pueda colaborar nada en las tareas de esta dign\u00edsima Instituci\u00f3n, puedo daros la satisfacci\u00f3n de ser un disc\u00edpulo aplicado de la historia de Toledo, que vivo gozosamente, y seguir\u00e9 viviendo con enorme inter\u00e9s mientras Dios me d\u00e9 vida.<\/p>\n\n\n\n<h2 class=\"wp-block-heading\">Una iniciativa de gran inter\u00e9s<\/h2>\n\n\n\n<p>Y en prueba de ello, ahora me vais a permitir un atrevimiento, se\u00f1ores acad\u00e9micos. Porque supone cierta audacia el que yo lance hoy una iniciativa aqu\u00ed. Pero espero que, en cuanto comprend\u00e1is el sentido de la misma, la acoger\u00e9is con inter\u00e9s.<\/p>\n\n\n\n<p>Dando muchas veces vueltas a lo que es Toledo, a lo que suscita en la mente de muchos \u2013\u00e9ramos en el C\u00f3nclave 111 cardenales del mundo entero, y no hab\u00eda ni uno a quien la palabra Toledo no le recordase un mundo de nobles ideas\u2013, se me ha ocurrido lo siguiente: Yo creo que esta ciudad y archidi\u00f3cesis est\u00e1 pidiendo que se escriba algo as\u00ed como una <em>\u00abEnciclopedia de Toledo\u00bb<\/em>. Ser\u00eda una obra que requerir\u00eda la colaboraci\u00f3n de muchos, y mucho tiempo. Una enciclopedia que estudiara y recogiera los diversos aspectos de esta historia gloriosa. Y para que fuera del todo completa, atendiera tambi\u00e9n a otros aspectos que no faltan hoy en esta clase de trabajos: geograf\u00eda, historia pol\u00edtica, cultura, arte, Iglesia, leyendas, tradiciones, costumbres populares&#8230; Podr\u00eda irse haciendo por fasc\u00edculos, con arreglo a un plan bien estudiado; se buscar\u00eda la colaboraci\u00f3n de estudiosos, sean toledanos o no, puesto que hay muchas personas capaces de entusiasmarse con el tema de Toledo. Se programar\u00edan las publicaciones, y la Academia asumir\u00eda algo as\u00ed como el alto patronazgo o alta direcci\u00f3n de esta obra, se\u00f1al\u00e1ndose plazos de tiempo que l\u00f3gicamente habr\u00e1n de ser largos; pero una vez que se empezase la obra, no deber\u00edan ser ya nunca interrumpidos. Contar\u00eda con el apoyo de muchos, y despertar\u00eda el inter\u00e9s de todos cuantos puedan estar, quiz\u00e1 un poco insensibles, disfrutando simplemente de la posesi\u00f3n tranquila de unos tesoros que acaso no estiman en todo su valor.<\/p>\n\n\n\n<p>Si la Academia acogiera esta iniciativa, yo a\u00f1adir\u00eda algo m\u00e1s. Hoy los arzobispos de Toledo no pueden ser mecenas de nada, pero s\u00ed que pueden ser impulsores de todo lo que sea bueno, por lo menos, colaboradores de quienes lo impulsan. Sin embargo, yo, en mi pobreza, ofrecer\u00eda esto: si la Academia convoca un concurso para premiar el mejor trabajo que se presente como trabajo maqueta, como trabajo esquem\u00e1tico de lo que podr\u00eda ser esa obra, yo ofrecer\u00eda a la Academia, como un peque\u00f1o obsequio \u2013porque a veces puedo disponer de alguna cantidad que me entregan para libre disposici\u00f3n\u2013 50.000 pesetas, que podr\u00edan darse como premio al que presentara el mejor proyecto orientador de dicha obra.<\/p>\n\n\n\n<p>Despu\u00e9s se podr\u00e1 pensar en c\u00f3mo ha de acometerse la ejecuci\u00f3n de la misma; y habr\u00e1 instituciones y familias toledanas que se ofrezcan a sufragar en todo o en parte los gastos que se originen; y entidades y personas que se suscriban generosamente a la serie de fasc\u00edculos. As\u00ed, con un constante esfuerzo de todos, se podr\u00e1 conseguir, a lo largo de unos a\u00f1os, la obra, en cuanto sea posible exhaustiva, que Toledo y todo el mundo culto est\u00e1 pidiendo.<\/p>\n\n\n\n<p>Yo os dejo aqu\u00ed esta iniciativa por si la consider\u00e1is digna de estimaci\u00f3n. Pienso en todos esos monumentos gloriosos; en esta misma sala en que nos encontramos. Pienso en esa catedral en donde, cada vez que entro, las piedras me hablan de la necesidad de que el Cabildo tome iniciativas pastorales vivas, para poder adecuar el presente con el significativo y fecundo pasado de ese templo grandioso. Pienso en nuestros archivos, y por eso entr\u00e9 en conversaciones con el Gobierno, a fin de lograr un entendimiento, y que todo lo que tenemos en la misma catedral, y en las parroquias, y diseminado en tantos y tantos lugares de la di\u00f3cesis, quede bien recogido e instalado en ese viejo edificio modernizado de la calle de Trinidad, de modo que pueda ser con facilidad consultado y convenientemente utilizado por los investigadores.<\/p>\n\n\n\n<h2 class=\"wp-block-heading\">Conclusi\u00f3n<\/h2>\n\n\n\n<p>Como veis, no puedo contemplar ese glorioso pasado de Toledo con una actitud simplemente pasiva. Todo me est\u00e1 hablando, todo: el arte, que aqu\u00ed ha cruzado unas manifestaciones con otras; los templos, los edificios civiles y las casas particulares, los libros, las im\u00e1genes, las personas que conocen y viven todo eso, el mundo de hoy. Este mundo de hoy que parece s\u00f3lo atento a las realidades materiales; y cuando advierte que \u00e9stas no se desarrollan conforme a sus deseos, no tiene m\u00e1s recurso que entregarse al clamor de la protesta, o desplomarse en la tristeza y enojo del que se siente frustrado en el sentido de su vida.<\/p>\n\n\n\n<p>Amo los valores espirituales, todos, los religiosos y los filos\u00f3ficos y art\u00edsticos, porque estoy convencido de que son los que realmente alimentan y elevan al hombre como tal. Y me siento un poco responsable, a la vez muy d\u00e9bil, para hacer tanto y tanto como est\u00e1 pidiendo Toledo. Pero todo menos permanecer cruzado de brazos. Esta Real Academia, el Instituto de Estudios Moz\u00e1rabes, recientemente creado, otros organismos que se proyectan en torno al Seminario, el Seminario mismo, la Catedral, la Universidad, la Casa de la Cultura&#8230;, cada uno conservando su propia autonom\u00eda, pero colaborando todos juntos con alteza de miras y generosidad de coraz\u00f3n, podr\u00edan hacer mucho por Toledo, m\u00e1s de lo mucho que ya se ha venido haciendo estos a\u00f1os, testimonio de lo cual es la docta Corporaci\u00f3n a la que hab\u00e9is querido incorporarme.<\/p>\n\n\n\n<p>Con mi agradecimiento por la distinci\u00f3n con que me honr\u00e1is, quede en pie mi ofrecimiento, y, por supuesto, siempre mi completa disposici\u00f3n para ayudar en todo lo que pueda redundar en beneficio y estima de lo que es y significa Toledo. Por donde quiera que vayamos, las piedras nos hablan. Hoy, las de esta Casa. En cuanto salgamos, las de cualquier esquina, o convento, o iglesia con que tropecemos. Y cada d\u00eda ese normal repaso al que ya estamos acostumbrados cuando vamos a nuestros quehaceres o a nuestros puestos de trabajo, por ese conjunto monumental de esta ciudad incomparable, cuyo nombre inspira a toda persona culta y la mueve a tributarle un homenaje de admiraci\u00f3n y de respeto; y que a nosotros tiene que obligarnos siempre a m\u00e1s y m\u00e1s. Muchas gracias.<\/p>\n","protected":false},"excerpt":{"rendered":"<p>Discurso de ingreso en la Real Academia de Bellas Artes y Ciencias Hist\u00f3ricas, Toledo, le\u00eddo el 12 de noviembre de 1978. Texto publicado en Toletum, n\u00fam. 12. Me honr\u00e1is con una distinci\u00f3n muy notable al entregarme este t\u00edtulo, en el que me nombr\u00e1is acad\u00e9mico honorario de esta docta Corporaci\u00f3n, con el cual hab\u00e9is querido manifestar [&hellip;]<\/p>\n","protected":false},"author":1,"featured_media":0,"comment_status":"closed","ping_status":"closed","template":"","meta":{"saved_in_kubio":false,"_eb_attr":"","ngg_post_thumbnail":0,"footnotes":""},"doc_category":[50],"doc_tag":[],"class_list":["post-512","docs","type-docs","status-publish","hentry","doc_category-temas-toledanos"],"year_month":"2026-04","word_count":3172,"total_views":0,"reactions":{"happy":0,"normal":0,"sad":0},"author_info":{"name":"P. Webmaster","author_nicename":"currante","author_url":"https:\/\/www.cardenaldonmarcelo.es\/index.php\/author\/currante\/"},"doc_category_info":[{"term_name":"Temas toledanos","term_url":"https:\/\/www.cardenaldonmarcelo.es\/index.php\/docs-category\/temas-toledanos\/"}],"doc_tag_info":[],"_links":{"self":[{"href":"https:\/\/www.cardenaldonmarcelo.es\/index.php\/wp-json\/wp\/v2\/docs\/512","targetHints":{"allow":["GET"]}}],"collection":[{"href":"https:\/\/www.cardenaldonmarcelo.es\/index.php\/wp-json\/wp\/v2\/docs"}],"about":[{"href":"https:\/\/www.cardenaldonmarcelo.es\/index.php\/wp-json\/wp\/v2\/types\/docs"}],"author":[{"embeddable":true,"href":"https:\/\/www.cardenaldonmarcelo.es\/index.php\/wp-json\/wp\/v2\/users\/1"}],"replies":[{"embeddable":true,"href":"https:\/\/www.cardenaldonmarcelo.es\/index.php\/wp-json\/wp\/v2\/comments?post=512"}],"version-history":[{"count":2,"href":"https:\/\/www.cardenaldonmarcelo.es\/index.php\/wp-json\/wp\/v2\/docs\/512\/revisions"}],"predecessor-version":[{"id":695,"href":"https:\/\/www.cardenaldonmarcelo.es\/index.php\/wp-json\/wp\/v2\/docs\/512\/revisions\/695"}],"wp:attachment":[{"href":"https:\/\/www.cardenaldonmarcelo.es\/index.php\/wp-json\/wp\/v2\/media?parent=512"}],"wp:term":[{"taxonomy":"doc_category","embeddable":true,"href":"https:\/\/www.cardenaldonmarcelo.es\/index.php\/wp-json\/wp\/v2\/doc_category?post=512"},{"taxonomy":"doc_tag","embeddable":true,"href":"https:\/\/www.cardenaldonmarcelo.es\/index.php\/wp-json\/wp\/v2\/doc_tag?post=512"}],"curies":[{"name":"wp","href":"https:\/\/api.w.org\/{rel}","templated":true}]}}