{"id":1761,"date":"2024-10-01T22:15:34","date_gmt":"2024-10-01T20:15:34","guid":{"rendered":"https:\/\/www.cardenaldonmarcelo.es\/?post_type=docs&#038;p=1761"},"modified":"2024-10-01T22:15:36","modified_gmt":"2024-10-01T20:15:36","password":"","slug":"de-quien-podemos-fiarnos-comentario-a-las-lecturas-del-xxi-domingo-del-tiempo-ordinario-ciclo-b","status":"publish","type":"docs","link":"https:\/\/www.cardenaldonmarcelo.es\/index.php\/docs\/de-quien-podemos-fiarnos-comentario-a-las-lecturas-del-xxi-domingo-del-tiempo-ordinario-ciclo-b\/","title":{"rendered":"\u00bfDe qui\u00e9n podemos fiarnos?, comentario a las lecturas del XXI domingo del Tiempo ordinario (ciclo B)"},"content":{"rendered":"\n<p class=\"has-text-align-center has-small-font-size\">Comentario a las lecturas del XXI domingo del Tiempo ordinario. ABC, 24 de agosto de 1997.<\/p>\n\n\n\n<p>La opci\u00f3n personal y la fidelidad son los n\u00facleos centrales de las lecturas de hoy. Al final del discurso eucar\u00edstico se trata de tomar una decisi\u00f3n. Como algunos murmuraban contra el lenguaje tan inaudito, que hab\u00eda empleado, y empezaron a alejarse en se\u00f1al de distanciamiento, Jes\u00fas, dirigi\u00e9ndose a sus disc\u00edpulos, les pregunt\u00f3: \u201c\u00bfTambi\u00e9n vosotros quer\u00e9is iros?\u201d. Y Josu\u00e9 \u2013leemos en la primera lectura\u2013 exigi\u00f3 una determinaci\u00f3n clara a los ancianos de Israel, a los cabezas de familia, a los jueces y algunos alguaciles: \u201csi no os parece bien escoger al Se\u00f1or, escoged a qui\u00e9n quer\u00e9is servir\u201d. Hab\u00eda que optar, elegir, manifestar un compromiso.<\/p>\n\n\n\n<p>En el evangelio se oye la palabra firme y decisiva de san Pedro: \u201cSe\u00f1or, \u00bfa qui\u00e9n iremos? T\u00fa solo tienes palabras de vida eterna. T\u00fa eres el Santo consagrado por Dios\u201d. Y en respuesta a Josu\u00e9, el pueblo manifest\u00f3 con gozo y confianza: Lejos de nosotros abandonar al Se\u00f1or para servir a dioses extranjeros. El se\u00f1or es nuestro Dios. A \u00e9l serviremos.<\/p>\n\n\n\n<p>Siempre ha sido, es y ser\u00e1 un riesgo creer. Creer \u2013y bien que lo sabemos\u2013 no es un s\u00ed a un sistema de ideas abstractas, sino un seguimiento, por encima de todo y de todos, a Aqu\u00e9l que puede y quiere salvarnos. Si le seguimos, nos salvaremos; si no le seguimos, nos perderemos. Dios no es un ser m\u00e1s o menos lejano, y m\u00e1s o menos acomodado a nuestras previsiones. Creer en Jesucristo exige concreciones en la vida. Exige el s\u00ed o el no. Hoy, por ejemplo, las lecturas nos iluminan sobre la fe en la Eucarist\u00eda y las exigencias del matrimonio cristiano, este gran misterio, que el Ap\u00f3stol compara a la entrega de Cristo a su Iglesia. Va muy unida la vivencia de la familia cristiana y la celebraci\u00f3n del banquete eucar\u00edstico. La familia ha de compartir la vida, el amor y la fe.<\/p>\n\n\n\n<p>Las exigencias de la fe son tan dif\u00edciles ahora como lo fueron para los jud\u00edos. \u201cEsta manera de hablar es inaceptable. \u00bfQui\u00e9n puede hacerle caso?\u201d. No dieron cr\u00e9dito a lo que o\u00edan: \u00a1Comer su carne y beber su sangre&#8230;! Se rebelaron contra aquellas locas expresiones. Y algunos fariseos, en el fondo, sent\u00edan una malsana alegr\u00eda, al o\u00edr lo que les sonaba a disparatadas expresiones de un pobre anormal.<\/p>\n\n\n\n<p>Pero incluso entre algunos disc\u00edpulos de Jes\u00fas se entabl\u00f3 alguna molesta discusi\u00f3n, porque les parec\u00edan muy duras aquellas palabras. Las cr\u00edticas de los fariseos hab\u00edan hecho mella en sus esp\u00edritus. Jes\u00fas sab\u00eda lo que se tra\u00edan entre ellos y les pregunt\u00f3 directamente: \u201c\u00bfEsto os escandaliza? Las palabras que os he dicho, son esp\u00edritu y vida\u201d. \u00bfSois mis disc\u00edpulos o no? \u00bfQuer\u00e9is aprender de m\u00ed o juzgarme con vuestro pobre entendimiento?<\/p>\n\n\n\n<p>Desde entonces muchos se echaron atr\u00e1s. Quiz\u00e1 a algunos pueda parecerles l\u00f3gico. O, por el contrario, nos puede resultar evidente que despu\u00e9s de todo lo que hab\u00edan visto y o\u00eddo, deber\u00edan haber cre\u00eddo en \u00c9l, haberse dejado convencer por \u00c9l, haber presentido y vislumbrado en \u00c9l una grandeza inefable, y haberle suplicado al Se\u00f1or: No te comprendemos, pero confiamos en que abras nuestro coraz\u00f3n y que en \u00e9l entre tu luz para que podamos ver.<\/p>\n\n\n\n<p>Jes\u00fas se dirigi\u00f3 a los Doce y les pregunt\u00f3: \u201c\u00bfQuer\u00e9is iros tambi\u00e9n vosotros?\u201d Ya hemos comentado la respuesta de Pedro, la que debe ser la nuestra. Como fue tambi\u00e9n la del Pueblo de Dios, pueblo n\u00f3mada, en aquel momento, al que une su fe com\u00fan en el Dios del desierto y el s\u00ed dado a la Alianza. \u00c9l les hab\u00eda sacado a ellos y a sus padres de la esclavitud de Egipto, hizo grandes signos, les protegi\u00f3 en el camino del desierto. Por eso, serviremos al Se\u00f1or, es nuestro Dios.<\/p>\n","protected":false},"excerpt":{"rendered":"<p>Comentario a las lecturas del XXI domingo del Tiempo ordinario. ABC, 24 de agosto de 1997. La opci\u00f3n personal y la fidelidad son los n\u00facleos centrales de las lecturas de hoy. Al final del discurso eucar\u00edstico se trata de tomar una decisi\u00f3n. Como algunos murmuraban contra el lenguaje tan inaudito, que hab\u00eda empleado, y empezaron [&hellip;]<\/p>\n","protected":false},"author":1,"featured_media":0,"comment_status":"closed","ping_status":"closed","template":"","meta":{"saved_in_kubio":false,"_eb_attr":"","ngg_post_thumbnail":0,"footnotes":""},"doc_category":[79],"doc_tag":[],"class_list":["post-1761","docs","type-docs","status-publish","hentry","doc_category-comentarios-a-evangelios-dominicales"],"year_month":"2026-04","word_count":692,"total_views":0,"reactions":{"happy":0,"normal":0,"sad":0},"author_info":{"name":"P. Webmaster","author_nicename":"currante","author_url":"https:\/\/www.cardenaldonmarcelo.es\/index.php\/author\/currante\/"},"doc_category_info":[{"term_name":"Comentarios a evangelios dominicales","term_url":"https:\/\/www.cardenaldonmarcelo.es\/index.php\/docs-category\/comentarios-a-evangelios-dominicales\/"}],"doc_tag_info":[],"_links":{"self":[{"href":"https:\/\/www.cardenaldonmarcelo.es\/index.php\/wp-json\/wp\/v2\/docs\/1761","targetHints":{"allow":["GET"]}}],"collection":[{"href":"https:\/\/www.cardenaldonmarcelo.es\/index.php\/wp-json\/wp\/v2\/docs"}],"about":[{"href":"https:\/\/www.cardenaldonmarcelo.es\/index.php\/wp-json\/wp\/v2\/types\/docs"}],"author":[{"embeddable":true,"href":"https:\/\/www.cardenaldonmarcelo.es\/index.php\/wp-json\/wp\/v2\/users\/1"}],"replies":[{"embeddable":true,"href":"https:\/\/www.cardenaldonmarcelo.es\/index.php\/wp-json\/wp\/v2\/comments?post=1761"}],"version-history":[{"count":1,"href":"https:\/\/www.cardenaldonmarcelo.es\/index.php\/wp-json\/wp\/v2\/docs\/1761\/revisions"}],"predecessor-version":[{"id":1762,"href":"https:\/\/www.cardenaldonmarcelo.es\/index.php\/wp-json\/wp\/v2\/docs\/1761\/revisions\/1762"}],"wp:attachment":[{"href":"https:\/\/www.cardenaldonmarcelo.es\/index.php\/wp-json\/wp\/v2\/media?parent=1761"}],"wp:term":[{"taxonomy":"doc_category","embeddable":true,"href":"https:\/\/www.cardenaldonmarcelo.es\/index.php\/wp-json\/wp\/v2\/doc_category?post=1761"},{"taxonomy":"doc_tag","embeddable":true,"href":"https:\/\/www.cardenaldonmarcelo.es\/index.php\/wp-json\/wp\/v2\/doc_tag?post=1761"}],"curies":[{"name":"wp","href":"https:\/\/api.w.org\/{rel}","templated":true}]}}