{"id":1736,"date":"2024-10-01T19:31:23","date_gmt":"2024-10-01T17:31:23","guid":{"rendered":"https:\/\/www.cardenaldonmarcelo.es\/?post_type=docs&#038;p=1736"},"modified":"2024-10-01T19:31:25","modified_gmt":"2024-10-01T17:31:25","password":"","slug":"el-corpus-nueva-alianza-comentario-a-las-lecturas-de-la-solemnidad-del-corpus-christi-ciclo-b","status":"publish","type":"docs","link":"https:\/\/www.cardenaldonmarcelo.es\/index.php\/docs\/el-corpus-nueva-alianza-comentario-a-las-lecturas-de-la-solemnidad-del-corpus-christi-ciclo-b\/","title":{"rendered":"El Corpus, Nueva Alianza, comentario a las lecturas de la solemnidad del Corpus Christi (ciclo B)"},"content":{"rendered":"\n<p class=\"has-text-align-center has-small-font-size\">Comentario a las lecturas de la solemnidad del Corpus Christi. ABC, 1 de junio de 1997.<\/p>\n\n\n\n<p>Los creyentes celebramos hoy la fiesta del Corpus, en la cual hacemos p\u00fablica y solemnemente lo que a diario vivimos muchos, cuando adoramos y sumimos al Sant\u00edsimo Cuerpo y la Sangre de Cristo. La fiesta se instituy\u00f3 en la Edad Media para combatir las herej\u00edas que negaban la presencia real de Cristo en las especies consagradas.<\/p>\n\n\n\n<p>Se trata de la Eucarist\u00eda, del culto al Dios vivo, de la Nueva Alianza, la fiesta del Pan Vivo bajado del cielo. El sacrificio eucar\u00edstico y el Se\u00f1or, presente en nuestros altares y sagrarios, o llevado en la custodia por las calles en un d\u00eda como \u00e9ste, es el v\u00ednculo de unidad que hace de los cristianos una familia. La comunidad vive gracias a la Eucarist\u00eda.<\/p>\n\n\n\n<p>Leemos el libro del \u00c9xodo, porque se nos narra la Alianza establecida entre Dios y su pueblo al pie del monte Sina\u00ed. Mois\u00e9s comunica al pueblo la voluntad de Dios y el pueblo manifiesta su compromiso de hacer todo lo que diga el Se\u00f1or. Esta Alianza se ratifica en el marco de una liturgia, que se describe con todo detalle en el texto. Mois\u00e9s pone por escrito todas las palabras del Se\u00f1or; se levanta temprano, edifica un altar y doce estelas, por las doce tribus. Manda a grupos de j\u00f3venes a ofrecer holocaustos al Se\u00f1or. Roc\u00eda al pueblo, diciendo que es la sangre de la Alianza, que hace Dios con ellos. Esa sangre, que simboliza el pacto nuevo y eterno, realizado por Cristo en la cruz, del que podemos participar nosotros todos los d\u00edas, como todos los d\u00edas tomamos el alimento para nuestro cuerpo conforme a las leyes de la naturaleza.<\/p>\n\n\n\n<p>Cristo es el Sumo Sacerdote de los bienes definitivos. Es el mediador entre Dios y los hombres, y su sangre, en virtud del Esp\u00edritu, purifica nuestra conciencia de las obras muertas y nos lleva al culto del Dios vivo. La Eucarist\u00eda no es un invento nuestro, es de Cristo, como nos lo narra hoy el evangelio de san Mateo: \u201cTomad, esto es mi cuerpo. Bebed, esta es mi sangre\u201d.<\/p>\n\n\n\n<p>La Eucarist\u00eda es el sacramento del sacrificio de Cristo. En ese sacrificio entramos en comuni\u00f3n con Cristo y con todos los dem\u00e1s humanos. Celebrar el sacrificio de Cristo y, en su medida, adorar al Sant\u00edsimo Sacramento, es una acci\u00f3n, que nos compromete para que nos sacrifiquemos por los dem\u00e1s. En torno a la mesa eucar\u00edstica nace y vive la Iglesia. La uni\u00f3n fraterna y la caridad son el fruto espec\u00edfico de este sacramento.<\/p>\n\n\n\n<p>Estamos a\u00fan de camino, somos peregrinos, nos fatigamos, nos sentimos inestables y d\u00e9biles, por todo lo cual necesitamos de la Eucarist\u00eda. Dios se hace diariamente el encontradizo con nosotros, si queremos, para ayudarnos, sustentarnos y animarnos. La eternidad se prepara en el tiempo y la vamos logrando, bajo signos sencillos de terrena cotidianeidad como son el pan y el vino transformados en el cuerpo y la sangre del Se\u00f1or.<\/p>\n\n\n\n<p>\u00a1Qu\u00e9 gran amor del Hijo y qu\u00e9 gran amor del Padre! \u00bfC\u00f3mo el Padre Eterno consiente ver en manos y corazones tan ruines a su Hijo?, se pregunta admirada santa Teresa de Jes\u00fas. Leed en el \u201cCamino de Perfecci\u00f3n\u201d sus comentarios al Padrenuestro, y en concreto los cap\u00edtulos 57 al 61. Son pura delicia de un alma, que, al escribir, parece estar gozando ya de la visi\u00f3n de Dios.<\/p>\n","protected":false},"excerpt":{"rendered":"<p>Comentario a las lecturas de la solemnidad del Corpus Christi. ABC, 1 de junio de 1997. Los creyentes celebramos hoy la fiesta del Corpus, en la cual hacemos p\u00fablica y solemnemente lo que a diario vivimos muchos, cuando adoramos y sumimos al Sant\u00edsimo Cuerpo y la Sangre de Cristo. La fiesta se instituy\u00f3 en la [&hellip;]<\/p>\n","protected":false},"author":1,"featured_media":0,"comment_status":"closed","ping_status":"closed","template":"","meta":{"saved_in_kubio":false,"_eb_attr":"","ngg_post_thumbnail":0,"footnotes":""},"doc_category":[79,53],"doc_tag":[],"class_list":["post-1736","docs","type-docs","status-publish","hentry","doc_category-comentarios-a-evangelios-dominicales","doc_category-la-eucaristia-en-la-vida-del-cristiano"],"year_month":"2026-04","word_count":603,"total_views":0,"reactions":{"happy":0,"normal":0,"sad":0},"author_info":{"name":"P. Webmaster","author_nicename":"currante","author_url":"https:\/\/www.cardenaldonmarcelo.es\/index.php\/author\/currante\/"},"doc_category_info":[{"term_name":"Comentarios a evangelios dominicales","term_url":"https:\/\/www.cardenaldonmarcelo.es\/index.php\/docs-category\/comentarios-a-evangelios-dominicales\/"},{"term_name":"La Eucarist\u00eda en la vida del cristiano","term_url":"https:\/\/www.cardenaldonmarcelo.es\/index.php\/docs-category\/la-eucaristia-en-la-vida-del-cristiano\/"}],"doc_tag_info":[],"_links":{"self":[{"href":"https:\/\/www.cardenaldonmarcelo.es\/index.php\/wp-json\/wp\/v2\/docs\/1736","targetHints":{"allow":["GET"]}}],"collection":[{"href":"https:\/\/www.cardenaldonmarcelo.es\/index.php\/wp-json\/wp\/v2\/docs"}],"about":[{"href":"https:\/\/www.cardenaldonmarcelo.es\/index.php\/wp-json\/wp\/v2\/types\/docs"}],"author":[{"embeddable":true,"href":"https:\/\/www.cardenaldonmarcelo.es\/index.php\/wp-json\/wp\/v2\/users\/1"}],"replies":[{"embeddable":true,"href":"https:\/\/www.cardenaldonmarcelo.es\/index.php\/wp-json\/wp\/v2\/comments?post=1736"}],"version-history":[{"count":1,"href":"https:\/\/www.cardenaldonmarcelo.es\/index.php\/wp-json\/wp\/v2\/docs\/1736\/revisions"}],"predecessor-version":[{"id":1737,"href":"https:\/\/www.cardenaldonmarcelo.es\/index.php\/wp-json\/wp\/v2\/docs\/1736\/revisions\/1737"}],"wp:attachment":[{"href":"https:\/\/www.cardenaldonmarcelo.es\/index.php\/wp-json\/wp\/v2\/media?parent=1736"}],"wp:term":[{"taxonomy":"doc_category","embeddable":true,"href":"https:\/\/www.cardenaldonmarcelo.es\/index.php\/wp-json\/wp\/v2\/doc_category?post=1736"},{"taxonomy":"doc_tag","embeddable":true,"href":"https:\/\/www.cardenaldonmarcelo.es\/index.php\/wp-json\/wp\/v2\/doc_tag?post=1736"}],"curies":[{"name":"wp","href":"https:\/\/api.w.org\/{rel}","templated":true}]}}