{"id":1626,"date":"2024-10-01T18:43:42","date_gmt":"2024-10-01T16:43:42","guid":{"rendered":"https:\/\/www.cardenaldonmarcelo.es\/?post_type=docs&#038;p=1626"},"modified":"2024-10-01T18:43:44","modified_gmt":"2024-10-01T16:43:44","password":"","slug":"creo-en-el-espiritu-santo-comentario-a-las-lecturas-del-domingo-de-pentecostes-ciclo-a","status":"publish","type":"docs","link":"https:\/\/www.cardenaldonmarcelo.es\/index.php\/docs\/creo-en-el-espiritu-santo-comentario-a-las-lecturas-del-domingo-de-pentecostes-ciclo-a\/","title":{"rendered":"Creo en el Esp\u00edritu Santo, comentario a las lecturas del domingo de Pentecost\u00e9s (ciclo A)"},"content":{"rendered":"\n<p class=\"has-text-align-center has-small-font-size\">Comentario a las lecturas del domingo de Pentecost\u00e9s. ABC, 26 de mayo de 1966.<\/p>\n\n\n\n<p>Celebramos, llenos de confianza, la venida del Esp\u00edritu Santo sobre los Ap\u00f3stoles, reunidos con Mar\u00eda en oraci\u00f3n.<\/p>\n\n\n\n<p>En la Misa de la Vigilia se nos pone de manifiesto que la biograf\u00eda del Esp\u00edritu ocupa en realidad toda la Biblia. Desde el Esp\u00edritu que act\u00faa en el comienzo del G\u00e9nesis hasta el Nuevo Testamento. \u201cEl Esp\u00edritu y la esposa (la Iglesia) dicen \u2018\u00a1Ven!\u2019 Y el que tenga sed, que se acerque; y el que quiera, reciba gratis agua de vida. Que la gracia del Se\u00f1or Jes\u00fas sea con todos. Am\u00e9n\u201d (Final del Apocalipsis).<\/p>\n\n\n\n<p>El agua de la vida, de que habla san Juan, no es m\u00e1s que el calor y la fuerza del Esp\u00edritu, que sostiene a los m\u00e1rtires, ayuda a las familias, invita a rezar, nos aparta de ambiciones, codicias o lujurias, mantiene el amor a la pureza, enciende la fe, sostiene la esperanza en lo m\u00e1s hondo de las dificultades, aclara las dudas, hace sentir el gozo de la cercan\u00eda de Dios, insta a recibir los sacramentos, ayuda a la Jerarqu\u00eda de la Iglesia, acompa\u00f1a al Papa y a los obispos y cubre con su sombra protectora al entero Pueblo de Dios, para que no se desv\u00ede del camino recto.<\/p>\n\n\n\n<p>A veces bastar\u00e1 una voz, que se levantar\u00e1 en la asamblea, para proclamar la verdad, y har\u00e1 enmudecer el griter\u00edo torpe de los que defienden la mentira. El Esp\u00edritu es a Jes\u00fas lo que Jes\u00fas fue al Padre. Es decir, hoy es el Esp\u00edritu Santo quien nos revela a Jes\u00fas, como Jes\u00fas por la fuerza del mismo Esp\u00edritu, revel\u00f3 al Padre.<\/p>\n\n\n\n<p>Hemos de reconocer que hemos incurrido en un fallo tremendo y doloroso, al no educar al pueblo cristiano en la fe, la devoci\u00f3n y el amor al Esp\u00edritu Santo. Esta ausencia supone una desertizaci\u00f3n de la Iglesia. No podemos vivir sin el Esp\u00edritu, sin hablar con \u00c9l, sin invocarle silenciosa y confiadamente, con lenguaje de enamorados. \u201cCuando venga el Esp\u00edritu \u2013dijo Jes\u00fas y as\u00ed consta en el evangelio de san Juan\u2013 os guiar\u00e1 hacia la verdad completa\u201d. Lo cual no significa que lo que nos hab\u00eda revelado era incompleto, sino que de la revelaci\u00f3n hecha ir\u00edan brotando, por la asistencia del Esp\u00edritu, luces, energ\u00edas, claridades, que disipar\u00edan la oscuridad, atenciones que no hab\u00edamos prestado, frutos que llenar\u00edan las almas de vigor y coherencia cristiana, una riqueza interior, que nos capacitar\u00eda para luchar con alegr\u00eda de hijos fieles contra la perversi\u00f3n del mundo.<\/p>\n\n\n\n<p>Nos hemos quedado, al hablar del Esp\u00edritu, en la repetici\u00f3n de lo sucedido en Pentecost\u00e9s y en la referencia de lo que nos ilumina a la Iglesia para elegir Papa, para la acci\u00f3n silenciosa de los obispos, etc. Es mucho m\u00e1s. \u201cNadie puede decir ni siquiera Jes\u00fas es el Se\u00f1or, si no es bajo la acci\u00f3n del Esp\u00edritu Santo\u201d, dice san Pablo. \u00c9l es todo en la Iglesia, ni un solo acto de fe, ni un servicio de amor, ni la luz de la esperanza es posible sin el Esp\u00edritu Santo. \u00c9l siempre est\u00e1 realizando la obra de la nueva creaci\u00f3n. \u00c9l hace surgir constantemente en el mundo envejecido movimientos, carismas, formas nuevas de espiritualidad, que transforman la faz de la tierra.<\/p>\n\n\n\n<p>El Esp\u00edritu Santo es la savia de la Iglesia, mantiene la unidad, hace desearla, cuando se rompe, con su fuerza vence al mundo. \u00c9l tiene que poseernos como posey\u00f3 a Cristo, viviendo en nosotros y nosotros en \u00c9l.<\/p>\n","protected":false},"excerpt":{"rendered":"<p>Comentario a las lecturas del domingo de Pentecost\u00e9s. ABC, 26 de mayo de 1966. Celebramos, llenos de confianza, la venida del Esp\u00edritu Santo sobre los Ap\u00f3stoles, reunidos con Mar\u00eda en oraci\u00f3n. En la Misa de la Vigilia se nos pone de manifiesto que la biograf\u00eda del Esp\u00edritu ocupa en realidad toda la Biblia. Desde el [&hellip;]<\/p>\n","protected":false},"author":1,"featured_media":0,"comment_status":"closed","ping_status":"closed","template":"","meta":{"saved_in_kubio":false,"_eb_attr":"","ngg_post_thumbnail":0,"footnotes":""},"doc_category":[79,54],"doc_tag":[],"class_list":["post-1626","docs","type-docs","status-publish","hentry","doc_category-comentarios-a-evangelios-dominicales","doc_category-el-espiritu-santo"],"year_month":"2026-05","word_count":635,"total_views":0,"reactions":{"happy":0,"normal":0,"sad":0},"author_info":{"name":"P. Webmaster","author_nicename":"currante","author_url":"https:\/\/www.cardenaldonmarcelo.es\/index.php\/author\/currante\/"},"doc_category_info":[{"term_name":"Comentarios a evangelios dominicales","term_url":"https:\/\/www.cardenaldonmarcelo.es\/index.php\/docs-category\/comentarios-a-evangelios-dominicales\/"},{"term_name":"El Esp\u00edritu Santo","term_url":"https:\/\/www.cardenaldonmarcelo.es\/index.php\/docs-category\/el-espiritu-santo\/"}],"doc_tag_info":[],"_links":{"self":[{"href":"https:\/\/www.cardenaldonmarcelo.es\/index.php\/wp-json\/wp\/v2\/docs\/1626","targetHints":{"allow":["GET"]}}],"collection":[{"href":"https:\/\/www.cardenaldonmarcelo.es\/index.php\/wp-json\/wp\/v2\/docs"}],"about":[{"href":"https:\/\/www.cardenaldonmarcelo.es\/index.php\/wp-json\/wp\/v2\/types\/docs"}],"author":[{"embeddable":true,"href":"https:\/\/www.cardenaldonmarcelo.es\/index.php\/wp-json\/wp\/v2\/users\/1"}],"replies":[{"embeddable":true,"href":"https:\/\/www.cardenaldonmarcelo.es\/index.php\/wp-json\/wp\/v2\/comments?post=1626"}],"version-history":[{"count":1,"href":"https:\/\/www.cardenaldonmarcelo.es\/index.php\/wp-json\/wp\/v2\/docs\/1626\/revisions"}],"predecessor-version":[{"id":1627,"href":"https:\/\/www.cardenaldonmarcelo.es\/index.php\/wp-json\/wp\/v2\/docs\/1626\/revisions\/1627"}],"wp:attachment":[{"href":"https:\/\/www.cardenaldonmarcelo.es\/index.php\/wp-json\/wp\/v2\/media?parent=1626"}],"wp:term":[{"taxonomy":"doc_category","embeddable":true,"href":"https:\/\/www.cardenaldonmarcelo.es\/index.php\/wp-json\/wp\/v2\/doc_category?post=1626"},{"taxonomy":"doc_tag","embeddable":true,"href":"https:\/\/www.cardenaldonmarcelo.es\/index.php\/wp-json\/wp\/v2\/doc_tag?post=1626"}],"curies":[{"name":"wp","href":"https:\/\/api.w.org\/{rel}","templated":true}]}}