{"id":1495,"date":"2024-09-30T23:10:47","date_gmt":"2024-09-30T21:10:47","guid":{"rendered":"https:\/\/www.cardenaldonmarcelo.es\/?post_type=docs&#038;p=1495"},"modified":"2024-09-30T23:10:48","modified_gmt":"2024-09-30T21:10:48","password":"","slug":"don-jose-guerra-campos","status":"publish","type":"docs","link":"https:\/\/www.cardenaldonmarcelo.es\/index.php\/docs\/don-jose-guerra-campos\/","title":{"rendered":"Don Jos\u00e9 Guerra Campos"},"content":{"rendered":"\n<p class=\"has-text-align-center has-small-font-size\">Pr\u00f3logo para el libro que con este titulo escribi\u00f3, y no fue publicado, el Dr. don Domingo Muelas Alcocer, 2000.<\/p>\n\n\n\n<p>Con la muerte, no esperada, del Obispo don Jos\u00e9 Guerra Campos la Iglesia espa\u00f1ola qued\u00f3 sin duda empobrecida. Digo simplemente empobrecida, porque sigui\u00f3 entregada a sus tareas de evangelizaci\u00f3n trabajando y luchando por llevar a todos los ambientes el nombre, la palabra y la vida de Cristo.<\/p>\n\n\n\n<p>Pero con Mons. Guerra Campos muri\u00f3 tambi\u00e9n el que estaba mejor dotado para el an\u00e1lisis profundo de los temas y cuestiones, que se nos propon\u00edan desde Roma; o bien las consecuencias, que podr\u00edan derivarse de una ley o una disposici\u00f3n de los gobiernos regionales o nacional de Espa\u00f1a; y con los an\u00e1lisis la expresi\u00f3n literaria, ese precioso estilo, de los comentarios, que f\u00e1cilmente surg\u00edan de su lucidez o capacidad cr\u00edtica.<\/p>\n\n\n\n<p>En este libro del Dr. Domingo Muelas Alcocer, Can\u00f3nigo Penitenciario y P\u00e1rroco de Cuenca, se nos ofrecen algunos testimonios de lo que digo, cuando el autor, en confirmaci\u00f3n de lo que va exponiendo, aduce textos literales del Obispo Guerra Campos. As\u00ed, por ejemplo, en la respuesta a la revista \u201cIntervi\u00fa\u201d, que le hab\u00eda calumniado; o en lo que el autor titula \u201cPor qu\u00e9 dejo de asistir a la Conferencia\u201d; o en lo que Don Jos\u00e9 escribi\u00f3 en el Bolet\u00edn de la Di\u00f3cesis, dando la versi\u00f3n completa de su juicio sobre el Concilio, como \u00e9l lo expuso a petici\u00f3n del peri\u00f3dico ABC, pero que \u00e9ste public\u00f3 mutilado. Igualmente es interesante, en relaci\u00f3n con lo que estamos diciendo, la valoraci\u00f3n que don Jos\u00e9 hace de la Asamblea Conjunta a diez a\u00f1os de haberse celebrado.<\/p>\n\n\n\n<p>El libro es, pues, como una cr\u00f3nica diocesana del Pontificado de Mons. Guerra en Cuenca, no muy ordenado ni pormenorizado, pero suficiente para suscitar el m\u00e1s vivo inter\u00e9s del lector por conocer y saber m\u00e1s y m\u00e1s de lo que hizo y dej\u00f3 escrito el Obispo de quien se trata.<\/p>\n\n\n\n<p>No es un estudio a fondo de sus escritos en las diversas funciones que desempe\u00f1\u00f3 durante su vida episcopal. Por ejemplo, ser\u00eda del mayor inter\u00e9s la documentaci\u00f3n que el Obispo poseyera como propia, en relaci\u00f3n con los documentos de la Conferencia durante el tiempo, en que fue Secretario de la misma. Estoy seguro de que \u00e9l no retuvo documentos de la Conferencia o a la misma dirigidos, pero lo que s\u00ed tendr\u00eda ser\u00edan comentarios, juicios cr\u00edticos de unos y de otros, que fueron surgiendo y que consider\u00f3 conveniente conservar.<\/p>\n\n\n\n<p>En relaci\u00f3n con todos estos hechos, que tuvieron relaci\u00f3n con Mons. Guerra Campos y que dieron lugar a tanto y a veces indigno tratamiento de su persona y sus cualidades, puedo revelar algo de singular inter\u00e9s. En uno de mis viajes a Roma, que sol\u00edan durar siempre una semana, me llam\u00f3 Mons. Benelli, Sustituto de la Secretar\u00eda de Estado, y me rog\u00f3 que una vez en Espa\u00f1a hablase a Mons. Guerra, como amigo y como Metropolitano suyo que yo era, y le dijese que \u00e9l \u2013Mons. Benelli\u2013 deseaba hablar con Mons. Guerra, despu\u00e9s que fuese a Roma, tan pronto como pudiese; que le estimaba y quer\u00eda mucho desde los tiempos de estudiante en la Gregoriana, que sab\u00eda lo mucho que val\u00eda , etc&#8230; Francamente daba a entender que ser\u00eda una entrevista muy grata y tendente a eliminar obst\u00e1culos para una inteligencia mutua y un comportamiento sucesivo que ser\u00eda muy provechoso.<\/p>\n\n\n\n<p>Cuando llegu\u00e9 a Espa\u00f1a, llam\u00e9 enseguida a Mons. Guerra y le expuse lo que se me hab\u00eda dicho. Recibi\u00f3 la comunicaci\u00f3n con \u00e1nimo tranquilo, sin darle mayor importancia; y al poco tiempo fue a Roma. Pero la fatalidad hizo que Mons. Benelli no estuviera. Le dijeron que hab\u00eda tenido que acudir a una Di\u00f3cesis del Sur de Italia, donde hab\u00eda un conflicto muy serio y no hab\u00eda dejado recado ninguno para su visitante. Esper\u00f3 tres o cuatro d\u00edas; y, sin m\u00e1s, se volvi\u00f3 a Espa\u00f1a. Probablemente de haberse producido la entrevista, habr\u00edan cambiado muchas cosas.<\/p>\n\n\n\n<p>Mons. Guerra volvi\u00f3 a su Di\u00f3cesis y sigui\u00f3 trabajando en jornadas agotadoras, recibiendo a sacerdotes a veces hasta las cuatro de la tarde, comiendo pobremente, asistido por una prima suya progresivamente enferma, visitando parroquias, haci\u00e9ndose presente en las fiestas de los pueblos grandes y peque\u00f1os, recuperando con laborioso esfuerzo el patrimonio art\u00edstico de la Di\u00f3cesis, fomentando la creatividad en museos y escuelas, atendiendo a la formaci\u00f3n de los seglares en una Escuela de Teolog\u00eda instituida <em>ad hoc<\/em>, intent\u00f3 establecer lazos culturales de Cuenca con Am\u00e9rica, concretamente con la Rep\u00fablica de Santo Domingo, dio a conocer la joya cultural y pastoral del Catecismo Triling\u00fce, viaj\u00f3 a Am\u00e9rica y asisti\u00f3 a la Canonizaci\u00f3n del P. Juan del Castillo, conquense, en Paraguay martirizado en 1626 con otros jesuitas, y conmovi\u00f3 al Papa hasta moverle a decir: \u201c\u00a1Cuenca, \u00a1bendita!\u201d.<\/p>\n\n\n\n<p>Don Jos\u00e9 sigui\u00f3 su curso, cada vez m\u00e1s pobre de recursos y m\u00e1s rico en virtudes. Una de sus \u00faltimas obras, pensando siempre en la ayuda del clero diocesano, fue la construcci\u00f3n de la Casa Sacerdotal de la Di\u00f3cesis.<\/p>\n\n\n\n<p>Al cumplir los 75 a\u00f1os, le fue aceptada la renuncia, que m\u00e1s de una vez hab\u00eda presentado, y el que calificaron de intelectual et\u00e9reo, que se mov\u00eda en el campo de las abstracciones, dej\u00f3 recuperados para la Di\u00f3cesis monumentos notables, dio vigor a la C\u00e1ritas Diocesana, y realiz\u00f3 obras de restauraci\u00f3n y conservaci\u00f3n en 337 templos parroquiales, ermitas, conventos y monasterios.<\/p>\n\n\n\n<p>Felicito al autor de este libro por el esfuerzo que ha hecho para recopilar datos, que de otro modo podr\u00edan olvidarse, y ofrecernos una magn\u00edfica s\u00edntesis de trabajo y vida de un Obispo extraordinario.<\/p>\n\n\n\n<p>Noviembre de 2000<\/p>\n","protected":false},"excerpt":{"rendered":"<p>Pr\u00f3logo para el libro que con este titulo escribi\u00f3, y no fue publicado, el Dr. don Domingo Muelas Alcocer, 2000. Con la muerte, no esperada, del Obispo don Jos\u00e9 Guerra Campos la Iglesia espa\u00f1ola qued\u00f3 sin duda empobrecida. Digo simplemente empobrecida, porque sigui\u00f3 entregada a sus tareas de evangelizaci\u00f3n trabajando y luchando por llevar a [&hellip;]<\/p>\n","protected":false},"author":1,"featured_media":0,"comment_status":"closed","ping_status":"closed","template":"","meta":{"saved_in_kubio":false,"_eb_attr":"","ngg_post_thumbnail":0,"footnotes":""},"doc_category":[68,75],"doc_tag":[],"class_list":["post-1495","docs","type-docs","status-publish","hentry","doc_category-predicacion-escritos-y-conferencias-sobre-los-santos","doc_category-prologos"],"year_month":"2026-04","word_count":1009,"total_views":0,"reactions":{"happy":0,"normal":0,"sad":0},"author_info":{"name":"P. Webmaster","author_nicename":"currante","author_url":"https:\/\/www.cardenaldonmarcelo.es\/index.php\/author\/currante\/"},"doc_category_info":[{"term_name":"Predicaci\u00f3n, escritos y conferencias sobre los santos y otras figuras de la Iglesia","term_url":"https:\/\/www.cardenaldonmarcelo.es\/index.php\/docs-category\/predicacion-escritos-y-conferencias-sobre-los-santos\/"},{"term_name":"Pr\u00f3logos","term_url":"https:\/\/www.cardenaldonmarcelo.es\/index.php\/docs-category\/prologos\/"}],"doc_tag_info":[],"_links":{"self":[{"href":"https:\/\/www.cardenaldonmarcelo.es\/index.php\/wp-json\/wp\/v2\/docs\/1495","targetHints":{"allow":["GET"]}}],"collection":[{"href":"https:\/\/www.cardenaldonmarcelo.es\/index.php\/wp-json\/wp\/v2\/docs"}],"about":[{"href":"https:\/\/www.cardenaldonmarcelo.es\/index.php\/wp-json\/wp\/v2\/types\/docs"}],"author":[{"embeddable":true,"href":"https:\/\/www.cardenaldonmarcelo.es\/index.php\/wp-json\/wp\/v2\/users\/1"}],"replies":[{"embeddable":true,"href":"https:\/\/www.cardenaldonmarcelo.es\/index.php\/wp-json\/wp\/v2\/comments?post=1495"}],"version-history":[{"count":1,"href":"https:\/\/www.cardenaldonmarcelo.es\/index.php\/wp-json\/wp\/v2\/docs\/1495\/revisions"}],"predecessor-version":[{"id":1496,"href":"https:\/\/www.cardenaldonmarcelo.es\/index.php\/wp-json\/wp\/v2\/docs\/1495\/revisions\/1496"}],"wp:attachment":[{"href":"https:\/\/www.cardenaldonmarcelo.es\/index.php\/wp-json\/wp\/v2\/media?parent=1495"}],"wp:term":[{"taxonomy":"doc_category","embeddable":true,"href":"https:\/\/www.cardenaldonmarcelo.es\/index.php\/wp-json\/wp\/v2\/doc_category?post=1495"},{"taxonomy":"doc_tag","embeddable":true,"href":"https:\/\/www.cardenaldonmarcelo.es\/index.php\/wp-json\/wp\/v2\/doc_tag?post=1495"}],"curies":[{"name":"wp","href":"https:\/\/api.w.org\/{rel}","templated":true}]}}