{"id":1491,"date":"2024-09-30T23:09:23","date_gmt":"2024-09-30T21:09:23","guid":{"rendered":"https:\/\/www.cardenaldonmarcelo.es\/?post_type=docs&#038;p=1491"},"modified":"2024-09-30T23:09:24","modified_gmt":"2024-09-30T21:09:24","password":"","slug":"el-cardenal-ciriaco-maria-sancha","status":"publish","type":"docs","link":"https:\/\/www.cardenaldonmarcelo.es\/index.php\/docs\/el-cardenal-ciriaco-maria-sancha\/","title":{"rendered":"El Cardenal Ciriaco Mar\u00eda Sancha"},"content":{"rendered":"\n<p class=\"has-text-align-center has-small-font-size\">Pr\u00f3logo para la biograf\u00eda \u00abEl Cardenal don Ciriaco Mar\u00eda Sancha\u00bb, redactada por Francisco Moreno, 1980.<\/p>\n\n\n\n<p>\u201cAl iniciador de los Congresos Cat\u00f3licos; propagador de los Centros Obreros e incansable ap\u00f3stol de las doctrinas del Romano Pont\u00edfice\u201d, dedicaba el pueblo toledano un arco triunfal con esa leyenda, a la entrada de la plaza de Zocodover, el 5 de junio de 1898, con motivo de la llegada de su nuevo Arzobispo, Cardenal don Ciriaco Mar\u00eda Sancha y Herv\u00e1s.<\/p>\n\n\n\n<p>Era el comienzo de un pontificado de once a\u00f1os, cuyo estilo aparece resumido en la lauda sepulcral a la entrada de la sacrist\u00eda de la Catedral Primada: \u201cHaci\u00e9ndose todo para todos y ardiendo en caridad y celo, vivi\u00f3 siempre pobre y paup\u00e9rrimo. Muri\u00f3 en Toledo el d\u00eda 25 de febrero del a\u00f1o del Se\u00f1or 1909\u201d.<\/p>\n\n\n\n<p>He aceptado con sumo gusto la invitaci\u00f3n del autor de este libro, Rvdo. D. Francisco Moreno, y escribo estas l\u00edneas a manera de pr\u00f3logo, no s\u00f3lo por tratarse de un antecesor m\u00edo en la silla de San Ildefonso, sino tambi\u00e9n por satisfacer el leg\u00edtimo deseo de las \u201cHermanas de la Caridad del Cardenal Sancha\u201d, quienes han recurrido a este Arzobispado para tratar de introducir la causa de Beatificaci\u00f3n de su Padre Fundador.<\/p>\n\n\n\n<p>Este libro, escrito con sobriedad y elegancia, despu\u00e9s de un estudio de investigaci\u00f3n rigurosa, ayuda a percibir el aroma de santidad de una vida consagrada principalmente al servicio de la Santa Madre Iglesia, con particular atenci\u00f3n a los m\u00e1s necesitados: los pobres y los ni\u00f1os. El cuidado de estos indigentes, que el Cardenal Sancha sigue prodigando a trav\u00e9s de sus \u201cHermanas de la Caridad\u201d, brot\u00f3 de su alma generosa, que, en alas de la fe, la esperanza y la caridad, conoci\u00f3 la necesidad del sacrificio personal, institucionaliz\u00e1ndolo en una Congregaci\u00f3n religiosa. Es una exigencia para hacer la obra de Dios: una fe firme, que se manifiesta en una fidelidad absoluta a la Iglesia de Cristo; una gran fortaleza en el empe\u00f1o, por la seguridad de las promesas en la divina asistencia; y un amor ardiente a las criaturas del Se\u00f1or, originado en la caridad, amor sobre todas las cosas, al Se\u00f1or de las criaturas.<\/p>\n\n\n\n<p>El ambiente social, en el que le toc\u00f3 vivir al Cardenal Sancha no era especialmente favorable. Nace en el a\u00f1o de la muerte de Fernando VII, 1833, triste periodo para la Iglesia de Espa\u00f1a y sus colonias de ultramar. A pesar del Manifiesto de su viuda, Do\u00f1a Mar\u00eda Cristina de Borb\u00f3n, de respeto y protecci\u00f3n a la religi\u00f3n, el Gobierno maltrata al clero de hecho y de palabra. Son los a\u00f1os de la matanza de los frailes en Madrid y otras capitales, de la Revoluci\u00f3n del 68, de la primera Rep\u00fablica, de la guerra civil&#8230; Mas todo es Providencia de Dios, que quer\u00eda hacer pasar por el crisol del dolor a Ciriaco Mar\u00eda, que con motivo del \u201cCisma de Cuba\u201d es encarcelado durante diez meses por no reconocer al obispo cism\u00e1tico. Escribe a sus religiosas: \u201cT\u00e9nganme envidia, porque estoy preso por la Religi\u00f3n&#8230; Sigo muy contento en la c\u00e1rcel&#8230; \u00danicamente quiero que se cumpla en m\u00ed la voluntad de Dios\u201d.<\/p>\n\n\n\n<p>\u00a1La voluntad de Dios! Su cumplimiento hace los santos. El Can\u00f3nigo Penitenciario Sancha quiere cumplirla, y por lo mismo acepta la designaci\u00f3n para Obispo Auxiliar de Toledo, con residencia en Madrid, y despu\u00e9s, de \u00c1vila, en donde tuvo que soportar muchas privaciones por amor de Dios; recorriendo muchas leguas en caballer\u00eda, predicando constantemente en las visitas pastorales, administrando por millares las confirmaciones en agotadoras jornadas pastorales. A sus trapenses de Tri\u00f1osillos les hace una petici\u00f3n, que es indicio de c\u00f3mo se va acendrando su alma, al solicitar que rueguen para que \u201cse fortifique mi esp\u00edritu, se despegue de la tierra, y viva en adelante para el cielo\u201d.<\/p>\n\n\n\n<p>Sobre sus enfermedades nos dej\u00f3 escrito con un sentido claro del dolor y del sufrimiento: \u201cSea Dios bendito por la gracia se\u00f1alada, que nos hace, de estar cerca de nosotros d\u00e1ndonos cruz y ayud\u00e1ndonos tambi\u00e9n a llevarla\u201d.<\/p>\n\n\n\n<p>Fue el Cardenal Sancha y Herv\u00e1s pr\u00f3digo en obras apost\u00f3licas y culturales, de car\u00e1cter emprendedor, y gran organizador, porque lleva dentro un fuego de amor, como fuerza estimulante, que le hace buscar la promoci\u00f3n humana y social del hombre. Ya quedan nombradas la Congregaci\u00f3n de Hermanas de la Caridad, del Cardenal Sancha, y la primera Trapa femenina en Espa\u00f1a, la de Tri\u00f1osillos. \u00c9l organiz\u00f3 el Congreso Nacional Social, el primer Congreso Eucar\u00edstico Nacional, en Valencia, siendo Arzobispo de esta Sede, fundador del Monte P\u00edo de Valencia, y de Toledo en favor de los sacerdotes. \u201cTengo m\u00e1s de cien sacerdotes sin colocaci\u00f3n, que se mueren de hambre&#8230; y, adem\u00e1s, he tenido que negar la licencia a doscientos estudiantes, para que se matriculasen en el Seminario, porque hay exceso de personal en los estudios eclesi\u00e1sticos\u201d. As\u00ed escribe a una de sus monjas trapenses el 9 de diciembre de 1898. Hay que atender a ambas necesidades. De aqu\u00ed el Monte P\u00edo y las reformas materiales y culturales en el Seminario.<\/p>\n\n\n\n<p>Otra faceta muy destacable del Cardenal Sancha fue su preocupaci\u00f3n por los problemas sociales, lo cual le mereci\u00f3 el t\u00edtulo de Obispo de los obreros; y no s\u00f3lo por la peregrinaci\u00f3n obrera, que llev\u00f3 a Roma, para testimoniar a Le\u00f3n XIII su agradecimiento por la Enc\u00edclica <em>Rerum novarum<\/em>, sino porque su gran coraz\u00f3n le impulsaba a la ayuda material, y a prodigar con sus palabras las ense\u00f1anzas de la Iglesia en asambleas y c\u00edrculos cat\u00f3licos de obreros, que proliferaron en sus tiempos y a los que \u00e9l prest\u00f3 toda la ayuda que le fue posible.<\/p>\n\n\n\n<p>Junto a los obreros, como clase social, hay que poner, en la preocupaci\u00f3n y atenci\u00f3n del Cardenal, los pobres. En Toledo se conserva, en nuestros d\u00edas, la memoria de la prodigalidad, con la que socorr\u00eda a los necesitados; cargando su coche con mantas, vestidos y comestibles, recorr\u00eda las casas de los humildes, entregando junto con la limosna el coraz\u00f3n de padre y, por ello, se puede decir que entreg\u00f3 la vida, pues socorriendo a los pobres encontr\u00f3 la causa de su muerte.<\/p>\n\n\n\n<p>De su amor y obediencia al Papa son buena prueba estas palabras de su testamento: \u201cDeclara&#8230; estar hasta el \u00faltimo suspiro, unido de coraz\u00f3n y esp\u00edritu al Romano Pont\u00edfice, am\u00e1ndole como Vice-Dios en la tierra y recibiendo y creyendo todas sus ense\u00f1anzas\u201d.<\/p>\n\n\n\n<p>\u00a1Que nuestro Venerable Cardenal ayude a conseguir que los cat\u00f3licos de hoy vivan este ideal; y su vida, revelada por esta biograf\u00eda, sea, sancionada por el infalible juicio de la Iglesia, para mayor gloria de Dios, honor de la Sede toledana y provecho de las almas!<\/p>\n\n\n\n<p>Toledo, 23 de enero de 1980,<br>Fiesta de san Ildefonso<\/p>\n\n\n\n<p>El recuerdo que ha dejado el Cardenal Sancha de los a\u00f1os de su pontificado en Toledo \u20131898-1909\u2013 no se extingue con el paso del tiempo. Brilla hoy el fulgor de sus virtudes, que nos alientan e iluminan a la distancia de los sesenta y dos a\u00f1os, que han transcurrido desde la fecha de su muerte.<\/p>\n\n\n\n<p>Las religiosas de la Congregaci\u00f3n, que \u00e9l fund\u00f3 \u2013<em>Hermanas de la Caridad del Cardenal Sancha<\/em>\u2013 trabajan ahora por dar a conocer, con el rigor de una investigaci\u00f3n seria y consiguiente divulgaci\u00f3n de los resultados de su estudio, la fisionom\u00eda eclesial y humana de aquel insigne hijo y pastor de la Iglesia. Fue un hombre de Dios y de su \u00e9poca, am\u00f3 siempre a los m\u00e1s pobres, luch\u00f3 intr\u00e9pidamente por la fe cat\u00f3lica, se distingui\u00f3 por su celo apost\u00f3lico, sufri\u00f3 persecuci\u00f3n, devolvi\u00f3 bien por mal, vivi\u00f3 y muri\u00f3 como un santo. Su ejemplo sigue teniendo hoy esa singular actualidad, que acompa\u00f1a a los que han vivido inmersos en el tiempo y los problemas de los hombres, pero anclados en los eternos valores de la uni\u00f3n con Dios por encima de todo.<\/p>\n\n\n\n<p>Como Arzobispo de Toledo hoy y sucesor suyo en esta Sede Primada de Espa\u00f1a, bendigo a la Congregaci\u00f3n de <em>Hermanas de la Caridad<\/em> y agradezco cuanto est\u00e1n haciendo y se disponen a hacer para gloria de Dios en el conocimiento y estimaci\u00f3n de la vida ejemplar del Cardenal Sancha.<\/p>\n\n\n\n<p>Toledo, 24 de septiembre de 1981<\/p>\n","protected":false},"excerpt":{"rendered":"<p>Pr\u00f3logo para la biograf\u00eda \u00abEl Cardenal don Ciriaco Mar\u00eda Sancha\u00bb, redactada por Francisco Moreno, 1980. \u201cAl iniciador de los Congresos Cat\u00f3licos; propagador de los Centros Obreros e incansable ap\u00f3stol de las doctrinas del Romano Pont\u00edfice\u201d, dedicaba el pueblo toledano un arco triunfal con esa leyenda, a la entrada de la plaza de Zocodover, el 5 [&hellip;]<\/p>\n","protected":false},"author":1,"featured_media":0,"comment_status":"closed","ping_status":"closed","template":"","meta":{"saved_in_kubio":false,"_eb_attr":"","ngg_post_thumbnail":0,"footnotes":""},"doc_category":[68,75],"doc_tag":[],"class_list":["post-1491","docs","type-docs","status-publish","hentry","doc_category-predicacion-escritos-y-conferencias-sobre-los-santos","doc_category-prologos"],"year_month":"2026-04","word_count":1446,"total_views":0,"reactions":{"happy":0,"normal":0,"sad":0},"author_info":{"name":"P. Webmaster","author_nicename":"currante","author_url":"https:\/\/www.cardenaldonmarcelo.es\/index.php\/author\/currante\/"},"doc_category_info":[{"term_name":"Predicaci\u00f3n, escritos y conferencias sobre los santos y otras figuras de la Iglesia","term_url":"https:\/\/www.cardenaldonmarcelo.es\/index.php\/docs-category\/predicacion-escritos-y-conferencias-sobre-los-santos\/"},{"term_name":"Pr\u00f3logos","term_url":"https:\/\/www.cardenaldonmarcelo.es\/index.php\/docs-category\/prologos\/"}],"doc_tag_info":[],"_links":{"self":[{"href":"https:\/\/www.cardenaldonmarcelo.es\/index.php\/wp-json\/wp\/v2\/docs\/1491","targetHints":{"allow":["GET"]}}],"collection":[{"href":"https:\/\/www.cardenaldonmarcelo.es\/index.php\/wp-json\/wp\/v2\/docs"}],"about":[{"href":"https:\/\/www.cardenaldonmarcelo.es\/index.php\/wp-json\/wp\/v2\/types\/docs"}],"author":[{"embeddable":true,"href":"https:\/\/www.cardenaldonmarcelo.es\/index.php\/wp-json\/wp\/v2\/users\/1"}],"replies":[{"embeddable":true,"href":"https:\/\/www.cardenaldonmarcelo.es\/index.php\/wp-json\/wp\/v2\/comments?post=1491"}],"version-history":[{"count":1,"href":"https:\/\/www.cardenaldonmarcelo.es\/index.php\/wp-json\/wp\/v2\/docs\/1491\/revisions"}],"predecessor-version":[{"id":1492,"href":"https:\/\/www.cardenaldonmarcelo.es\/index.php\/wp-json\/wp\/v2\/docs\/1491\/revisions\/1492"}],"wp:attachment":[{"href":"https:\/\/www.cardenaldonmarcelo.es\/index.php\/wp-json\/wp\/v2\/media?parent=1491"}],"wp:term":[{"taxonomy":"doc_category","embeddable":true,"href":"https:\/\/www.cardenaldonmarcelo.es\/index.php\/wp-json\/wp\/v2\/doc_category?post=1491"},{"taxonomy":"doc_tag","embeddable":true,"href":"https:\/\/www.cardenaldonmarcelo.es\/index.php\/wp-json\/wp\/v2\/doc_tag?post=1491"}],"curies":[{"name":"wp","href":"https:\/\/api.w.org\/{rel}","templated":true}]}}