{"id":1454,"date":"2024-09-30T22:55:36","date_gmt":"2024-09-30T20:55:36","guid":{"rendered":"https:\/\/www.cardenaldonmarcelo.es\/?post_type=docs&#038;p=1454"},"modified":"2024-09-30T22:55:37","modified_gmt":"2024-09-30T20:55:37","password":"","slug":"el-pensamiento-de-juan-pablo-ii","status":"publish","type":"docs","link":"https:\/\/www.cardenaldonmarcelo.es\/index.php\/docs\/el-pensamiento-de-juan-pablo-ii\/","title":{"rendered":"El pensamiento de Juan Pablo II"},"content":{"rendered":"\n<p class=\"has-text-align-center has-small-font-size\">Pr\u00f3logo para la obra \u00abAntolog\u00eda del pensamiento de Juan Pablo II\u00bb, de Jos\u00e9 Mar\u00eda Alsina, 1979.<\/p>\n\n\n\n<p>No hay m\u00e1s remedio que plantearse en estos a\u00f1os, que estamos viviendo los hijos de la Iglesia cat\u00f3lica, si queremos ser fieles o no a las ense\u00f1anzas, que como padre y maestro viene ofreci\u00e9ndonos incesantemente el Papa. Ya lo hizo Pablo VI durante su pontificado, y despu\u00e9s, en muy corto espacio de tiempo \u2013pero con qu\u00e9 conmovedora capacidad de penetraci\u00f3n\u2013 Juan Pablo I. Hablo de \u00e9stos por ser los m\u00e1s cercanos. Los anteriores, Juan XXIII, P\u00edo XII&#8230; tambi\u00e9n hablaron y escribieron sobre la Iglesia y los problemas de su tiempo. La luz que derramaron unos y otros no se ha extinguido.<\/p>\n\n\n\n<p>Ahora, sin embargo, est\u00e1 sucediendo algo muy singular. La palabra del actual Pont\u00edfice, Juan Pablo II, est\u00e1 siendo acompa\u00f1ada de una orquestaci\u00f3n vital-pastoral tan poderosa, que arrastra a las muchedumbres y las hace sentirse como empujadas por un fuego de Pentecost\u00e9s. La palabra de Juan Pablo II es un aut\u00e9ntico golpe al coraz\u00f3n y al pensamiento de quienes la escuchan y aun de los que simplemente la leen en los peri\u00f3dicos de cada ma\u00f1ana o cada tarde, en que es recogida.<\/p>\n\n\n\n<p>Pues bien, es necesario que examinemos esa palabra alejados del fuego y del torrente, que la meditemos con serenidad para que no se nos vaya envuelta en el oleaje de sentimientos de gozo, de sorpresa, de entusiasmo, que despierta, cuando es pronunciada o le\u00edda bajo la presi\u00f3n del momento.<\/p>\n\n\n\n<p>Tiempo, tiempo para meditar esa palabra, es lo que yo ofrecer\u00eda, si pudiera, como el mejor regalo a los hombres de hoy, a los cat\u00f3licos, a los que no lo son, siendo cristianos, a los agn\u00f3sticos tambi\u00e9n, es decir, a todos, porque todos estamos necesitados de la fe y la esperanza, que la palabra del Papa promueve con vigor incre\u00edble.<\/p>\n\n\n\n<p>Esta compilaci\u00f3n de textos, preparada por el Dr. Alsina, profesor de la Universidad de Barcelona, en el Departamento de \u00c9tica y Sociolog\u00eda, miembro activo de la <em>\u201cSchola Cordis Iesu\u201d<\/em> constituye un notable acierto, empezando por la divisi\u00f3n que hace del magisterio del Papa actual en cinco grandes bloques de la mayor importancia, sobre los cuales Juan Pablo II ha lanzado al espacio la luz de su ense\u00f1anza y la vibraci\u00f3n calurosa de su vida apost\u00f3lica.<\/p>\n\n\n\n<p>Dios, el hombre y la historia, la Iglesia y la evangelizaci\u00f3n, el sacerdocio y la vida religiosa, familia y educaci\u00f3n, Mar\u00eda Madre de Dios y Madre de la Iglesia&#8230; son los temas que han merecido la atenci\u00f3n del compilador.<\/p>\n\n\n\n<p>Esto facilita grandemente la reflexi\u00f3n y la posibilidad de tener una s\u00edntesis ordenada y coherente de lo que el Papa viene repitiendo sobre aspectos tan fundamentales de nuestra vida de fe de hoy, en la Iglesia de hoy, en la sociedad de hoy.<\/p>\n\n\n\n<p>Basta ya de interpretaciones abusivas y enfermizas del concilio Vaticano II, que tanto da\u00f1o han hecho al Pueblo de Dios. Es urgente la respuesta clamorosa de los hijos de la Iglesia cat\u00f3lica a lo que nuestro Padre en la fe nos est\u00e1 diciendo. La Iglesia \u2013escribe el Dr. Canals\u2013 que ten\u00eda una fe arrugada, contra la voluntad de su divino Esposo, ha recuperado la frescura de su vida desde los d\u00edas de Juan Pablo I, el alegre y misterioso precursor; y cada d\u00eda que pasa del pontificado de Juan Pablo II, ese frescor es cada vez m\u00e1s vivo y contagioso.<\/p>\n\n\n\n<p>Estoy seguro de que la lectura sosegada de los documentos, que se recogen en este libro ayudar\u00e1 a disipar las tinieblas que a\u00fan quedan, y a que brille m\u00e1s intensa la luz de las nuevas auroras.<\/p>\n","protected":false},"excerpt":{"rendered":"<p>Pr\u00f3logo para la obra \u00abAntolog\u00eda del pensamiento de Juan Pablo II\u00bb, de Jos\u00e9 Mar\u00eda Alsina, 1979. No hay m\u00e1s remedio que plantearse en estos a\u00f1os, que estamos viviendo los hijos de la Iglesia cat\u00f3lica, si queremos ser fieles o no a las ense\u00f1anzas, que como padre y maestro viene ofreci\u00e9ndonos incesantemente el Papa. Ya lo [&hellip;]<\/p>\n","protected":false},"author":1,"featured_media":0,"comment_status":"closed","ping_status":"closed","template":"","meta":{"saved_in_kubio":false,"_eb_attr":"","ngg_post_thumbnail":0,"footnotes":""},"doc_category":[28,75],"doc_tag":[],"class_list":["post-1454","docs","type-docs","status-publish","hentry","doc_category-el-papa","doc_category-prologos"],"year_month":"2026-04","word_count":647,"total_views":0,"reactions":{"happy":0,"normal":0,"sad":0},"author_info":{"name":"P. Webmaster","author_nicename":"currante","author_url":"https:\/\/www.cardenaldonmarcelo.es\/index.php\/author\/currante\/"},"doc_category_info":[{"term_name":"El Papa","term_url":"https:\/\/www.cardenaldonmarcelo.es\/index.php\/docs-category\/el-papa\/"},{"term_name":"Pr\u00f3logos","term_url":"https:\/\/www.cardenaldonmarcelo.es\/index.php\/docs-category\/prologos\/"}],"doc_tag_info":[],"_links":{"self":[{"href":"https:\/\/www.cardenaldonmarcelo.es\/index.php\/wp-json\/wp\/v2\/docs\/1454","targetHints":{"allow":["GET"]}}],"collection":[{"href":"https:\/\/www.cardenaldonmarcelo.es\/index.php\/wp-json\/wp\/v2\/docs"}],"about":[{"href":"https:\/\/www.cardenaldonmarcelo.es\/index.php\/wp-json\/wp\/v2\/types\/docs"}],"author":[{"embeddable":true,"href":"https:\/\/www.cardenaldonmarcelo.es\/index.php\/wp-json\/wp\/v2\/users\/1"}],"replies":[{"embeddable":true,"href":"https:\/\/www.cardenaldonmarcelo.es\/index.php\/wp-json\/wp\/v2\/comments?post=1454"}],"version-history":[{"count":1,"href":"https:\/\/www.cardenaldonmarcelo.es\/index.php\/wp-json\/wp\/v2\/docs\/1454\/revisions"}],"predecessor-version":[{"id":1455,"href":"https:\/\/www.cardenaldonmarcelo.es\/index.php\/wp-json\/wp\/v2\/docs\/1454\/revisions\/1455"}],"wp:attachment":[{"href":"https:\/\/www.cardenaldonmarcelo.es\/index.php\/wp-json\/wp\/v2\/media?parent=1454"}],"wp:term":[{"taxonomy":"doc_category","embeddable":true,"href":"https:\/\/www.cardenaldonmarcelo.es\/index.php\/wp-json\/wp\/v2\/doc_category?post=1454"},{"taxonomy":"doc_tag","embeddable":true,"href":"https:\/\/www.cardenaldonmarcelo.es\/index.php\/wp-json\/wp\/v2\/doc_tag?post=1454"}],"curies":[{"name":"wp","href":"https:\/\/api.w.org\/{rel}","templated":true}]}}