{"id":1432,"date":"2024-09-29T23:21:24","date_gmt":"2024-09-29T21:21:24","guid":{"rendered":"https:\/\/www.cardenaldonmarcelo.es\/?post_type=docs&#038;p=1432"},"modified":"2024-09-29T23:21:25","modified_gmt":"2024-09-29T21:21:25","password":"","slug":"al-servicio-de-los-ancianos-desvalidos","status":"publish","type":"docs","link":"https:\/\/www.cardenaldonmarcelo.es\/index.php\/docs\/al-servicio-de-los-ancianos-desvalidos\/","title":{"rendered":"Al servicio de los ancianos desvalidos"},"content":{"rendered":"\n<p class=\"has-text-align-center has-small-font-size\">Pr\u00f3logo al libro del P. Tom\u00e1s de Bustos, O.P., titulado \u00abCarisma y espiritualidad de las Hermanitas de los Ancianos Desamparados\u00bb, 2003.<\/p>\n\n\n\n<p>Hace muchos a\u00f1os que conozco y trato a las Hermanitas de los Ancianos Desamparados. He tenido la dicha de conocerlas en las tres di\u00f3cesis, en que he sido Obispo, Astorga, Barcelona y Toledo.<\/p>\n\n\n\n<p>En Astorga pude bendecir su casa renovada despu\u00e9s del incendio devastador, que hab\u00eda sufrido; en Barcelona \u2013San Justo\u2013 habl\u00e9 mucho de ellas con el Postulador de la Causa de Canonizaci\u00f3n de la Madre Fundadora, Mons. Pedro Altabella, Can\u00f3nigo de la Bas\u00edlica de San Pedro, en Roma, y patrocinador de todos los asuntos, que pudieran tener relaci\u00f3n con el mejor servicio a la Iglesia de Espa\u00f1a; y en Toledo fui llamado por ellas a participar o celebrar diversos actos, solemnes unos y sencillos otros, en muy diversas ciudades, todo lo cual me permiti\u00f3 conocer cada vez m\u00e1s y mejor a esta Congregaci\u00f3n religiosa, que no dudo en considerar como un honor insigne de la Iglesia, por su dedicaci\u00f3n constante a un sector de la humanidad, el de los ancianos desvalidos, que en las Hermanitas encuentran amparo y protecci\u00f3n, cuando les falta todo en los ambientes sociales y familiares en que han vivido.<\/p>\n\n\n\n<p>\u00bfCu\u00e1l es el secreto de la vida de estas mujeres consagradas, tan firmes e intr\u00e9pidas, tan llenas de ternura y fortaleza, tan contentas y alegres siempre en medio de su trabajo y dedicaci\u00f3n, tan poco atractivo humanamente hablando?<\/p>\n\n\n\n<p>He aqu\u00ed un libro que ofrece respuesta cabal a esta pregunta. El autor es un religioso dominico, que conoce como nadie la vida de la Congregaci\u00f3n. El P. Tom\u00e1s Bustos ha escrito diversos libros sobre la Santa Fundadora y su obra, entre los cuales hemos de citar <em>Santa Teresa de Jes\u00fas Journet. Profeta y testigo; Santa Teresa de Jes\u00fas Journet sembradora de amor; Santa Teresa de Jes\u00fas Journet, una historia de amor<\/em>. Son estudios biogr\u00e1ficos, pero que no se detienen en la narraci\u00f3n de los hechos externos, que rodean o brotan de la vida de la biografiada. Aunque rinden cuenta del desarrollo de la figura hist\u00f3rica estudiada, el P. Bustos se inclina siempre al examen de las motivaciones internas, y se recrea en el hallazgo de las riquezas espirituales, que como dones y frutos de la acci\u00f3n del Esp\u00edritu santo aparecen en las personas o hechos que analiza.<\/p>\n\n\n\n<p>As\u00ed sucede en el que ahora escribe, <em>Carisma y espiritualidad de las hermanitas de los Ancianos Desamparados<\/em>. Es un libro precioso. Contiene un an\u00e1lisis profundo de la intimidad espiritual de la Congregaci\u00f3n de las Hermanitas y de la propia Santa Fundadora. A primera vista podr\u00eda decir alguien que el autor se empe\u00f1a demasiado en querer analizar lo que la Santa dese\u00f3 y pidi\u00f3 a sus hijas, como si ya hubiera tenido presentes muchas de las cosas, que decimos hoy como consecuencia de las reflexiones que hacemos a la luz de lo que el Vaticano II dijo y lo que se viene diciendo en medio de las crisis producidas con sus luces y sus cruces. Pues s\u00ed. Admito que el autor se empe\u00f1a en conseguir esa especie de acomodaci\u00f3n. Pero afirmo igualmente que no es artificiosa ni inventada, sino fundada en la realidad de los hechos, tal como se van produciendo desde el momento inicial de la fundaci\u00f3n.<\/p>\n\n\n\n<p>En el Decreto <em>Perfectae caritatis<\/em>, del Concilio Vaticano II, la Iglesia se\u00f1al\u00f3 el retorno a las fuentes de cada congregaci\u00f3n, como el mejor camino para superar las crisis y seguir adelante con fidelidad al carisma inicial, y procurando las acomodaciones necesarias a lo que la marcha de los tiempos va se\u00f1alando. Jesucristo, el Evangelio y el carisma de la Madre Fundadora son las fuentes de la Congregaci\u00f3n de las Hermanitas con un fin espec\u00edfico: \u201cEl servicio a los ancianos abandonados o desamparados de ayuda y protecci\u00f3n\u201d.<\/p>\n\n\n\n<p>Todo cuanto se dice hoy para explicar mejor lo que se pretende vivir \u2013espiritualidad de encarnaci\u00f3n, atenci\u00f3n personalizada, alegr\u00eda en el trato, sencillez y pobreza en la propia vida, comunitariedad gozosa en la hermandad, aprecio creciente de lo que significa la cruz en nuestra vida, mansedumbre y prudencia en el trato de las Hermanitas entre s\u00ed y en la atenci\u00f3n a los ancianos, sentir de Iglesia y concepto de \u00e9sta como lo que es, la madre que nos engendra y la luz que nos gu\u00eda\u2013, todo ello est\u00e1 en la vida de las Hermanitas desde que empezaron a existir.<\/p>\n\n\n\n<p>Escribo estas l\u00edneas muy cerca del Noviciado de las Hermanitas, de Patencia, donde el autor fue prior de la Comunidad de padres dominicos y pudo por lo mismo tratar y conocer a fondo lo que eran estas Hermanas, las j\u00f3venes y las mayores. Hoy son veinte novicias, que, unidas al Noviciado de Valencia, forman un grupo de unas cuarenta, espa\u00f1olas y americanas. La misma alegr\u00eda, la misma austeridad, el mismo deseo de redimir a los ancianos pobres tanto en las de la ciudad del Turia como en las del R\u00edo Carri\u00f3n. Lo mismo las de ayer que las de hoy. Llegan tambi\u00e9n a sus manos los escritos de la Santa Fundadora como los documentos y comentarios m\u00e1s valiosos que se producen hoy. No hay desviaciones. No hay temores. S\u00f3lo un deseo inmenso de hacer el bien.<\/p>\n","protected":false},"excerpt":{"rendered":"<p>Pr\u00f3logo al libro del P. Tom\u00e1s de Bustos, O.P., titulado \u00abCarisma y espiritualidad de las Hermanitas de los Ancianos Desamparados\u00bb, 2003. Hace muchos a\u00f1os que conozco y trato a las Hermanitas de los Ancianos Desamparados. He tenido la dicha de conocerlas en las tres di\u00f3cesis, en que he sido Obispo, Astorga, Barcelona y Toledo. En [&hellip;]<\/p>\n","protected":false},"author":1,"featured_media":0,"comment_status":"closed","ping_status":"closed","template":"","meta":{"saved_in_kubio":false,"_eb_attr":"","ngg_post_thumbnail":0,"footnotes":""},"doc_category":[75],"doc_tag":[],"class_list":["post-1432","docs","type-docs","status-publish","hentry","doc_category-prologos"],"year_month":"2026-04","word_count":924,"total_views":0,"reactions":{"happy":0,"normal":0,"sad":0},"author_info":{"name":"P. Webmaster","author_nicename":"currante","author_url":"https:\/\/www.cardenaldonmarcelo.es\/index.php\/author\/currante\/"},"doc_category_info":[{"term_name":"Pr\u00f3logos","term_url":"https:\/\/www.cardenaldonmarcelo.es\/index.php\/docs-category\/prologos\/"}],"doc_tag_info":[],"_links":{"self":[{"href":"https:\/\/www.cardenaldonmarcelo.es\/index.php\/wp-json\/wp\/v2\/docs\/1432","targetHints":{"allow":["GET"]}}],"collection":[{"href":"https:\/\/www.cardenaldonmarcelo.es\/index.php\/wp-json\/wp\/v2\/docs"}],"about":[{"href":"https:\/\/www.cardenaldonmarcelo.es\/index.php\/wp-json\/wp\/v2\/types\/docs"}],"author":[{"embeddable":true,"href":"https:\/\/www.cardenaldonmarcelo.es\/index.php\/wp-json\/wp\/v2\/users\/1"}],"replies":[{"embeddable":true,"href":"https:\/\/www.cardenaldonmarcelo.es\/index.php\/wp-json\/wp\/v2\/comments?post=1432"}],"version-history":[{"count":1,"href":"https:\/\/www.cardenaldonmarcelo.es\/index.php\/wp-json\/wp\/v2\/docs\/1432\/revisions"}],"predecessor-version":[{"id":1433,"href":"https:\/\/www.cardenaldonmarcelo.es\/index.php\/wp-json\/wp\/v2\/docs\/1432\/revisions\/1433"}],"wp:attachment":[{"href":"https:\/\/www.cardenaldonmarcelo.es\/index.php\/wp-json\/wp\/v2\/media?parent=1432"}],"wp:term":[{"taxonomy":"doc_category","embeddable":true,"href":"https:\/\/www.cardenaldonmarcelo.es\/index.php\/wp-json\/wp\/v2\/doc_category?post=1432"},{"taxonomy":"doc_tag","embeddable":true,"href":"https:\/\/www.cardenaldonmarcelo.es\/index.php\/wp-json\/wp\/v2\/doc_tag?post=1432"}],"curies":[{"name":"wp","href":"https:\/\/api.w.org\/{rel}","templated":true}]}}