{"id":1412,"date":"2024-09-29T23:13:14","date_gmt":"2024-09-29T21:13:14","guid":{"rendered":"https:\/\/www.cardenaldonmarcelo.es\/?post_type=docs&#038;p=1412"},"modified":"2024-09-29T23:13:15","modified_gmt":"2024-09-29T21:13:15","password":"","slug":"la-renovacion-de-la-liturgia-mozarabe","status":"publish","type":"docs","link":"https:\/\/www.cardenaldonmarcelo.es\/index.php\/docs\/la-renovacion-de-la-liturgia-mozarabe\/","title":{"rendered":"La renovaci\u00f3n de la Liturgia Moz\u00e1rabe"},"content":{"rendered":"\n<p class=\"has-text-align-center has-small-font-size\">Pr\u00f3logo para la edici\u00f3n de la tesis del Dr. Ignacio Tom\u00e1s, sobre la \u00abNavidad en el rito hispano-moz\u00e1rabe\u00bb, 2001.<\/p>\n\n\n\n<p>Recuerdo los a\u00f1os en que, al prepararnos para el sacerdocio ya pr\u00f3ximo, nos llegaba alguna noticia de celebraciones en Rito Moz\u00e1rabe, naturalmente en Toledo, \u00fanico lugar en que exist\u00eda una capilla moz\u00e1rabe, un Cabildo del mismo Rito y libros suficientes para poder celebrar y consultar, llegado el momento, una determinada cuesti\u00f3n, que necesitase aclaraci\u00f3n a la luz de lo que podr\u00eda deducirse de los libros consultados. El Rito no estaba muerto, pero tampoco estaba vivo fuera del recinto de la Catedral primada y, en alguna ocasi\u00f3n, en Salamanca.<\/p>\n\n\n\n<p>El Concilio hab\u00eda pedido que se revisara tambi\u00e9n el rito particular vigente, como obsequio a la fe y a la historia, en sitios determinados. En Toledo lo pidi\u00f3 expresamente el Cardenal Knox, Prefecto de la Congregaci\u00f3n para el Culto Divino, refiri\u00e9ndose al Rito de que hablamos, el Moz\u00e1rabe, llamado tambi\u00e9n hisp\u00e1nico y a veces visig\u00f3tico.<\/p>\n\n\n\n<p>La Conferencia Episcopal tom\u00f3 en serio el ruego y encomend\u00f3 a la Comisi\u00f3n Episcopal de Liturgia el estudio necesario para una revisi\u00f3n a fondo del Rito. Durante m\u00e1s de diez a\u00f1os han estado trabajando un grupo de sacerdotes toledanos especialistas en el Rito y otros de diversos lugares de Espa\u00f1a, con algunos monjes benedictinos, y todos bajo la direcci\u00f3n del P. Pinell, de la Abad\u00eda de Montserrat, Profesor en San Anselmo, en Roma, hombre de reconocida autoridad en el an\u00e1lisis de los textos, para poder fijar lo que corresponde a la autenticidad que se buscaba.<\/p>\n\n\n\n<p>La obra realizada ha sido espl\u00e9ndida a juzgar por las opiniones de los expertos. Ya se han escrito m\u00faltiples art\u00edculos en revistas especializadas y se han elaborado diversas tesis doctorales.<\/p>\n\n\n\n<p>La que ahora nos ofrece el sacerdote don Ignacio Tom\u00e1s, de la Di\u00f3cesis de Tarazona, limitada a estudiar la teolog\u00eda de la celebraci\u00f3n del tiempo de Navidad en la liturgia hispano-moz\u00e1rabe, es una bella confirmaci\u00f3n de lo que digo. Se percibe el encanto de la exposici\u00f3n que se va haciendo, del misterio que se conmemora, y de las s\u00faplicas que se elevan a Dios misericordioso, con la confianza que da al pueblo suplicante dirigir su plegaria a quien ha venido al mundo, naciendo humilde y pobre de la Virgen Mar\u00eda.<\/p>\n\n\n\n<p>Puede sentirse satisfecho el autor y del mismo modo el Dr. Gabriel Ramis, que ha dirigido la tesis con su habitual maestr\u00eda.<\/p>\n\n\n\n<p>Toledo, 31 de marzo de 2001<\/p>\n","protected":false},"excerpt":{"rendered":"<p>Pr\u00f3logo para la edici\u00f3n de la tesis del Dr. Ignacio Tom\u00e1s, sobre la \u00abNavidad en el rito hispano-moz\u00e1rabe\u00bb, 2001. Recuerdo los a\u00f1os en que, al prepararnos para el sacerdocio ya pr\u00f3ximo, nos llegaba alguna noticia de celebraciones en Rito Moz\u00e1rabe, naturalmente en Toledo, \u00fanico lugar en que exist\u00eda una capilla moz\u00e1rabe, un Cabildo del mismo [&hellip;]<\/p>\n","protected":false},"author":1,"featured_media":0,"comment_status":"closed","ping_status":"closed","template":"","meta":{"saved_in_kubio":false,"_eb_attr":"","ngg_post_thumbnail":0,"footnotes":""},"doc_category":[70,76],"doc_tag":[],"class_list":["post-1412","docs","type-docs","status-publish","hentry","doc_category-liturgia-mozarabe","doc_category-prologos-a-libros-liturgicos"],"year_month":"2026-04","word_count":444,"total_views":0,"reactions":{"happy":0,"normal":0,"sad":0},"author_info":{"name":"P. Webmaster","author_nicename":"currante","author_url":"https:\/\/www.cardenaldonmarcelo.es\/index.php\/author\/currante\/"},"doc_category_info":[{"term_name":"Liturgia moz\u00e1rabe","term_url":"https:\/\/www.cardenaldonmarcelo.es\/index.php\/docs-category\/liturgia-mozarabe\/"},{"term_name":"Pr\u00f3logos a libros lit\u00fargicos","term_url":"https:\/\/www.cardenaldonmarcelo.es\/index.php\/docs-category\/prologos-a-libros-liturgicos\/"}],"doc_tag_info":[],"_links":{"self":[{"href":"https:\/\/www.cardenaldonmarcelo.es\/index.php\/wp-json\/wp\/v2\/docs\/1412","targetHints":{"allow":["GET"]}}],"collection":[{"href":"https:\/\/www.cardenaldonmarcelo.es\/index.php\/wp-json\/wp\/v2\/docs"}],"about":[{"href":"https:\/\/www.cardenaldonmarcelo.es\/index.php\/wp-json\/wp\/v2\/types\/docs"}],"author":[{"embeddable":true,"href":"https:\/\/www.cardenaldonmarcelo.es\/index.php\/wp-json\/wp\/v2\/users\/1"}],"replies":[{"embeddable":true,"href":"https:\/\/www.cardenaldonmarcelo.es\/index.php\/wp-json\/wp\/v2\/comments?post=1412"}],"version-history":[{"count":1,"href":"https:\/\/www.cardenaldonmarcelo.es\/index.php\/wp-json\/wp\/v2\/docs\/1412\/revisions"}],"predecessor-version":[{"id":1413,"href":"https:\/\/www.cardenaldonmarcelo.es\/index.php\/wp-json\/wp\/v2\/docs\/1412\/revisions\/1413"}],"wp:attachment":[{"href":"https:\/\/www.cardenaldonmarcelo.es\/index.php\/wp-json\/wp\/v2\/media?parent=1412"}],"wp:term":[{"taxonomy":"doc_category","embeddable":true,"href":"https:\/\/www.cardenaldonmarcelo.es\/index.php\/wp-json\/wp\/v2\/doc_category?post=1412"},{"taxonomy":"doc_tag","embeddable":true,"href":"https:\/\/www.cardenaldonmarcelo.es\/index.php\/wp-json\/wp\/v2\/doc_tag?post=1412"}],"curies":[{"name":"wp","href":"https:\/\/api.w.org\/{rel}","templated":true}]}}