{"id":1278,"date":"2024-09-28T23:05:15","date_gmt":"2024-09-28T21:05:15","guid":{"rendered":"https:\/\/www.cardenaldonmarcelo.es\/?post_type=docs&#038;p=1278"},"modified":"2024-09-28T23:05:16","modified_gmt":"2024-09-28T21:05:16","password":"","slug":"progresad-en-la-vida-del-espiritu","status":"publish","type":"docs","link":"https:\/\/www.cardenaldonmarcelo.es\/index.php\/docs\/progresad-en-la-vida-del-espiritu\/","title":{"rendered":"Progresad en la vida del esp\u00edritu"},"content":{"rendered":"\n<p class=\"has-text-align-center has-small-font-size\">Homil\u00eda pronunciada en la clausura de la santa Misi\u00f3n, de Talavera de la Reina, el 21 de noviembre de 1993. Texto, en BOAT, noviembre-diciembre de 1994.<\/p>\n\n\n\n<p>Queridos hijos; queridos Padres Misioneros y sacerdotes de la Ciudad; queridos hermanos todos de Talavera:<\/p>\n\n\n\n<p>Se clausura hoy esta Misi\u00f3n que ha estado siendo predicada durante tres semanas por los misioneros y misioneras y sacerdotes y dem\u00e1s colaboradores que han venido ayudando a realizar la tarea que os impusisteis desde el d\u00eda 31 de octubre. \u00a1Dios sea bendito! Y ahora venimos aqu\u00ed como a traer un ramo de flores para ponerlo a los pies de la Virgen del Prado. Ella sigue en su Bas\u00edlica, pero est\u00e1 Cristo en su imagen bendita presidiendo el Santo Sacrificio de la Misa.<\/p>\n\n\n\n<p>Lo que hab\u00e9is estado haciendo durante estos d\u00edas es lo que nos dice el Profeta Ezequiel en la primera lectura de hoy, en la cual habla de Dios que busca al hombre. \u00a1Dios buscando al hombre&#8230;! Si no lo hubiese creado, no lo buscar\u00eda; pero es suyo. El hombre es una criatura hecha a imagen de Dios, y Dios le ama, le ama mucho; y si el hombre se pierde, Dios va a buscarle como el pastor busca a las ovejas perdidas. Lo que hace Dios con los hombres equivale a esta tarea propia del Buen Pastor: busca a la oveja perdida, la saca del abismo en que se ha hundido, cura sus llagas, la alimenta, hace todo lo posible para que no vuelva a caer en la sima en que se hundi\u00f3. Estas palabras reflejan, digo, lo que es el comportamiento de Dios con respecto al hombre; y son como un anticipo de la realidad mesi\u00e1nica, que ha de producirse m\u00e1s tarde, cuando venga su Hijo divino Jesucristo al mundo. \u00c9l tambi\u00e9n se retratar\u00e1 a s\u00ed mismo como Buen Pastor: es la alegor\u00eda famosa que propuso Jes\u00fas cuando dijo: <em>\u00abYo soy el Buen Pastor&#8230; y el Buen Pastor da su vida por sus ovejas. Y conoce a sus ovejas y sus ovejas le conocen a \u00c9l\u00bb.<\/em> Aplic\u00e1ndoselo a s\u00ed mismo dijo en primera persona: <em>\u00abYo conozco mis ovejas y mis ovejas me conocen a M\u00ed\u00bb.<\/em><\/p>\n\n\n\n<p>Jesucristo nos conoce a cada uno de nosotros; para \u00c9l no hay nadie oculto, y en cada persona no hay nada secreto. \u00c9l atraviesa, con los ojos de su poder infinito, la realidad de cada uno de nosotros; pero no lo hace para hacer sentirnos como temerosos de su poder; es para asegurar ese trato delicado y fino que tiene con cada uno de nosotros. \u00bfA qui\u00e9n no ha perdonado Jesucristo? \u00bfQui\u00e9n no se ha sentido amparado en sus brazos, cuando ha rezado el \u00abSe\u00f1or m\u00edo Jesucristo\u00bb, u otra oraci\u00f3n parecida, algo de paz y de consuelo? Y, a la hora de la muerte, cuando se nos van los seres queridos \u00bfqui\u00e9n no ha sentido cierto alivio, en medio de su dolor, cuando ponen un crucifijo sobre la caja mortuoria, y el \u00faltimo beso lo dan ya a ese crucifijo que al exterior aparece como la salvaguarda de quien est\u00e1 all\u00ed dentro, para ser llevado al camposanto y esperar all\u00ed la resurrecci\u00f3n de los muertos?<\/p>\n\n\n\n<p>Dios es misericordioso, queridos hermanos. Dios no es fundamentalmente un juez temible, no. Dios nos juzgar\u00e1, pero \u00c9l no busca nuestro castigo, \u00c9l no se complace en afligirnos, con lo que podr\u00eda ser una pena dura para nuestros comportamientos; basta con que haya arrepentimiento sincero, para que vuelva al coraz\u00f3n del hombre la paz de Dios. \u00a1Qu\u00e9 saludo tan bonito el que se hac\u00eda antiguamente&#8230;! Ahora vuelve a hacerse en la Iglesia, cuando nos damos la paz los unos a los otros. Anta\u00f1o no era necesario estar en la iglesia para decirnos unos a otros cuando nos ve\u00edamos: \u00abLa paz de Dios\u00bb; bien seguros de que \u00e9sa s\u00ed que es paz, no la que nosotros establecemos con nuestros propios criterios: tiene que fundarse en algo m\u00e1s s\u00f3lido, tiene que fundarse en la misericordia de Dios, la cual invocamos humildemente y recibimos, si nuestro coraz\u00f3n quiere estar dispuesto.<\/p>\n\n\n\n<p>Esto ha sido la Misi\u00f3n en Talavera. Yo os felicito a todos cuantos hab\u00e9is asistido y hab\u00e9is querido recibir el don de Dios que ha llegado hasta vosotros; y lamento que haya quienes han pasado de largo y no han abierto sus puertas a esa llamada dulce y suave de Dios Omnipotente, que ha venido aqu\u00ed, a trav\u00e9s de la Iglesia, y por medio de los sacerdotes misioneros, y con el auxilio de cuantos han trabajado en la Misi\u00f3n; ha venido para dar luz, para dar paz, para hacer sentir el amor verdadero sin el cual nuestra vida es tan pobre. Y \u00bfpor qu\u00e9, hermanos por qu\u00e9? \u00bfPor qu\u00e9 predicamos a Jesucristo?<\/p>\n\n\n\n<p>Hoy es la fiesta de Jesucristo Rey, pero no un Rey de este mundo. A la hora de la Pasi\u00f3n fue Pilatos el que le pregunt\u00f3: <em>\u00ab\u00bfLuego, T\u00fa eres rey?\u00bb<\/em> Y Jes\u00fas le contest\u00f3: <em>\u00abT\u00fa lo dices: Yo soy Rey, pero mi reino no es de este mundo. Si fuera de este mundo se habr\u00edan levantado legiones de<\/em> <em>\u00e1ngeles para defenderme\u00bb.<\/em> Y hoy mi situaci\u00f3n, viene a decir, no es m\u00e1s que la de la pobre v\u00edctima que va al Calvario. <em>\u201cMi Reino no es de este mundo\u201d,<\/em> pero tiene que empezar aqu\u00ed con aquellos que escuchan mi palabra, una palabra que es luz y vida, Jes\u00fas. Le ofrecemos a los ni\u00f1os, a los j\u00f3venes, a las familias, a los matrimonios, a los ancianos. Le ofrecemos para la vida profesional, familiar, pol\u00edtica, econ\u00f3mica, cultural.<\/p>\n\n\n\n<p>Ya s\u00e9 que hay quienes, siendo muy sabios con la sabidur\u00eda de este mundo, se olvidan de Dios y permanecen tan tranquilos. Tambi\u00e9n sucede lo contrario: quienes, siendo muy sabios, buscan a Dios y rezan como un ni\u00f1o peque\u00f1o: el gran Pasteur, el investigador de la Breta\u00f1a francesa, cuando iba de vacaciones a su pueblo, as\u00ed lo cuenta \u00e9l en sus memorias, le gustaba ir a la iglesia parroquial del pueblecito y escuchar los sermones del se\u00f1or cura: unos sermones pobres, nada especialmente elocuentes, pero pronunciados con la humilde fe de un campesino franc\u00e9s de entonces; eso era aquel pobre cura rural; y este gran sabio se complac\u00eda en escuchar tales sermones y sent\u00eda robustecida su fe, y rezaba m\u00e1s, y se hincaba de rodillas en su pobrecita iglesia para lograr fuerzas para la semana y seguir port\u00e1ndose cristianamente. Lo digo, porque a veces hay quienes enseguida se fijan en otros sabios que han podido vivir y morir sin contar con Dios. Pues sucede lo contrario en otros muchos: de manera que por ah\u00ed no hay argumento ni en contra ni a favor: a unos y otros Dios les llama: unos responden, otros no quieren responder: eso es todo.<\/p>\n\n\n\n<p><em>Jes\u00fas es la Vida<\/em>, la vida del alma. Hay que nacer de nuevo, nos dijo \u00c9l, y ah\u00ed est\u00e1 el problema grande. <em>\u00abHay que nacer de nuevo\u00bb,<\/em> le dijo a Nicodemo; y Nicodemo tom\u00f3 al pie de la letra las palabras que Jes\u00fas le dec\u00eda: <em>\u00ab\u00bfC\u00f3mo puede un hombre volver a nacer?\u00bb.<\/em> Y Jes\u00fas le dijo, como remont\u00e1ndose hacia una altura a la que \u00c9l quer\u00eda llevar a aquel hombre que buscaba de verdad, dentro del juda\u00edsmo, la verdad de Dios: <em>\u00abEn verdad, en verdad te digo que, si no naciereis de nuevo, no podr\u00e9is ver el Reino de Dios\u00bb.<\/em> Y aqu\u00ed est\u00e1 la cuesti\u00f3n: Todos los d\u00edas se nos ofrecen ocasiones para nacer de nuevo, para vencer las tentaciones del mal, para orientar nuestra conciencia en el sentido recto, pero muchas veces descuidamos el modo de vencer esas tentaciones, no hacemos caso, nos creemos dioses nosotros a nosotros mismos; y as\u00ed no, no podemos hacer nada. Enseguida las fuerzas del Esp\u00edritu se desvanecen, si creemos que s\u00f3lo con nuestros criterios y recursos humanos podemos vencer las dificultades de la vida; luego, al final se acaba todo, y \u00bfde qu\u00e9 ha servido la salud?<\/p>\n\n\n\n<p>\u00a1Cu\u00e1ntas lecciones se aprenden en las c\u00e1rceles que los sacerdotes visitan! En Oca\u00f1a, donde existen prisiones bien conocidas, van semanalmente muchos sacerdotes: adem\u00e1s de los de la parroquia, sacerdotes del seminario y algunos seminaristas mayores: tengo inter\u00e9s en que se acerquen all\u00ed y ayuden, al menos, con un signo de amistad, a los que all\u00ed cumplen la pena que la justicia les ha impuesto. Pues bien, <em>el lamento continuamente repetido es el del fracaso de su vida;<\/em> dicen los que all\u00ed est\u00e1n: \u00abMi vida fracasada. Ahora no me queda m\u00e1s horizonte que estos a\u00f1os de condena; aunque algo se me rebaje \u00bfqu\u00e9 puedo pensar ya?\u00bb Y que todo iba a ser f\u00e1cil, que todo ser\u00edan noches azules y llenas de sonrisas, dinero abundante, todo a su disposici\u00f3n, pero ahora se encuentran con que no hay nada de lo que ellos imaginaban, porque la vida es implacable. Y as\u00ed continuamente; matrimonios deshechos a los pocos a\u00f1os de haberse constituido, infidelidades conyugales, adulterios, familias rotas, como la de ese ni\u00f1o del que nos han hablado los peri\u00f3dicos: un ni\u00f1o norteamericano que se pone de rodillas delante de sus padres y llorando les dice: \u00abNo os separ\u00e9is, porque yo no podr\u00e9 vivir sin que est\u00e9is aqu\u00ed los dos\u00bb; \u00a1Un ni\u00f1o de diez a\u00f1os!&#8230; As\u00ed no se progresa. As\u00ed ciertamente seremos reyes de nosotros mismos, pero unos reyes destronados, reyes sin reino. Jes\u00fas en cambio es Rey del coraz\u00f3n y, a medida que su reino se extiende, los corazones se agrupan para proclamarle Se\u00f1or de sus vidas y ofrec\u00e9rselas en homenaje, que se convierte en paz y alegr\u00eda para quienes se lo ofrecen.<\/p>\n\n\n\n<p>Queridos hijos de Talavera. Ahora empieza la misi\u00f3n propiamente. Han pasado aqu\u00ed estas tres semanas, pero esto no debe ser una lluvia de oto\u00f1o, como las que han ca\u00eddo, para desaparecer despu\u00e9s. Ahora sois vosotros, en las parroquias, los que ten\u00e9is que constituir peque\u00f1as comunidades de Iglesia. No digo m\u00e1s que eso: comunidades de Iglesia. Peque\u00f1as, porque as\u00ed es mejor; as\u00ed podr\u00e9is tratar cuestiones de la vida de la fe, podr\u00e9is conocer mejor la Biblia, la Palabra de Dios; pod\u00e9is animaros unos a otros a vivir con m\u00e1s perfecci\u00f3n la vida cristiana; pod\u00e9is adorar al Sant\u00edsimo Sacramento. Yo os dar\u00e9 todas las facilidades que puedo dar dentro de mis facultades para que ador\u00e9is la Sagrada Eucarist\u00eda no s\u00f3lo en los templos; en centros de evangelizaci\u00f3n, centros peque\u00f1os donde se re\u00fanan peque\u00f1os grupos para hablar de Dios, para exponer cada uno lo que siente en relaci\u00f3n con la vida cristiana y progresar en ella.<\/p>\n\n\n\n<p>Llegan momentos de crisis. No podemos los cristianos permanecer indiferentes ante el sufrimiento de los dem\u00e1s, cuando aparecen esos dramas familiares, de un hombre sin trabajo; de una mujer medio desesperada, porque no puede sacar adelante a sus hijos; de unos ni\u00f1os deseosos como los que m\u00e1s de contar con los auxilios de la vida y no tener en la mano ni siquiera un peque\u00f1o juguete para entretener sus ocios. Hermanos, es necesario que vivamos pendientes unos de otros, practicando el precepto del amor fraterno, buscando el ejercicio de esa caridad sin fin, que no encubre ninguna injusticia, sino que es la justicia m\u00e1xima que pueda darse, porque significa que, adem\u00e1s de cumplir con las obligaciones que tengamos, aportamos m\u00e1s, como dijo un d\u00eda aquel escritor espa\u00f1ol, Jacinto Benavente: \u00abEs necesario muchas veces hacer algo m\u00e1s que la justicia\u00bb. Y a\u00f1adi\u00f3 este pensamiento: \u00abNadie puede pedirme a m\u00ed, en nombre de la justicia que d\u00e9 un beso en la frente a ese pobre desgraciado con el que me encuentro en un hospital o en un camino, pero yo me acerco y le doy ese beso \u00bfqui\u00e9n me lo pide? \u00a1Eso que se llama caridad y est\u00e1 por encima de toda justicia!\u00bb.<\/p>\n\n\n\n<p>Que Talavera progrese en la vida del Esp\u00edritu. Que se formen parroquias m\u00e1s evangelizadoras. Vosotros est\u00e1is diciendo eso, que este es el prop\u00f3sito fundamental: seguid siendo parroquias evangelizadoras. Hoy no basta un cristianismo c\u00f3modo para casa, como si fuera una posesi\u00f3n nuestra. Un cristianismo que se limita a rezar unas cuantas oraciones que sabemos de memoria desde ni\u00f1os. Un cristianismo de domingo que se limita a acudir a la iglesia para escuchar la misa y la homil\u00eda y estar deseando que termine todo para salir; no. Se necesita un cristianismo activo, militante, fervoroso, en el que se unan unos y otros y, formando comunidades en ese sentido en que os he dicho, sepan penetrar en los ambientes y, con toda decisi\u00f3n, confesar el nombre de Dios y ayudarse unos a otros, para que se respete m\u00e1s su ley divina en la vida familiar y en la vida social. Dios quiera que podamos conseguirlo.<\/p>\n\n\n\n<p>Ahora ya, queridos misioneros, sembradores de la Palabra de Dios, vosotros camin\u00e1is a otros lugares donde os esperan. Ir\u00e9is comentando alguna vez vuestra Misi\u00f3n en Talavera. Os quedar\u00e1 un recuerdo: deseo que sea un recuerdo bueno. Aqu\u00ed tambi\u00e9n os recordar\u00e1n y habr\u00e1 muchas personas que, en un momento u otro de la vida o al final de la misma, volver\u00e1n sus ojos hacia Dios nuestro Se\u00f1or gracias a lo que os han escuchado a vosotros estos d\u00edas. Alguna palabra, alguna frase, alguna exposici\u00f3n doctrinal ha podido hacerles un bien inmenso: es vuestra tarea, pod\u00e9is estar sencillamente orgullosos de tener esta misi\u00f3n en la vida. En unos sitios tendr\u00e9is m\u00e1s \u00e9xito que en otros, pero la palabra \u00e9xito aqu\u00ed significa muy poco: bien quisi\u00e9ramos que, cuando vais a una ciudad, escucharan todos vuestra palabra, pero ni a Jesucristo le escucharon. Nosotros nos quedamos pidiendo por vuestro esfuerzo y vuestro trabajo. Y vamos a hacer una cosa, \u00bfsab\u00e9is?, vamos a ofrecer a esa imagen peque\u00f1a y delicada de la Virgen del Prado todo el esfuerzo hecho por los misioneros, los sacerdotes, las misioneras y por todos vosotros, hijos de Talavera. La Virgen del Prado, \u00e9sta a la que am\u00e1is tanto, confidente de vuestros secretos espirituales, alentadora de vuestros mejores prop\u00f3sitos, seguir\u00e1 ayud\u00e1ndoos. Quiz\u00e1 ser\u00eda bueno, Sr. Arcipreste y P\u00e1rroco de la Bas\u00edlica que todos los a\u00f1os, un d\u00eda como \u00e9ste, un d\u00eda 21 de noviembre, silenciosamente, s\u00f3lo ustedes, se acercasen lo m\u00e1s posible a esa imagencita de la Virgen del Prado y le dieran un beso en nombre de todos nosotros y dejasen all\u00ed un ramo de flores que fuera como el s\u00edmbolo del amor que todos estos d\u00edas se ha tratado de despertar en el coraz\u00f3n de todos los talaveranos, para que Ella traslade ese beso a Jes\u00fas, su Hijo divino, nuestro Redentor. As\u00ed sea.<\/p>\n","protected":false},"excerpt":{"rendered":"<p>Homil\u00eda pronunciada en la clausura de la santa Misi\u00f3n, de Talavera de la Reina, el 21 de noviembre de 1993. Texto, en BOAT, noviembre-diciembre de 1994. Queridos hijos; queridos Padres Misioneros y sacerdotes de la Ciudad; queridos hermanos todos de Talavera: Se clausura hoy esta Misi\u00f3n que ha estado siendo predicada durante tres semanas por [&hellip;]<\/p>\n","protected":false},"author":1,"featured_media":0,"comment_status":"closed","ping_status":"closed","template":"","meta":{"saved_in_kubio":false,"_eb_attr":"","ngg_post_thumbnail":0,"footnotes":""},"doc_category":[54,37],"doc_tag":[],"class_list":["post-1278","docs","type-docs","status-publish","hentry","doc_category-el-espiritu-santo","doc_category-la-vida-del-cristiano"],"year_month":"2026-04","word_count":2556,"total_views":0,"reactions":{"happy":0,"normal":0,"sad":0},"author_info":{"name":"P. Webmaster","author_nicename":"currante","author_url":"https:\/\/www.cardenaldonmarcelo.es\/index.php\/author\/currante\/"},"doc_category_info":[{"term_name":"El Esp\u00edritu Santo","term_url":"https:\/\/www.cardenaldonmarcelo.es\/index.php\/docs-category\/el-espiritu-santo\/"},{"term_name":"La vida del cristiano","term_url":"https:\/\/www.cardenaldonmarcelo.es\/index.php\/docs-category\/la-vida-del-cristiano\/"}],"doc_tag_info":[],"_links":{"self":[{"href":"https:\/\/www.cardenaldonmarcelo.es\/index.php\/wp-json\/wp\/v2\/docs\/1278","targetHints":{"allow":["GET"]}}],"collection":[{"href":"https:\/\/www.cardenaldonmarcelo.es\/index.php\/wp-json\/wp\/v2\/docs"}],"about":[{"href":"https:\/\/www.cardenaldonmarcelo.es\/index.php\/wp-json\/wp\/v2\/types\/docs"}],"author":[{"embeddable":true,"href":"https:\/\/www.cardenaldonmarcelo.es\/index.php\/wp-json\/wp\/v2\/users\/1"}],"replies":[{"embeddable":true,"href":"https:\/\/www.cardenaldonmarcelo.es\/index.php\/wp-json\/wp\/v2\/comments?post=1278"}],"version-history":[{"count":1,"href":"https:\/\/www.cardenaldonmarcelo.es\/index.php\/wp-json\/wp\/v2\/docs\/1278\/revisions"}],"predecessor-version":[{"id":1279,"href":"https:\/\/www.cardenaldonmarcelo.es\/index.php\/wp-json\/wp\/v2\/docs\/1278\/revisions\/1279"}],"wp:attachment":[{"href":"https:\/\/www.cardenaldonmarcelo.es\/index.php\/wp-json\/wp\/v2\/media?parent=1278"}],"wp:term":[{"taxonomy":"doc_category","embeddable":true,"href":"https:\/\/www.cardenaldonmarcelo.es\/index.php\/wp-json\/wp\/v2\/doc_category?post=1278"},{"taxonomy":"doc_tag","embeddable":true,"href":"https:\/\/www.cardenaldonmarcelo.es\/index.php\/wp-json\/wp\/v2\/doc_tag?post=1278"}],"curies":[{"name":"wp","href":"https:\/\/api.w.org\/{rel}","templated":true}]}}