{"id":1274,"date":"2024-09-28T23:02:01","date_gmt":"2024-09-28T21:02:01","guid":{"rendered":"https:\/\/www.cardenaldonmarcelo.es\/?post_type=docs&#038;p=1274"},"modified":"2024-09-28T23:02:02","modified_gmt":"2024-09-28T21:02:02","password":"","slug":"el-apostolado-evangelizador-el-deber-mas-importante","status":"publish","type":"docs","link":"https:\/\/www.cardenaldonmarcelo.es\/index.php\/docs\/el-apostolado-evangelizador-el-deber-mas-importante\/","title":{"rendered":"El apostolado evangelizador, el deber m\u00e1s importante"},"content":{"rendered":"\n<p class=\"has-text-align-center has-small-font-size\">Homil\u00eda en el d\u00eda de la Misi\u00f3n Apost\u00f3lica, 30 de octubre de 1993. Texto en BOAT, diciembre 1993.<\/p>\n\n\n\n<p>M. I. Cabildo Primado de esta Santa Iglesia Catedral; queridos sacerdotes, religiosos y religiosas, hombres y mujeres, j\u00f3venes de ambos sexos que est\u00e1is aqu\u00ed en representaci\u00f3n de vuestros grupos de formaci\u00f3n y apostolado:<\/p>\n\n\n\n<p>Dentro de muy pocas semanas entraremos en el tiempo de Adviento. Hoy nosotros, parece que nos hemos anticipado. En Adviento la Iglesia nos dispone a celebrar a Jes\u00fas que nace en Navidad, la noche de la paz y del consuelo. Y hoy, en esta Iglesia Madre, nuestra Catedral Primada, de su seno, brota tambi\u00e9n algo as\u00ed como una disposici\u00f3n can\u00f3nica, espiritual, pastoral, que nos hace esperar el nacimiento de Cristo Redentor en muchos de esos lugares y personas que tenemos presentes en nuestro af\u00e1n apost\u00f3lico.<\/p>\n\n\n\n<h2 class=\"wp-block-heading\">El m\u00e1s importante de nuestros deberes<\/h2>\n\n\n\n<p>Doy las gracias a estos j\u00f3venes, que nos han hablado de lo que han hecho y vivido este verano. Yo quer\u00eda precisamente esto. Quer\u00eda un acto en el que aparecieran estos testimonios, porque debemos hacer actos vivos, muy vivos, muy realistas, que supongan algo m\u00e1s que palabras. Yo preve\u00eda que, si pasaban por aqu\u00ed estos j\u00f3venes, que no han ido a pa\u00edses de misi\u00f3n a hacer turismo, sino que se han sacrificado por amor a Cristo y a la Iglesia; si nos ofrec\u00edan as\u00ed, sencillamente, un testimonio de lo que han hecho, nuestro esp\u00edritu se sentir\u00eda confortado. Les doy las gracias y les bendigo por tomar el avi\u00f3n o el barco, para trasladarse a tierras lejanas, a otro continente, y hacer lo mismo aqu\u00ed, en Toledo, donde hay zonas carenciales que est\u00e1n ya casi exang\u00fces de vida cristiana. Y hay muchas personas que est\u00e1n haciendo lo mismo en las parroquias, aunque no se las conoce. Con todo, hay tambi\u00e9n muchas m\u00e1s que, aunque dicen que son cat\u00f3licos, no llevan dentro de s\u00ed mismos el impulso del Evangelio. Si este acto hubi\u00e9ramos podido hacerlo de modo que hubieran asistido numerosos hombres y mujeres y otros muchos j\u00f3venes, chicos y chicas, estoy seguro de que en el esp\u00edritu de muchos se hubiera producido una peque\u00f1a revoluci\u00f3n interior, porque o\u00edr estos testimonios supone una interrogaci\u00f3n para ellos: \u00bfY t\u00fa qu\u00e9 haces? \u00bfC\u00f3mo vives? \u00bfQu\u00e9 tienes? \u00bfCu\u00e1nto te sobra? \u00bfA d\u00f3nde llega tu ego\u00edsmo?<\/p>\n\n\n\n<p>Hay un peligro evidente en ese mundo que han visitado estos j\u00f3venes. Acabo de estar en Roma, en una sesi\u00f3n de trabajo, de la Sagrada Congregaci\u00f3n del Clero; all\u00ed se ha dicho: \u00abDe no venir muchas m\u00e1s vocaciones sacerdotales a Hispanoam\u00e9rica, para el a\u00f1o 2010 o 2020, la mitad de Hispanoam\u00e9rica habr\u00e1 dejado de ser cat\u00f3lica\u00bb. Por consiguiente, os doy las gracias a vosotros, y a los que aqu\u00ed, en Toledo, hac\u00e9is apostolado cristiano y evangelizador, porque est\u00e1n cumpliendo el m\u00e1s importante de los deberes que hoy tenemos.<\/p>\n\n\n\n<p>Hay tres enc\u00edclicas de los papas modernos, que deber\u00edan ser conocidas y meditadas fuertemente por todos: <em>\u00abEvangelii Nuntiandi\u00bb<\/em>, de Pablo VI; <em>\u00abChristifideles Laici\u00bb,<\/em> de Juan Pablo II; y <em>\u00abRedemptoris Missio\u00bb,<\/em> tambi\u00e9n de este Papa. Son tres lecturas que no deber\u00edan ca\u00e9rsenos de las manos.<\/p>\n\n\n\n<h2 class=\"wp-block-heading\">\u00bfQui\u00e9n nos env\u00eda?<\/h2>\n\n\n\n<p>Porque hoy es el D\u00eda de la Misi\u00f3n Apost\u00f3lica; mi misi\u00f3n, nuestra misi\u00f3n, la Iglesia misionera, misionera \u00abAd gentes\u00bb, es decir, para con los paganos, y misionera dentro de s\u00ed misma, en los ambientes cristianos que lo fueron y han dejado de serlo, o que, a\u00fan si\u00e9ndolo, est\u00e1n contaminados por un materialismo atroz y por un secularismo que da verg\u00fcenza. \u00bfQui\u00e9n nos env\u00eda? No es otro que Jesucristo, Nuestro Se\u00f1or. Hay que pensar en \u00c9l. \u00c9l nos dice a la hora de su despedida: \u00abComo el Padre me envi\u00f3 a m\u00ed, as\u00ed os env\u00edo yo a vosotros\u00bb. Lo dice a sus Ap\u00f3stoles, para que esto resuene y repercuta en la conciencia y en el esp\u00edritu de todos los hombres. As\u00ed os env\u00edo yo a vosotros, \u201cpara que de esta manera los hombres todos sean uno, como T\u00fa y Yo, Padre, somos uno; para que viendo los hombres que somos uno, crean\u201d. De manera que \u00c9l vincula la creencia de los hombres a la unidad del Padre y del Hijo y del Esp\u00edritu Santo, y, a imitaci\u00f3n suya, la unidad de los cristianos. Pero \u00bfqu\u00e9 unidad puede haber cuando tantos cristianos no hacen ni caso de estas realidades?<\/p>\n\n\n\n<p>Habl\u00e1is de que hab\u00e9is ido casa por casa, chabola por chabola; es m\u00e1s f\u00e1cil entrar en una chabola, que en las casas en que se tiene todo; en \u00e9stas es m\u00e1s dif\u00edcil entrar, porque ocupan la puerta y el coraz\u00f3n de sus moradores las atenciones, los ego\u00edsmos, el af\u00e1n de placeres, el materialismo, la terrible ignorancia religiosa, en que van cayendo poco a poco nuestras familias, nuestros matrimonios j\u00f3venes, los que creen saberlo todo y, sin embargo, no saben nada.<\/p>\n\n\n\n<p>Os env\u00eda Jesucristo. Pero de manera inmediata os env\u00edo yo, como Pastor de la Di\u00f3cesis. A todos estos grupos y movimientos les he dado mi aprobaci\u00f3n, mi bendici\u00f3n, y les he comunicado mi ardor misionero, el que puedo tener, dentro de la misi\u00f3n que Dios me ha encomendado. A todos he bendecido y a todos les he pedido que se alimenten con la Eucarist\u00eda y con la oraci\u00f3n diaria, y que lleven a ese Jesucristo amado, como el impulso m\u00e1s fuerte de su decisi\u00f3n de trabajo apost\u00f3lico.<\/p>\n\n\n\n<p>No se trata solamente de estos grupos laicales; hay sacerdotes tambi\u00e9n, y ahora voy a darles esta peque\u00f1a cruz a cada uno de los cuatro que hay aqu\u00ed, y que van a irse muy pronto a tierras americanas. A vosotros, sacerdotes, os bendigo de manera especial. Yo no inculpo a nadie, porque no puedo inculpar; yo solamente tengo que bendecir y aprobar, pero s\u00ed puedo decir que nos sobran sacerdotes, tengo que decirlo: \u00a1nos sobran sacerdotes! Hay que trabajar m\u00e1s, aunque quedemos menos. De esta di\u00f3cesis podr\u00edan salir f\u00e1cilmente, en estos dos o tres a\u00f1os, cincuenta sacerdotes. Este fue el objetivo que yo anunci\u00e9, cuando ven\u00edan las celebraciones del V Centenario de la Evangelizaci\u00f3n de Am\u00e9rica.<\/p>\n\n\n\n<p>Otros podr\u00e1n acariciar ya esta realidad, porque yo espero que se logre. Tal como vamos en nuestra di\u00f3cesis, se puede esperar muy bien que, en tres, cuatro o cinco a\u00f1os, cincuenta sacerdotes toledanos monten su tienda en territorios de Am\u00e9rica; con ellos tambi\u00e9n algunos y algunas seglares, como de hecho han venido haci\u00e9ndolo en el Ecuador, donde no pocas veces, y bastante tiempo, han estado trabajando con los sacerdotes que all\u00ed hab\u00eda, dos o tres de los cuales siguen, y con ellos, algunos seglares.<\/p>\n\n\n\n<h2 class=\"wp-block-heading\">\u00bfY a qu\u00e9 nos env\u00eda?<\/h2>\n\n\n\n<p>A hacer lo mismo que hizo Cristo, en la proporci\u00f3n en que puede hacerlo un cristiano. Sois Iglesia, y vais a ir a implantar la Iglesia, y a desarrollarla. No vais a calentar sue\u00f1os, ni utop\u00edas. La cosa est\u00e1 clara, porque la Iglesia es visible; precisamente es una condici\u00f3n esencial de la Iglesia de Cristo, su visibilidad. Tiene estructura, tiene jerarqu\u00eda, tiene sacramentos, tiene palabra autorizada, tiene modos de piedad, tiene comunidad; todo esto es Iglesia. Y es f\u00e1cil, cuando uno ama, comprender el misterio de la Iglesia y vivirlo e implantarlo, para que los dem\u00e1s lo vivan. Lo importante es amar. Siempre el amor; de la misma manera que de Dios hacia nosotros lo que llega, y siempre, es el amor. Vais a eso, lo mismo lo que os traslad\u00e1is all\u00e1, que los que os qued\u00e1is aqu\u00ed, y trabaj\u00e1is en los diversos modos y m\u00e9todos, con los cuales hay que trabajar hoy.<\/p>\n\n\n\n<h2 class=\"wp-block-heading\">Nuestro amor a la Iglesia<\/h2>\n\n\n\n<p>Yo amo a la Iglesia, en la que conozco, mejor que otras personas que la atacan, las manchas que afean su rostro. Las conozco. Pero amo a la Iglesia, porque me entrega el tesoro de Jes\u00fas, el Evangelio; porque me hizo hijo de Dios, cuando apenas vine a este mundo; porque me facilit\u00f3 un ambiente familiar, en el que me ense\u00f1aron enseguida a distinguir el bien del mal; porque me ense\u00f1aron a rezar el Padrenuestro, y supe despu\u00e9s que esa oraci\u00f3n, lo mismo que la rezaba yo con el lenguaje balbuciente de ni\u00f1o, la rezaban millones de seres humanos en el mundo entero, y seguir\u00e1n rez\u00e1ndola, porque la ense\u00f1\u00f3 Jes\u00fas, el Hijo de Dios.<\/p>\n\n\n\n<p>Amo a la Iglesia, porque en mi adolescencia me facilit\u00f3 otros medios, que me hicieron conocer un poco m\u00e1s lo que Jes\u00fas ped\u00eda a los ni\u00f1os y a los j\u00f3venes. Amo a la Iglesia que despert\u00f3 en m\u00ed, vali\u00e9ndose de otras personas, un deseo de ir a un centro, en el cual nos preparaban para, quiz\u00e1s el d\u00eda de ma\u00f1ana, ser sacerdotes.<\/p>\n\n\n\n<p>Amo a la Iglesia que pone a mi disposici\u00f3n la Eucarist\u00eda, tan f\u00e1cilmente me la pone a mi lado, para verla y adorarla, y tambi\u00e9n para alimentar mi alma con lo que la Eucarist\u00eda significa: un alimento para que mi alma y mi esp\u00edritu vivan de la Verdad y el Amor. Amo a la Iglesia que me ha rodeado de todas las ayudas necesarias para vivir una vida digna, lo mismo cuando era un joven del mundo, que cuando he sido sacerdote y obispo.<\/p>\n\n\n\n<p>Amo a la Iglesia que me explica la Palabra de Dios y que me ense\u00f1a el Evangelio de Cristo, garantiz\u00e1ndome una transmisi\u00f3n fiel, siglo tras siglo, desde que los Ap\u00f3stoles, estos conocidos nuestros, se dispersaron por el mundo llevando el Evangelio de Jes\u00fas y predicando con energ\u00eda, como se dice en uno de los textos que se han le\u00eddo hoy, a Cristo Resucitado; incluso, al recibir ese llamamiento, disponi\u00e9ndose a dejar todos los bienes, venderlos y darlo a los pobres, como hizo ese desconocido Bernab\u00e9, que era de Chipre, Bernab\u00e9 que significa el que trae el consuelo.<\/p>\n\n\n\n<p>Amo a la Iglesia de los sacerdotes, de las familias cristianas, de los obispos, de los papas, sea P\u00edo XI, el primero que yo recuerdo de ni\u00f1o con todo lo que signific\u00f3 en el mundo de las misiones y de la Acci\u00f3n Cat\u00f3lica; o P\u00edo XII, el \u00abPastor Angelicus\u00bb, que cuando hablaba y abr\u00eda sus brazos parec\u00eda que iba a rasgar el cielo, para que todos pudi\u00e9ramos ver el rostro de Dios; o Juan XXIII, el Papa de la bondad, que manifest\u00f3 patentemente el coraz\u00f3n inmenso de esta madre bendita, la Iglesia, para que todos la miraran con mayor simpat\u00eda; o el Papa Pablo VI, el del esp\u00edritu delicad\u00edsimo y talento excepcional; luego el que vivi\u00f3 tan poco tiempo, Juan Pablo I; y el actual Juan Pablo II, gigante que lleva sobre sus hombros el peso moral del mundo entero, el hombre m\u00e1s admirado de la tierra, aunque no tenga ning\u00fan poder m\u00e1s que el de la palabra y el del latido de su coraz\u00f3n apost\u00f3lico.<\/p>\n\n\n\n<p>\u00bfPor qu\u00e9 me ech\u00e1is en cara las faltas de la Iglesia, si no son suyas, son nuestras, de los hijos que ella ha recogido con el deseo de limpiar su cara, para ir poco a poco haciendo de cada uno un santo, un hijo bendito de Dios, un disc\u00edpulo de Cristo? \u00a1Esto es lo que la Iglesia promueve y realiza!<\/p>\n\n\n\n<h3 class=\"wp-block-heading\">D\u00eda de la Misi\u00f3n Apost\u00f3lica<\/h3>\n\n\n\n<p>Gracias por estar aqu\u00ed, los que hab\u00e9is venido; habr\u00e1 que evitar en lo sucesivo la coincidencia con otras reuniones, porque yo doy una importancia m\u00e1xima a que se introduzcan en la vida de la Iglesia actos de esta \u00edndole.<\/p>\n\n\n\n<p>No nos limitemos a lo que conocemos; daos cuenta de que hay tantos hombres y mujeres en nuestra ciudad, sobre cuya mente resbala todo lo que se dice en esa media hora escasa del domingo, si es que van a la Iglesia. \u00bfQu\u00e9 podemos hacer ya, con cat\u00f3licos as\u00ed? \u00bfPara qu\u00e9 nos sirven? \u00bfY por qu\u00e9 se llaman cat\u00f3licos? Pero m\u00e1s grave es a\u00fan, \u00bfpor qu\u00e9 estamos tan ciegos que nos contentamos con esto, y decimos que, en nuestra parroquia, o en nuestra di\u00f3cesis, tenemos tantas y cu\u00e1ntas familias cat\u00f3licas? \u00bfQu\u00e9 queda de vida cat\u00f3lica en muchos hogares? \u00bfQu\u00e9 hacen para instruirse un poco mejor?<\/p>\n\n\n\n<p>A Jes\u00fas le preguntaron: \u00ab\u00bfD\u00f3nde vives, Maestro?\u00bb, y \u00c9l les invit\u00f3 a ir con \u00c9l. \u00abEns\u00e9\u00f1anos a orar\u00bb, y les ense\u00f1\u00f3. \u00abExpl\u00edcanos la par\u00e1bola\u00bb, y la explicaba. \u00ab\u00bfQu\u00e9 hemos de hacer para encontrar el Reino de Dios?\u00bb, y dec\u00eda lo que hab\u00eda que hacer. Esto lo hace la Iglesia hoy, pero hay que abrir el o\u00eddo para poder escucharlo.<\/p>\n\n\n\n<p>Queridos miembros de los grupos y asociaciones apost\u00f3licas: hay que crear peque\u00f1os grupos. Queridos p\u00e1rrocos, hay que hacer algo distinto de los actos parroquiales gen\u00e9ricos, hay que buscar grupos parciales, concretos, unidos por ciertas caracter\u00edsticas, que se re\u00fanan en determinados lugares y se comuniquen lo que sienten, lo que sufren, lo que desean y lo que esperan, lo que aman, y juntos puedan ver, llevados por la luz de Dios, que la soluci\u00f3n a sus problemas puede estar en ese Cristo tan cercano, y que les est\u00e1 esperando para darles el abrazo de su paz, de su consuelo y su alegr\u00eda. Hay que cambiar m\u00e9todos, tenemos que salir de nuestros templos, hay que buscar a los alejados, a los que est\u00e1n lejos; si ellos hubieran estado aqu\u00ed hoy, oyendo a estos muchachos, o viendo este ejemplo de los sacerdotes, vuelvo a decir, habr\u00edan sentido palpitar su coraz\u00f3n, porque se ven v\u00edctimas de su ego\u00edsmo y su miseria, cuando pod\u00edan tener el fulgor de la belleza de su generosidad y de su entrega. Hay que cambiar muchas cosas, tenemos que molestarnos en discurrir, en pensar, en hacer nuestros trabajos m\u00e1s vivos, es decir, ponernos m\u00e1s a disposici\u00f3n de Cristo Jes\u00fas, nuestro Jefe amado, nuestro Hermano querido, nuestro Redentor y Santificador.<\/p>\n\n\n\n<p>Que este D\u00eda de la Misi\u00f3n Apost\u00f3lica sirva para que, a lo largo del a\u00f1o, se realicen gran parte de estos bienes espirituales, a los que me estoy refiriendo. Y para que otra vez pod\u00e1is reuniros y hacer balance positivo, no s\u00f3lo de vuestros gestos misioneros al exterior, sino de la penetraci\u00f3n en el ambiente de la ciudad, en las parroquias, en tantos alejados que se han olvidado de la belleza de la vida cristiana. \u00a1Dios nos ayude para conseguirlo!<\/p>\n","protected":false},"excerpt":{"rendered":"<p>Homil\u00eda en el d\u00eda de la Misi\u00f3n Apost\u00f3lica, 30 de octubre de 1993. Texto en BOAT, diciembre 1993. M. I. Cabildo Primado de esta Santa Iglesia Catedral; queridos sacerdotes, religiosos y religiosas, hombres y mujeres, j\u00f3venes de ambos sexos que est\u00e1is aqu\u00ed en representaci\u00f3n de vuestros grupos de formaci\u00f3n y apostolado: Dentro de muy pocas [&hellip;]<\/p>\n","protected":false},"author":1,"featured_media":0,"comment_status":"closed","ping_status":"closed","template":"","meta":{"saved_in_kubio":false,"_eb_attr":"","ngg_post_thumbnail":0,"footnotes":""},"doc_category":[30],"doc_tag":[],"class_list":["post-1274","docs","type-docs","status-publish","hentry","doc_category-iglesia-diocesana"],"year_month":"2026-04","word_count":2547,"total_views":0,"reactions":{"happy":0,"normal":0,"sad":0},"author_info":{"name":"P. Webmaster","author_nicename":"currante","author_url":"https:\/\/www.cardenaldonmarcelo.es\/index.php\/author\/currante\/"},"doc_category_info":[{"term_name":"Iglesia diocesana","term_url":"https:\/\/www.cardenaldonmarcelo.es\/index.php\/docs-category\/iglesia-diocesana\/"}],"doc_tag_info":[],"_links":{"self":[{"href":"https:\/\/www.cardenaldonmarcelo.es\/index.php\/wp-json\/wp\/v2\/docs\/1274","targetHints":{"allow":["GET"]}}],"collection":[{"href":"https:\/\/www.cardenaldonmarcelo.es\/index.php\/wp-json\/wp\/v2\/docs"}],"about":[{"href":"https:\/\/www.cardenaldonmarcelo.es\/index.php\/wp-json\/wp\/v2\/types\/docs"}],"author":[{"embeddable":true,"href":"https:\/\/www.cardenaldonmarcelo.es\/index.php\/wp-json\/wp\/v2\/users\/1"}],"replies":[{"embeddable":true,"href":"https:\/\/www.cardenaldonmarcelo.es\/index.php\/wp-json\/wp\/v2\/comments?post=1274"}],"version-history":[{"count":1,"href":"https:\/\/www.cardenaldonmarcelo.es\/index.php\/wp-json\/wp\/v2\/docs\/1274\/revisions"}],"predecessor-version":[{"id":1275,"href":"https:\/\/www.cardenaldonmarcelo.es\/index.php\/wp-json\/wp\/v2\/docs\/1274\/revisions\/1275"}],"wp:attachment":[{"href":"https:\/\/www.cardenaldonmarcelo.es\/index.php\/wp-json\/wp\/v2\/media?parent=1274"}],"wp:term":[{"taxonomy":"doc_category","embeddable":true,"href":"https:\/\/www.cardenaldonmarcelo.es\/index.php\/wp-json\/wp\/v2\/doc_category?post=1274"},{"taxonomy":"doc_tag","embeddable":true,"href":"https:\/\/www.cardenaldonmarcelo.es\/index.php\/wp-json\/wp\/v2\/doc_tag?post=1274"}],"curies":[{"name":"wp","href":"https:\/\/api.w.org\/{rel}","templated":true}]}}