{"id":1241,"date":"2026-08-31T12:46:54","date_gmt":"2026-08-31T10:46:54","guid":{"rendered":"https:\/\/www.cardenaldonmarcelo.es\/?post_type=docs&#038;p=1241"},"modified":"2026-08-31T12:46:54","modified_gmt":"2026-08-31T10:46:54","password":"","slug":"la-elocuencia-de-una-vida-y-una-muerte-homilia-en-misa-funeral-en-la-catedral-de-toledo-en-sufragio-por-el-alma-del-jefe-de-estado","status":"publish","type":"docs","link":"https:\/\/www.cardenaldonmarcelo.es\/index.php\/docs\/la-elocuencia-de-una-vida-y-una-muerte-homilia-en-misa-funeral-en-la-catedral-de-toledo-en-sufragio-por-el-alma-del-jefe-de-estado\/","title":{"rendered":"La elocuencia de una vida y una muerte; Homil\u00eda en Misa funeral en la Catedral de Toledo en sufragio por el alma del jefe de estado"},"content":{"rendered":"\n<p class=\"has-text-align-center has-small-font-size wp-block-paragraph\">Homil\u00eda pronunciada en la misa de \u00abcorpore insepulto\u00bb, celebrada en la S. I. Catedral Primado, de Toledo, el 21 de noviembre de 1975, en sufragio del alma del Jefe de Estado, fallecido, don Francisco Franco Bahamonde, publicada en BOAT enero 1976, 20-25.<\/p>\n\n\n\n<p class=\"wp-block-paragraph\">Excmo. Cabildo de la Catedral, queridos sacerdotes y alumnos del Seminario; Excmo. Sr. Gobernador Civil, representante del Gobierno espa\u00f1ol; excelent\u00edsimas autoridades civiles, militares, representaciones diversas y hermanos todos en Jesucristo:<\/p>\n\n\n\n<p class=\"wp-block-paragraph\">Es notable, pero as\u00ed eran nuestros sentimientos y nuestras actitudes. A ninguno se le ocurr\u00eda pensar que nuestro Jefe de Estado, Francisco Franco, no tuviera que morir. Pero ninguno dejaba de tener, por no s\u00e9 qu\u00e9 secretos motivos, la esperanza de que seguir\u00eda estando con nosotros.<\/p>\n\n\n\n<p class=\"wp-block-paragraph\">Como tambi\u00e9n est\u00e1 ocurriendo otra cosa parad\u00f3jica: lo llena todo la aflicci\u00f3n y la pena; y, sin embargo, en medio de este dolor inmenso que atraviesa el coraz\u00f3n de los espa\u00f1oles, es tan grande como la aflicci\u00f3n la esperanza.<\/p>\n\n\n\n<p class=\"wp-block-paragraph\">No tiene f\u00e1cil comprensi\u00f3n esta actitud psicol\u00f3gica y espiritual de todo un pueblo. Lo primero acaso se explique sencillamente, por lo hondo que hab\u00eda penetrado, con el calor de su presencia, en la vida nacional de Espa\u00f1a. Y lo segundo quiz\u00e1 encuentre explicaci\u00f3n en el hecho de que tanta nobleza como ha demostrado en su comportamiento, no puede quedar est\u00e9ril. Y a un hombre que ha sabido sacrificarse as\u00ed, con tal grandeza, por la patria querida, se le puede dar el cr\u00e9dito de la esperanza, como si tambi\u00e9n pudiera aseguramos, despu\u00e9s de muerto, que hemos de seguir por los caminos de paz que \u00e9l abri\u00f3 para Espa\u00f1a.<\/p>\n\n\n\n<p class=\"wp-block-paragraph\">Cuesta siempre hablar en estas ocasiones. Hemos de dejar a un lado la emoci\u00f3n patri\u00f3tica y humana, y que estos sentimientos cedan su lugar a las convicciones que nacen de la fe religiosa.<\/p>\n\n\n\n<p class=\"wp-block-paragraph\">Estamos aqu\u00ed para celebrar la Santa Misa por el eterno descanso de su alma. Elevaremos a Dios Nuestro Se\u00f1or nuestras oraciones y plegarias. Y esta Catedral, con ser tan significativa y \u00fanica, ser\u00e1 uno m\u00e1s, entre tantos templos de Espa\u00f1a, grandes y peque\u00f1os, en donde estos d\u00edas se re\u00fanan los hijos de la patria espa\u00f1ola, para hacer lo mismo que estamos haciendo nosotros: elevar oraciones a Dios por el eterno descanso del alma de nuestro Jefe de Estado, y presentarle este homenaje p\u00f3stumo; una prolongaci\u00f3n del que con tanto respeto le hemos venido ofreciendo en vida, cuando sab\u00edamos que, por ser la suprema autoridad de la patria, merec\u00eda nuestra obediencia y nuestro acatamiento. Ahora es nuestro hermano en la fe; y es nuestra fe la que nos llama y nos congrega para superar el dolor, y para vivir con esperanza el futuro, y para contemplar con serenidad este momento, fij\u00e1ndonos \u00fanicamente en este hecho triste de la muerte. Este hermano nuestro, el que fue nuestro Jefe de Estado, ya en el silencio de la muerte, pide a los espa\u00f1oles el \u00fanico tributo que hoy podemos ofrecerle: el de nuestras oraciones.<\/p>\n\n\n\n<h3 class=\"wp-block-heading\">Nuestro elogio f\u00fanebre: dejar que \u00e9l nos hable<\/h3>\n\n\n\n<p class=\"wp-block-paragraph\">Evidentemente yo no trato de hacer un elogio f\u00fanebre al estilo de los que antes se hac\u00edan. La liturgia hoy no aconseja que en estas ocasiones se hable en esos t\u00e9rminos. Ahora bien, en un caso como \u00e9ste, todo lo que se diga de una persona, es decirlo de una patria y de una naci\u00f3n; y por lo mismo, cuanto podamos manifestar, deja, o pierde m\u00e1s bien, el car\u00e1cter personal; porque \u00e9l, el que ha fallecido, hace mucho tiempo que hab\u00eda prescindido tambi\u00e9n de su persona.<\/p>\n\n\n\n<p class=\"wp-block-paragraph\">No hace muchos d\u00edas me lo dec\u00eda su propia hija: \u00abMi padre la \u00fanica preocupaci\u00f3n que ten\u00eda era servir a Espa\u00f1a. Cuando me han preguntado si hab\u00eda algo escrito sobre d\u00f3nde iba a ser enterrado, yo he dicho que \u00e9l nunca se ocup\u00f3 de estos problemas. La \u00fanica obsesi\u00f3n fue su servicio a la patria\u00bb. Y de tal manera ha vivido este ideal, que acaso ah\u00ed encontraremos tambi\u00e9n el motivo para esta unanimidad en los sentimientos que hoy se est\u00e1n produciendo. Hablan las piedras, si no hablasen tanto las l\u00e1grimas. Ese pueblo sencillo que no entiende de pol\u00edticas, peque\u00f1os y adultos, hombres y mujeres, que desfilan hoy incesantemente ante su cad\u00e1ver, o que se han sentido sobrecogidos estos d\u00edas, a lo largo de toda la geograf\u00eda espa\u00f1ola, por las noticias que les iban llegando. Los hombres de coraz\u00f3n limpio, libres de ideolog\u00edas, solamente pensaban, y solamente piensan, en esa especie de encarnaci\u00f3n de la patria espa\u00f1ola, que ha sido nuestro Jefe de Estado. Y al pensar as\u00ed en el significado que \u00e9l tiene, desde este punto de vista, ya todos los elogios estar\u00edan justificados. Pero tampoco los voy a hacer yo, hermanos m\u00edos muy queridos. Voy a dejarle hablar a \u00e9l, para que, de esta manera, sus palabras dictadas o escritas con la suprema humildad del que se acerca al final de su vida, sean lo que tienen que ser; reconocimiento justo, pero involuntario, porque no lo pretend\u00eda, de la maravillosa personalidad de un hombre que de tal manera ha sabido unir los dos m\u00e1s grandes sentimientos: el amor a Dios y el amor a la patria.<\/p>\n\n\n\n<p class=\"wp-block-paragraph\"><em>\u00abAl llegar para m\u00ed la hora de rendir la vida ante el Alt\u00edsimo y comparecer ante su inapelable juicio pido a Dios que me acoja benigno a su presencia, pues quise vivir y morir como cat\u00f3lico\u00bb<\/em>. He aqu\u00ed una frase limpia y sencilla, en la que aparece la vieja fe del cristiano espa\u00f1ol; el que piensa que al final de su vida efectivamente se encuentra con el juicio inapelable de Dios. Y lo \u00fanico que sabe pedir en ese instante es que Dios le acoja benigno; una s\u00faplica a la misericordia de Dios en el cual cree, y con una confesi\u00f3n tan limpia como \u00e9sta: \u00abQuise vivir como cat\u00f3lico\u00bb. A m\u00ed me recuerda aquellos \u00faltimos momentos de la agon\u00eda de don Juan de Austria, en tierras de Flandes, cuando nos dicen los historiadores que, en los \u00faltimos minutos de su vida, solamente dec\u00eda aquel guerrero de la historia: \u00abJes\u00fas, Jes\u00fas, Mar\u00eda, Virgen Mar\u00eda, Jes\u00fas\u00bb. Y diciendo estas palabras, a\u00f1ade el cronista, su alma, como una paloma, vol\u00f3 hacia el cielo.<\/p>\n\n\n\n<p class=\"wp-block-paragraph\"><em>\u00abEn el nombre de Cristo me honro, y ha sido mi voluntad constante ser hijo fiel de la Iglesia, en cuyo seno voy a morir\u00bb.<\/em> Nada de ret\u00f3rica; confesi\u00f3n noble, absoluta sinceridad, pero vindicaci\u00f3n de un honor supremo: el Nombre de Cristo; en \u00c9l es en el que se honra: \u00abY ha sido mi voluntad constante ser hijo fiel de la Iglesia\u00bb, frase que nos recuerda alguna muy semejante de Santa Teresa de Jes\u00fas. No en vano la mano de Santo Teresa ha estado en la mesa del Caudillo de Espa\u00f1a durante todos estos a\u00f1os. \u00abHa sido mi voluntad constante ser hijo fiel de la Iglesia, en cuyo seno voy a morir\u00bb. Y cuando se proclama as\u00ed esta voluntad, y los hechos dan testimonios de la sinceridad de la misma, sobra todo an\u00e1lisis. Cualquier hombre que, a esta hora \u00faltima, examine su conciencia, sea cual sea su estado y condici\u00f3n, ya podr\u00e1 contentarse si puede decir, con justicia, esto: que ha sido su voluntad constante \u00abser hijo fiel de la Iglesia\u00bb. La medida en que lo logremos unos y otros, eclesi\u00e1sticos y civiles, autoridades y s\u00fabditos, siempre estar\u00e1 condicionada por nuestras deficiencias y nuestros fallos humanos. Pero \u00a1ojal\u00e1 a cualquiera de nosotros, a la hora de morir, se le pudieran sugerir estas palabras, y pudieran ser dichas con esta sinceridad con que las dice \u00e9l!<\/p>\n\n\n\n<p class=\"wp-block-paragraph\">Y en seguida la frase cristiana y generosa, propia del hombre magn\u00e1nimo: <em>\u00abPido perd\u00f3n a todos, como de todo coraz\u00f3n perdono a cuantos se declararon mis enemigos, sin que yo los tuviera por tales\u00bb<\/em>. \u00a1Espl\u00e9ndida expresi\u00f3n que revela todo el drama de un hombre que, sin quererlo, parece que ha tenido como destino \u00fanico el de luchar hasta el final! Y el que lucha, en virtud de no s\u00e9 qu\u00e9 destino que tiene que acompa\u00f1arle, se encuentra en el camino con algunos que se declaran o son enemigos. \u00c9l no los ha considerado como tales. Le llamaron a la lucha, y tuvo que salir en defensa de la patria amenazada tantas y tantas veces. \u00bfQu\u00e9 podr\u00eda pensar aquel joven cadete, que acaso por los claustros de esta Catedral de Toledo, dentro de estas naves, en aquella juventud primera de los catorce a los diecisiete a\u00f1os, entrara por aqu\u00ed m\u00e1s de una vez, a vueltas con su destino incierto todav\u00eda, pero que muy pronto habr\u00eda de se\u00f1al\u00e1rsele cuando en seguida saliera camino de \u00c1frica? Es posible que en alguna ocasi\u00f3n aquel joven cadete, en un visita oculta y silenciosa a la Virgen del Sagrario de esta Catedral de Toledo, sin pensar en nada de lo que iba a ser el signo de su vida, la ofreciera ya entonces en una actitud religiosa que encubr\u00eda todos sus comportamientos patri\u00f3ticos al servicio de Espa\u00f1a. <em>\u00abCreo y deseo no haber tenido otros \u2013otros enemigos\u2013 que aquellos que lo fueron de Espa\u00f1a, a la que amo hasta el \u00faltimo momento, y a la que promet\u00ed servir hasta el \u00faltimo aliento de mi vida, que ya s\u00e9 pr\u00f3ximo\u00bb<\/em>.<\/p>\n\n\n\n<p class=\"wp-block-paragraph\">Y ahora aparece esa estela brillante de la generosidad del hombre agradecido. \u00bfA qui\u00e9nes? <em>\u00abQuiero agradecer a cuantos han colaborado con entusiasmo, entrega y abnegaci\u00f3n, en la gran empresa de hacer una Espa\u00f1a unida, grande y libre. Por el amor que siento por nuestra patria, os pido que persever\u00e9is en la unidad y la paz, y que rode\u00e9is al futuro rey de Espa\u00f1a, don Juan Carlos de Borb\u00f3n, del mismo afecto y lealtad que a m\u00ed me hab\u00e9is brindado, y le prest\u00e9is, en todo momento, el mismo apoyo de colaboraci\u00f3n que de vosotros he tenido\u00bb.<\/em> Es la palabra de un padre m\u00e1s que la de un jefe, lleno de agradecimiento a todos, que busca para el que le ha de suceder la protecci\u00f3n de esa compa\u00f1\u00eda y de esa asistencia que nace del respeto y la adhesi\u00f3n, no a una persona, sino a los valores que encarna como representante supremo de la patria. Y esto es tambi\u00e9n, queridos hijos, una virtud religiosa. El perfeccionamiento de un Estado, de un pueblo, de un sistema pol\u00edtico, son exigencias insoslayables de todo el que quiera marchar al comp\u00e1s de lo que la civilizaci\u00f3n pide a los hombres.<\/p>\n\n\n\n<p class=\"wp-block-paragraph\">Ahora bien, ese anhelo de perfeccionamiento, esa exigencia que nace del interior mismo de la propia sociedad a la que los hombres pertenecemos, no nos exime, en ning\u00fan momento, de respetar a quien encarna la leg\u00edtima autoridad, y de ofrecer una colaboraci\u00f3n noble y leal, en el sentido en que los hombres debemos prestarla, sin merma ni abdicaci\u00f3n de las facultades que nos corresponden y en el ejercicio de las responsabilidades comunes. Todo puede conciliarse. Y este per\u00edodo de casi cuarenta a\u00f1os en la historia de Espa\u00f1a nos lo demuestra.<\/p>\n\n\n\n<p class=\"wp-block-paragraph\">A lo largo de este tiempo han ido cambiando muchas cosas; y las exigencias de hoy, en el orden de la convivencia civil, no son ni est\u00e1n sujetas a las restricciones explicables que se produc\u00edan ayer. Salimos de una guerra muy dif\u00edcil; hemos vivido hostilizados por tantas campa\u00f1as de orden internacional, en medio de dificultades sin cuento. Poco a poco, el pa\u00eds ha ido abri\u00e9ndose hacia un futuro en el que nunca se puede ver el l\u00edmite exacto de qu\u00e9 es lo que piden la libertad, el respeto y la obediencia. Eso no se marca matem\u00e1ticamente; eso se demuestra con hechos, con la conducta, inspirados por la responsabilidad y el amor en la convivencia social. Este proceso ininterrumpido de perfeccionamiento sin duda tiene que continuar; pero no podr\u00e1 hacerse si fallan estos goznes fundamentales: el respeto, la adhesi\u00f3n a la autoridad, y el caminar juntos, buscando metas cada vez m\u00e1s grandes en orden a la convivencia civil.<\/p>\n\n\n\n<p class=\"wp-block-paragraph\">Estas son las preocupaciones de un padre de la patria a la hora de morir, y se las deja a sus hijos, y les pide que mantengan la unidad, sin merma de esa rica multiplicidad de las regiones de Espa\u00f1a. Y, en su \u00faltimo momento, quiere unir los nombres de Dios y de Espa\u00f1a y abrazar a todos para gritar juntos, por \u00faltima vez, en los umbrales de la muerte, los gritos del amor a la patria que tantas veces salieron de sus labios y resonaron por todos los caminos de Espa\u00f1a.<\/p>\n\n\n\n<h3 class=\"wp-block-heading\">Conclusi\u00f3n<\/h3>\n\n\n\n<p class=\"wp-block-paragraph\">Referirnos a esto, leer sus palabras, meditarlas como cristianos y como espa\u00f1oles, no es romper con lo que la liturgia nos se\u00f1ala en orden a hacer hoy una homil\u00eda. No son elogios f\u00fanebres. Es sencillamente dejar que corra, desde el altar de esta Catedral hasta vosotros, ese arroyo cristalino de los sentimientos de un alma noble. Debemos recordarlo siempre; y que el tributo de nuestra oraci\u00f3n que hoy le ofrecemos y que seguiremos ofreci\u00e9ndole siga m\u00e1s adelante cada d\u00eda, record\u00e1ndole a \u00e9l ante el Se\u00f1or; y record\u00e1ndonos unos a otros, los espa\u00f1oles todos, los grandes amores que deben unirnos.<\/p>\n\n\n\n<p class=\"wp-block-paragraph\">Vosotros, hijos de esta ciudad inmortal, los que ten\u00e9is ese s\u00edmbolo, el Alc\u00e1zar de Toledo, a cuyas minas lleg\u00f3 un d\u00eda memorable, para escuchar aquellas palabras, tambi\u00e9n inmortales, del heroico defensor de la fortaleza: \u00ab\u00a1Sin novedad en el Alc\u00e1zar!\u00bb Vosotros, hijos de Espa\u00f1a y de Toledo, seguid adelante como cristianos, como espa\u00f1oles buenos, queriendo abrazar a todos tambi\u00e9n, buscando siempre paz, no divisiones, procurando, cada vez m\u00e1s, lo que \u00e9l nos pide: extender la justicia social, la cultura, la hermandad, la paz, para que tambi\u00e9n, en cualquier momento en que Dios nos llame a juicio, podamos presentarnos con una inmensa humildad ante el Alt\u00edsimo, y decirlo algo parecido a las palabras que el Caudillo escuch\u00f3 en Toledo: \u00a1Se\u00f1or, sin novedad en mi vida y en mi muerte! \u00a1Aqu\u00ed estoy a tu servicio!<\/p>\n","protected":false},"excerpt":{"rendered":"<p>Homil\u00eda pronunciada en la misa de \u00abcorpore insepulto\u00bb, celebrada en la S. I. Catedral Primado, de Toledo, el 21 de noviembre de 1975, en sufragio del alma del Jefe de Estado, fallecido, don Francisco Franco Bahamonde, publicada en BOAT enero 1976, 20-25. Excmo. Cabildo de la Catedral, queridos sacerdotes y alumnos del Seminario; Excmo. Sr. [&hellip;]<\/p>\n","protected":false},"author":1,"featured_media":0,"comment_status":"closed","ping_status":"closed","template":"","meta":{"saved_in_kubio":false,"_eb_attr":"","ngg_post_thumbnail":0,"footnotes":""},"doc_category":[72],"doc_tag":[],"class_list":["post-1241","docs","type-docs","status-publish","hentry","doc_category-temas-diversos"],"year_month":"2026-09","word_count":2455,"total_views":0,"reactions":{"happy":0,"normal":0,"sad":0},"author_info":{"name":"P. Webmaster","author_nicename":"currante","author_url":"https:\/\/www.cardenaldonmarcelo.es\/index.php\/author\/currante\/"},"doc_category_info":[{"term_name":"Temas diversos","term_url":"https:\/\/www.cardenaldonmarcelo.es\/index.php\/docs-category\/temas-diversos\/"}],"doc_tag_info":[],"_links":{"self":[{"href":"https:\/\/www.cardenaldonmarcelo.es\/index.php\/wp-json\/wp\/v2\/docs\/1241","targetHints":{"allow":["GET"]}}],"collection":[{"href":"https:\/\/www.cardenaldonmarcelo.es\/index.php\/wp-json\/wp\/v2\/docs"}],"about":[{"href":"https:\/\/www.cardenaldonmarcelo.es\/index.php\/wp-json\/wp\/v2\/types\/docs"}],"author":[{"embeddable":true,"href":"https:\/\/www.cardenaldonmarcelo.es\/index.php\/wp-json\/wp\/v2\/users\/1"}],"replies":[{"embeddable":true,"href":"https:\/\/www.cardenaldonmarcelo.es\/index.php\/wp-json\/wp\/v2\/comments?post=1241"}],"version-history":[{"count":1,"href":"https:\/\/www.cardenaldonmarcelo.es\/index.php\/wp-json\/wp\/v2\/docs\/1241\/revisions"}],"predecessor-version":[{"id":1242,"href":"https:\/\/www.cardenaldonmarcelo.es\/index.php\/wp-json\/wp\/v2\/docs\/1241\/revisions\/1242"}],"wp:attachment":[{"href":"https:\/\/www.cardenaldonmarcelo.es\/index.php\/wp-json\/wp\/v2\/media?parent=1241"}],"wp:term":[{"taxonomy":"doc_category","embeddable":true,"href":"https:\/\/www.cardenaldonmarcelo.es\/index.php\/wp-json\/wp\/v2\/doc_category?post=1241"},{"taxonomy":"doc_tag","embeddable":true,"href":"https:\/\/www.cardenaldonmarcelo.es\/index.php\/wp-json\/wp\/v2\/doc_tag?post=1241"}],"curies":[{"name":"wp","href":"https:\/\/api.w.org\/{rel}","templated":true}]}}