{"id":1100,"date":"2024-09-27T18:34:23","date_gmt":"2024-09-27T16:34:23","guid":{"rendered":"https:\/\/www.cardenaldonmarcelo.es\/?post_type=docs&#038;p=1100"},"modified":"2024-09-27T18:34:23","modified_gmt":"2024-09-27T16:34:23","password":"","slug":"el-horizonte-universal-de-la-iglesia-diocesana","status":"publish","type":"docs","link":"https:\/\/www.cardenaldonmarcelo.es\/index.php\/docs\/el-horizonte-universal-de-la-iglesia-diocesana\/","title":{"rendered":"El horizonte universal de la Iglesia Diocesana"},"content":{"rendered":"\n<p class=\"has-text-align-center has-small-font-size\">Exhortaci\u00f3n pastoral, del 10 de enero de 1967, dirigida a la Di\u00f3cesis de Astorga, por el entonces Arzobispo coadjutor de Barcelona y Administrador apost\u00f3lico de Astorga. Texto en <em>Bolet\u00edn Oficial del Obispado de Astorga,<\/em> enero de 1967, 50-56.<\/p>\n\n\n\n<p>Queridos sacerdotes y fieles:<\/p>\n\n\n\n<p>\u00abEsta es la hora en que la Iglesia debe tomar conciencia de su naturaleza y su misi\u00f3n\u00bb, nos urg\u00eda S.S. Pablo VI en su enc\u00edclica <em>Ecclesiam suam.<\/em> Y creemos, efectivamente, que \u00e9sta es urgente tarea de todos los fieles de la Iglesia, cuando tenemos que hacer realidad, fruto maduro, la ense\u00f1anza del Concilio.<\/p>\n\n\n\n<p>Estamos convencidos de que nuestra amada Di\u00f3cesis de Astorga se sentir\u00e1 vitalizada, renovada, por esta conciencia de Iglesia universal. Los problemas que nos preocupan (sociales, familiares, vocacionales. de formaci\u00f3n de dirigentes rurales y obreros, etc.), estamos seguros que se situar\u00e1n en la mejor perspectiva para su soluci\u00f3n, si nuestra Di\u00f3cesis, todos nosotros \u00absintiendo en la Iglesia\u00bb, con gallard\u00eda y decisi\u00f3n nos renovamos interior y exteriormente, comprometi\u00e9ndonos formalmente con todas las consecuencias de la ense\u00f1anza conciliar.<\/p>\n\n\n\n<h2 class=\"wp-block-heading\">La Di\u00f3cesis tiene un horizonte: la Iglesia entera<\/h2>\n\n\n\n<p>Este a\u00f1o celebramos el <em>D\u00eda Nacional de las Vocaciones Hispanoamericanas<\/em> bajo este lema y consigna: <em>Am\u00e9rica, Horizontes.<\/em> Efectivamente, los horizontes de nuestra Di\u00f3cesis no est\u00e1n limitados por las 654 parroquias y los casi 400.000 habitantes que la constituimos. El horizonte de nuestra Iglesia diocesana son los mismos que los de la Iglesia entera. Y cada una de las parroquias, cada uno de nosotros, fieles, sacerdotes y obispos, no podemos encerrarnos en el campo estrecho de nuestra realidad m\u00e1s pr\u00f3xima.<\/p>\n\n\n\n<p><em><strong>De los obispos<\/strong><\/em> nos ha ense\u00f1ado el Concilio: \u00abTodos y cada uno de los obispos&#8230; en cuanto miembro del Colegio episcopal y como leg\u00edtimo sucesor de los Ap\u00f3stoles, todos deben tener aquella solicitud por la Iglesia universal que la instituci\u00f3n y el precepto de Cristo exigen&#8230; Todos los obispos deben promover y defender la unidad de la fe y la disciplina com\u00fan en toda la Iglesia, promover, en fin, toda acci\u00f3n de la fe y a la difusi\u00f3n plena de la luz de la verdad entre todos los hombres\u00bb (LG 23).<\/p>\n\n\n\n<p>Y termina con esta exhortaci\u00f3n que es un urgente imperativo a nuestra conciencia episcopal: \u00abProcuren finalmente los obispos, seg\u00fan el venerable ejemplo de la antig\u00fcedad, prestar fraternal ayuda a las otras Iglesias, sobre todo a las Iglesias vecinas y m\u00e1s pobres\u00bb. Esta ense\u00f1anza se repite en otros Decretos.<\/p>\n\n\n\n<p><em><strong>A los sacerdotes<\/strong><\/em> les inculca el Concilio: \u00abEl don espiritual que los presb\u00edteros recibieron en la ordenaci\u00f3n, no los prepara a una misi\u00f3n limitada y restringida, sino a la ampl\u00edsima y universal misi\u00f3n de salud <em>hasta lo \u00faltimo de la tierra,<\/em> pues cualquier ministerio sacerdotal participa de la misma amplitud universal de la misi\u00f3n confiada por Cristo a los Ap\u00f3stoles\u00bb (PO 10).<\/p>\n\n\n\n<p>Y que esta doctrina tiene que llegar a ser un verdadero dolor en el alma de cada uno de los sacerdotes, lo recuerda a continuaci\u00f3n el Concilio con estas palabras transidas de urgencia y angustia: \u00abRecuerden, pues, los presb\u00edteros que deben llevar atravesada en su coraz\u00f3n la solicitud por todas las Iglesias. Por tanto, los presb\u00edteros de aquellas di\u00f3cesis m\u00e1s ricas en abundancia de vocaciones, mu\u00e9strense gustosamente dispuestos, con permiso o exhortaci\u00f3n de su propio obispo, a ejercer su ministerio en regiones, misiones u obras que sufren escasez de clero\u00bb (Ib\u00edd.).<\/p>\n\n\n\n<p><em><strong>Los seminaristas<\/strong><\/em> tienen desde el principio que abrir sus ojos a este horizonte universal de la Iglesia. A ellos se refiere el Concilio con estas palabras: \u00abEs preciso que la Obra del Fomento de Vocaciones se extienda con amplitud de miras m\u00e1s all\u00e1 de las fronteras de cada di\u00f3cesis, naci\u00f3n, familia religiosa y rito, y puesta la mirada en la Iglesia universal, ayude principalmente a aquellas zonas que con m\u00e1s urgencia reclaman operarios para la vi\u00f1a del Se\u00f1or\u00bb (OT 2).<\/p>\n\n\n\n<p>Y como meta de toda la formaci\u00f3n espiritual, doctrinal y pastoral de los seminaristas, el Concilio exige: \u00abLl\u00e9nense, finalmente, de aquel esp\u00edritu aut\u00e9nticamente cat\u00f3lico que les habit\u00fae a trascender los l\u00edmites de la propia di\u00f3cesis, naci\u00f3n o rito, y lanzarse en ayuda de las necesidades de toda la Iglesia con \u00e1nimo dispuesto para predicar el Evangelio en todas partes\u00bb (Ib\u00edd. 20).<\/p>\n\n\n\n<p><em><strong>Los seglares<\/strong><\/em><em>,<\/em> Pueblo de Dios, igual que su obispo y sus sacerdotes, deben \u00abcooperar a la obra de evangelizaci\u00f3n fomentando en s\u00ed mismos y en los otros el conocimiento y el amor de las misiones, excitando las vocaciones en la propia familia y en las escuelas, ofreciendo ayuda de cualquier g\u00e9nero para poder dar a otros el don de la fe que ellos recibieron gratuitamente\u00bb (AG 41).<\/p>\n\n\n\n<p>Es, pues, toda la di\u00f3cesis, cada una de las parroquias y asociaciones de ella, todos y cada uno de sus fieles: obispos, sacerdotes, religiosos y seglares, los que tenemos que despertar en nosotros este \u00absentido de Iglesia\u00bb, abriendo nuestros ojos y coraz\u00f3n a los dem\u00e1s y al mundo entero; seguros, adem\u00e1s, de que \u00abla gracia de la renovaci\u00f3n en las comunidades no puede crecer, si cada una no ensancha el campo de su caridad hasta los fines de la tierra y no tiene de los que est\u00e1n lejos una preocupaci\u00f3n semejante a la que siente por sus propios miembros\u00bb (AG 37).<\/p>\n\n\n\n<p>Vuestro Obispo os puede asegurar que siente \u00abatravesada en su coraz\u00f3n esta solicitud por las otras Iglesias\u00bb, y por eso me dirijo a vosotros pidi\u00e9ndoos me ayud\u00e9is en esta grave responsabilidad y preocupaci\u00f3n.<\/p>\n\n\n\n<h2 class=\"wp-block-heading\">El horizonte de nuestra Iglesia Diocesana,<br>abierto al continente Iberoamericano<\/h2>\n\n\n\n<p>Siempre ha sentido as\u00ed la Jerarqu\u00eda de la Iglesia en Espa\u00f1a. Y por eso, hace a\u00f1os cre\u00f3 el cauce para hacer efectiva y real la ayuda de las di\u00f3cesis espa\u00f1olas a Hispanoam\u00e9rica, organizando la Comisi\u00f3n Episcopal de Cooperaci\u00f3n Hispanoamericana, que ahora, por decisi\u00f3n de la Conferencia Episcopal, se llamar\u00e1 Comisi\u00f3n Episcopal de Cooperaci\u00f3n Apost\u00f3lica Diocesana con el Exterior (CECADE). Esta Comisi\u00f3n nos representa a todos los obispos espa\u00f1oles y tiene nuestro encargo y confianza para realizar la promoci\u00f3n y coordinaci\u00f3n de toda la ayuda de las di\u00f3cesis espa\u00f1olas hacia toda la Iglesia.<\/p>\n\n\n\n<h3 class=\"wp-block-heading\"><a><\/a>Una realidad concreta para nuestra Di\u00f3cesis<\/h3>\n\n\n\n<p>En este coordinado reparto del esfuerzo de todas las di\u00f3cesis para ayudar fraternalmente a Iberoam\u00e9rica, a nuestra Di\u00f3cesis le corresponde atender, preferentemente, a las Iglesias del N.E. del Brasil.<\/p>\n\n\n\n<p>Amplio, inmenso, es pues el horizonte de nuestra Di\u00f3cesis. A nuestros problemas, necesidades y dificultades consideramos sumadas las de las varias di\u00f3cesis de aquella de aquella zona dif\u00edcil y necesitada de Brasil. Y por ellas sentimos \u00abuna preocupaci\u00f3n semejante a la que sentimos por nuestros propios miembros\u00bb.<\/p>\n\n\n\n<p>A\u00f1adid, a las dificultades por la escasez de sacerdotes, las especiales que all\u00ed existen: por parte del clima, inestabilidad social y pol\u00edtica, problemas de analfabetismo, sectas acat\u00f3licas. Y comprender\u00e9is la urgencia de nuestro llamamiento en este <em>D\u00eda Nacional de las Vocaciones Hispanoamericanas.<\/em><\/p>\n\n\n\n<h3 class=\"wp-block-heading\"><a><\/a>La ayuda prestada<\/h3>\n\n\n\n<p>No hemos sido sordos ahora a esta realidad que nos grita angustiosamente en petici\u00f3n de ayuda. De nuestra pobreza hemos empezado ya a comunicar con ellos los bienes que inmerecidamente nosotros tenemos.<\/p>\n\n\n\n<p>La Di\u00f3cesis de Astorga ha enviado ya veinte sacerdotes (de los cuales hay hoy diecis\u00e9is all\u00e1) por medio de la OCSHA (Obra de Cooperaci\u00f3n Sacerdotal Hispanoamericana), adem\u00e1s de otros ocho que trabajan en otras di\u00f3cesis americanas. (Tambi\u00e9n en la Di\u00f3cesis de Elisabethville, en el Congo, \u00c1frica, hay seis sacerdotes colaborando en el ministerio pastoral).<\/p>\n\n\n\n<p>Estos sacerdotes son el vivo testimonio de que la Di\u00f3cesis de Astorga se siente parte de toda la Iglesia entera. Por eso deben ser para todos nosotros especialmente estimados y queridos. Desde aqu\u00ed, y con esta ocasi\u00f3n, les reiteramos, en nuestro propio nombre y en el de todos los fieles y sacerdotes de la Di\u00f3cesis, nuestra admiraci\u00f3n y afecto, a la vez que les prometemos nuestra ayuda incondicional. Ellos est\u00e1n presentes en nuestra oraci\u00f3n y en nuestra constante solicitud por esta Di\u00f3cesis. Y con ellos, est\u00e1n presentes sus fieles amad\u00edsimos, sus hermanos sacerdotes nativos y los obispos bajo cuya autoridad ahora sirven all\u00ed a la Iglesia.<\/p>\n\n\n\n<p>No es que vayamos a considerar sus trabajos y esfuerzos como si a nuestra Di\u00f3cesis de Astorga los estuvieran heroicamente dedicando. Es que realmente los est\u00e1n prestando a nuestra misma amada Iglesia, en esos territorios que son parte de nuestra solicitud y responsabilidad. Dios les premie su trabajo, que nosotros agradecemos sincera y cordialmente.<\/p>\n\n\n\n<h2 class=\"wp-block-heading\">Nuestra Di\u00f3cesis ha de ampliar su horizonte<\/h2>\n\n\n\n<p>Lo vasto del campo que se encomienda a nuestra responsabilidad eclesial exige que toda nuestra Di\u00f3cesis ampl\u00ede generosamente su esfuerzo. Hemos de elevar nuestra mirada y nuestra caridad. Hemos de ampliar los horizontes de nuestra Di\u00f3cesis.<\/p>\n\n\n\n<h3 class=\"wp-block-heading\"><a><\/a>Atendiendo las peticiones pendientes<\/h3>\n\n\n\n<p>Lo hecho es mucho, porque est\u00e1 hecho con la generosa entrega de nuestros amados sacerdotes. Pero es poco, comparado con las necesidades. Se nos urge y pide angustiosamente. Vosotros lo sab\u00e9is bien; os lo he dicho en otras ocasiones.<\/p>\n\n\n\n<p>Ojal\u00e1 podamos atender estas urgentes llamadas. Al generoso celo de nuestros sacerdotes las encomendamos, a la vez que pedimos al Se\u00f1or que haga o\u00edr en esas peticiones su voz, su vocaci\u00f3n divina. Sab\u00e9is que por nuestra parte estamos dispuestos a obedecer el deseo del Papa, que en el Motu Proprio <em>Ecclesiae Sanctae<\/em> nos manda: \u00abFuera del caso de verdadera necesidad de la Di\u00f3cesis propia, los Ordinarios o la Jerarqu\u00eda no denieguen su permiso de emigrar a los cl\u00e9rigos que sepan est\u00e1n preparados y estimen aptos para marchar a las regiones que sufren grave escasez de clero\u00bb (I, 2).<\/p>\n\n\n\n<h3 class=\"wp-block-heading\"><a><\/a>Incorporando toda la Di\u00f3cesis a esta ayuda<\/h3>\n\n\n\n<p>Pero no han de ser s\u00f3lo los sacerdotes los que nos ayuden en esta responsabilidad eclesial hacia Hispanoam\u00e9rica. Toda la Di\u00f3cesis ha de sentirse responsable, toda la Di\u00f3cesis ha de colaborar.<\/p>\n\n\n\n<p>Los seglares que se sientan llamados por Dios, ofr\u00e9zcanse a dedicar unos a\u00f1os de su vida a la tarea evangelizadora, de manera que a trav\u00e9s de la Obra de Cooperaci\u00f3n Apost\u00f3lica Seglar Hispanoamericana (OCASHA), acudan personalmente a ayudar a aquella parte de la Iglesia. Todos los dem\u00e1s, contribuyan en la medida de sus posibilidades, respaldando con su oraci\u00f3n, su afecto y su ayuda econ\u00f3mica, el esfuerzo de nuestros sacerdotes y los de toda Espa\u00f1a, que en n\u00famero superior a los 1.200 han marchado al campo de trabajo de Iberoam\u00e9rica. Buena ocasi\u00f3n es <em>este D\u00eda Nacional de las Vocaciones Hispanoamericanas,<\/em> para ofrecernos esta ayuda a nuestra grave responsabilidad. Toda la di\u00f3cesis ha de sentirse en este <em>D\u00eda,<\/em> misionera.<\/p>\n\n\n\n<h2 class=\"wp-block-heading\">Disposiciones<\/h2>\n\n\n\n<p>Para irlo logrando, encomendamos a vuestro amor a la Iglesia y a la Di\u00f3cesis, las siguientes disposiciones:<\/p>\n\n\n\n<ol class=\"wp-block-list\">\n<li>El domingo, d\u00eda 12 de febrero, se celebrar\u00e1 en toda la Di\u00f3cesis <em>el <\/em>D\u00eda Nacional de las Vocaciones Hispanoamericanas.<\/li>\n\n\n\n<li>En todas las misas, ese d\u00eda, se expondr\u00e1 a los fieles la responsabilidad que a toda la Di\u00f3cesis nos corresponde ante esta llamada de la Iglesia en Hispanoam\u00e9rica y sus obras y por el fomento de las vocaciones, tanto nuestras como misioneras.<\/li>\n\n\n\n<li>A nuestro Delegado Diocesano para la CECADE encomendamos la organizaci\u00f3n de es<em>e D\u00eda Nacional<\/em> en nuestra Di\u00f3cesis, de manera que llegue a todos nuestra preocupaci\u00f3n y llamada.<\/li>\n\n\n\n<li>Especial eco deseamos que tenga la celebraci\u00f3n de ese <em>D\u00eda<\/em> en nuestros <em>Seminarios Diocesanos,<\/em> Para ello, sus superiores organicen actos de oraci\u00f3n y estudio; con ellos cumplir\u00e1n lo que les ordena el Motu Proprio <em>Ecclesiae Sanc\u00edae:<\/em> \u00abF\u00f3rmese de tal suerte a los cl\u00e9rigos en los seminarios, que sientan preocupaci\u00f3n no s\u00f3lo por la Di\u00f3cesis para la que se ordenan, sino tambi\u00e9n por toda la Iglesia, para que con la licencia de su Ordinario se sientan preparados a consagrarse a las iglesias particulares que tengan m\u00e1s urgente necesidad\u00bb. (I. 3. 1).<\/li>\n\n\n\n<li>A nuestras religiosas de clausura, a su oraci\u00f3n y sacrificio, encomendamos muy encarecidamente esta preocupaci\u00f3n y responsabilidad de toda la Di\u00f3cesis y de la Iglesia.<\/li>\n\n\n\n<li>Rogamos a todas la asociaciones de apostolado seglar, y sobre todo a nuestra Acci\u00f3n Cat\u00f3lica, que tomen con especial inter\u00e9s la celebraci\u00f3n de este <em>D\u00eda Nacional,<\/em> de manera que hagan conscientes a sus miembros de la responsabilidad que les corresponde ante esta llamada de la Iglesia y de su Obispo.<\/li>\n\n\n\n<li>En todas las Iglesias de la Di\u00f3cesis se har\u00e1 ese d\u00eda una colecta extraordinaria, que se remitir\u00e1 a la Secretaria de C\u00e1mara, como en a\u00f1os anteriores.<\/li>\n<\/ol>\n\n\n\n<p>Vuestra colaboraci\u00f3n contribuir\u00e1 en gran medida a aliviar nuestra carga pastoral. La Di\u00f3cesis entera sentir\u00e1 renovarse y vitalizarse sus instituciones. Nuestros problemas y necesidades empezar\u00e1n a solucionarse en la medida en que, conscientes de vuestra vocaci\u00f3n cristiana y universal, hag\u00e1is vuestros los problemas, necesidades y peticiones de aquellos queridos hermanos de la Iglesia Iberoamericana.<\/p>\n\n\n\n<p>Que el Se\u00f1or, por mediaci\u00f3n de su Sant\u00edsima Madre, la Virgen, Madre de la Iglesia universal y de todo aquel Continente que tanto la ama, os bendiga como yo os bendigo.<\/p>\n\n\n\n<p>MARCELO, Arzobispo de Barcelona y Administrador Apost\u00f3lico de Astorga.<\/p>\n\n\n\n<p>Barcelona, 10 de enero de 1967.<\/p>\n\n\n\n<p><\/p>\n","protected":false},"excerpt":{"rendered":"<p>Exhortaci\u00f3n pastoral, del 10 de enero de 1967, dirigida a la Di\u00f3cesis de Astorga, por el entonces Arzobispo coadjutor de Barcelona y Administrador apost\u00f3lico de Astorga. Texto en Bolet\u00edn Oficial del Obispado de Astorga, enero de 1967, 50-56. Queridos sacerdotes y fieles: \u00abEsta es la hora en que la Iglesia debe tomar conciencia de su [&hellip;]<\/p>\n","protected":false},"author":1,"featured_media":0,"comment_status":"closed","ping_status":"closed","template":"","meta":{"saved_in_kubio":false,"_eb_attr":"","ngg_post_thumbnail":0,"footnotes":""},"doc_category":[30,35],"doc_tag":[],"class_list":["post-1100","docs","type-docs","status-publish","hentry","doc_category-iglesia-diocesana","doc_category-iglesia-misionera"],"year_month":"2026-04","word_count":2295,"total_views":0,"reactions":{"happy":0,"normal":0,"sad":0},"author_info":{"name":"P. Webmaster","author_nicename":"currante","author_url":"https:\/\/www.cardenaldonmarcelo.es\/index.php\/author\/currante\/"},"doc_category_info":[{"term_name":"Iglesia diocesana","term_url":"https:\/\/www.cardenaldonmarcelo.es\/index.php\/docs-category\/iglesia-diocesana\/"},{"term_name":"Iglesia misionera","term_url":"https:\/\/www.cardenaldonmarcelo.es\/index.php\/docs-category\/iglesia-misionera\/"}],"doc_tag_info":[],"_links":{"self":[{"href":"https:\/\/www.cardenaldonmarcelo.es\/index.php\/wp-json\/wp\/v2\/docs\/1100","targetHints":{"allow":["GET"]}}],"collection":[{"href":"https:\/\/www.cardenaldonmarcelo.es\/index.php\/wp-json\/wp\/v2\/docs"}],"about":[{"href":"https:\/\/www.cardenaldonmarcelo.es\/index.php\/wp-json\/wp\/v2\/types\/docs"}],"author":[{"embeddable":true,"href":"https:\/\/www.cardenaldonmarcelo.es\/index.php\/wp-json\/wp\/v2\/users\/1"}],"replies":[{"embeddable":true,"href":"https:\/\/www.cardenaldonmarcelo.es\/index.php\/wp-json\/wp\/v2\/comments?post=1100"}],"version-history":[{"count":1,"href":"https:\/\/www.cardenaldonmarcelo.es\/index.php\/wp-json\/wp\/v2\/docs\/1100\/revisions"}],"predecessor-version":[{"id":1101,"href":"https:\/\/www.cardenaldonmarcelo.es\/index.php\/wp-json\/wp\/v2\/docs\/1100\/revisions\/1101"}],"wp:attachment":[{"href":"https:\/\/www.cardenaldonmarcelo.es\/index.php\/wp-json\/wp\/v2\/media?parent=1100"}],"wp:term":[{"taxonomy":"doc_category","embeddable":true,"href":"https:\/\/www.cardenaldonmarcelo.es\/index.php\/wp-json\/wp\/v2\/doc_category?post=1100"},{"taxonomy":"doc_tag","embeddable":true,"href":"https:\/\/www.cardenaldonmarcelo.es\/index.php\/wp-json\/wp\/v2\/doc_tag?post=1100"}],"curies":[{"name":"wp","href":"https:\/\/api.w.org\/{rel}","templated":true}]}}